{"id":228665,"date":"2020-05-02T01:35:13","date_gmt":"2020-05-01T23:35:13","guid":{"rendered":"https:\/\/www.fuegos.eu\/?page_id=228665"},"modified":"2022-08-06T11:23:30","modified_gmt":"2022-08-06T09:23:30","slug":"forstguertel-set_forst-werkzeugguertel_flexibel","status":"publish","type":"page","link":"https:\/\/www.fuegos.eu\/es\/tragesysteme-im-bereich-forstwirtschaft\/forstguertel-set_forst-werkzeugguertel_flexibel\/","title":{"rendered":"Forstg\u00fcrtel-Set f\u00fcr Forstwirte &#038; Forstwirtschtsmeister"},"content":{"rendered":"<p>[et_pb_section admin_label=&#8221;section&#8221;]<br \/>\n\t\t\t[et_pb_row admin_label=&#8221;row&#8221;]<br \/>\n\t\t\t\t[et_pb_column type=&#8221;4_4&#8243;][et_pb_text admin_label=&#8221;Text&#8221;]<strong>Forstg\u00fcrtel-Set von Feugos f\u00fcr Forstwirte und Forstwirtschaftsmeister<\/strong><\/p>\n<p>Der flexible <a href=\"https:\/\/fuegos.eu\/produkt\/multifunktionsgurt-fuer-forstwirte-fw-mfg100\/\">Forst-Werkzeugg\u00fcrtel<\/a> oder auch <a href=\"https:\/\/fuegos.eu\/produkt\/multifunktionsgurt-fuer-forstwirte-fw-mfg100\/\">Forstg\u00fcrtel<\/a> als Set bietet ein praktisches rund um Paket. Ausgestattet mit unterschiedliche Komponente deckt das <a href=\"https:\/\/fuegos.eu\/produkt\/forstwirte-tragesystem\/\">Forstg\u00fcrtel-System<\/a> die Anforderungen ab. Der Forst-Werkzeugg\u00fcrtel ist flexibel und robust zu gleich. Durch die Flexibilit\u00e4t des Werkzeugg\u00fcrtels passt sich der Forstg\u00fcrtel ergonomisch an den K\u00f6rper an. Der besondere Schnitt bietet gute Unterst\u00fctzung bei Holzf\u00e4llarbeiten.<\/p>\n<p>Zus\u00e4tzlich bieten die Schultertragegurte eine austarierung des Gesamtgewichts des Forstg\u00fcrtel-Sets. Da der Forstg\u00fcrtel oft schwer behangen ist mit Forsrtkeilen, Ma\u00dfb\u00e4nder, Forstkluppen und weiteren Forstwerkzeugen kann das auf die Dauer auf die Gesundheit schlagen. Mit dem ergonomischen System m\u00f6chte Fuegos hier die Forstarbeiten unterst\u00fctzen. Gleichzeitig sogt das Tragesystem f\u00fcr ein l\u00e4ngeres Wohlempfinden durch die bequemen Auflagefl\u00e4chen. Damit kann das System deutlich l\u00e4nger getragen werden.<\/p>\n<p>&nbsp;<\/p>\n<p><strong>Empfehlung:\u00a0<\/strong><\/p>\n<p>Das Motors\u00e4genwerkzeug Holster ist Teil einer vollumf\u00e4nglichen Forstausr\u00fcstung.<\/p>\n<ul>\n<li><a href=\"https:\/\/fuegos.eu\/produkt\/multifunktionsgurt-fuer-forstwirte-fw-mfg100\/\">Forstg\u00fcrtel f\u00fcr Forstwirte und Forstwirtschaftsmeister<\/a> \u2013 Ergonomische Forstg\u00fcrtel<\/li>\n<li><a href=\"https:\/\/fuegos.eu\/produkt\/tragesystem-forstwirte\/\">Schultergurt<\/a> \u2013 Mit ergonomischer Auflage. Unterst\u00fctzt die Gewichtsverteilung<\/li>\n<li><a href=\"https:\/\/fuegos.eu\/produkt\/messkluppenhalterung\/\">Messkluppenhalter<\/a> \u2013 F\u00fcr Rechts- und Linksh\u00e4nder. Dreifach im Winkelverstellbar<\/li>\n<li><a href=\"https:\/\/fuegos.eu\/produkt\/forst-massband\/\">Ma\u00dfbandhalterung<\/a> \u2013 Mit Ausbalanciersystem und Magnetaufh\u00e4ngung<\/li>\n<li><a href=\"https:\/\/fuegos.eu\/produkt\/keiltasche-fuer-zwei-faellkeile-kompatibel-mit-mechanischen-keilen-kopie\/\">Keiltasche f\u00fcr zwei F\u00e4llkeile<\/a> \u2013 Kompatibel mit mechanischen Keilen<\/li>\n<li><a href=\"https:\/\/fuegos.eu\/produkt\/stift\/\">Kreidestift Halterung<\/a><\/li>\n<li>KuNo Funktasche \u2013 Mit Schultergurt kompatibel<\/li>\n<\/ul>\n<p><strong>\u00a0<\/strong><\/p>\n<p><strong>Sparangebote: <\/strong><\/p>\n<ul>\n<li><a href=\"https:\/\/fuegos.eu\/produkt\/tragesystem-fuer-auszubildende-forstwirte-fw-ts100\/\">Auszubildende<\/a> \u2013 Forstg\u00fcrtel mit Komponente und Schultertragesystem<\/li>\n<li><a href=\"https:\/\/fuegos.eu\/produkt\/forstwirte-tragesystem\/\">Forstwirte &amp; Forstwirtschaftsmeister <\/a>\u2013 Forstg\u00fcrtel mit Komponente und Schultertragesystem<\/li>\n<li><a href=\"https:\/\/fuegos.eu\/produkt\/foerster-tragesystem\/\">F\u00f6rster<\/a> \u2013 Forstg\u00fcrtel mit Komponente und Schultertragesystem<\/li>\n<li><a href=\"https:\/\/fuegos.eu\/produkt\/foerster-multifunktionsgurt-mit-groedel-austrialpin-groedel\/\">Gr\u00f6del Kombipaket<\/a> \u2013 Forstg\u00fcrtel f\u00fcr F\u00f6rster mit 6-Zacken-Gr\u00f6del<\/li>\n<\/ul>\n<p>&nbsp;<\/p>\n<p><strong>Bekannt durch:<\/strong><\/p>\n<ul>\n<li><a href=\"https:\/\/www.forstpraxis.de\/fuego-sport-tragesystem-forst\/\">Test: Fuego-Sport Tragesystem <\/a>\u2013 Forst&amp;Technik<\/li>\n<li><a href=\"https:\/\/www.forstpraxis.de\/leichte-schulter\/\">Leichte Schulter<\/a> \u2013 Forst&amp;Technik<\/li>\n<\/ul>\n<p>&nbsp;[\/et_pb_text][\/et_pb_column]<br \/>\n\t\t\t[\/et_pb_row]<br \/>\n\t\t[\/et_pb_section]<\/p>\n","protected":false},"excerpt":{"rendered":"<p>Forstg\u00fcrtel-Set von Feugos f\u00fcr Forstwirte und Forstwirtschaftsmeister Der flexible Forst-Werkzeugg\u00fcrtel oder auch Forstg\u00fcrtel als Set bietet ein praktisches rund um Paket. Ausgestattet mit unterschiedliche Komponente deckt das Forstg\u00fcrtel-System die Anforderungen ab. Der Forst-Werkzeugg\u00fcrtel ist flexibel und robust zu gleich. Durch die Flexibilit\u00e4t des Werkzeugg\u00fcrtels passt sich der Forstg\u00fcrtel ergonomisch an den K\u00f6rper an. Der besondere [&hellip;]<\/p>\n","protected":false},"author":49,"featured_media":234530,"parent":1052,"menu_order":0,"comment_status":"closed","ping_status":"closed","template":"","meta":{"_et_pb_use_builder":"on","_et_pb_old_content":"<strong>Forstg\u00fcrtel-Set von Feugos f\u00fcr Forstwirte und Forstwirtschaftsmeister<\/strong>\r\n\r\nDer flexible <a href=\"https:\/\/fuegos.eu\/produkt\/multifunktionsgurt-fuer-forstwirte-fw-mfg100\/\">Forst-Werkzeugg\u00fcrtel<\/a> oder auch <a href=\"https:\/\/fuegos.eu\/produkt\/multifunktionsgurt-fuer-forstwirte-fw-mfg100\/\">Forstg\u00fcrtel<\/a> als Set bietet ein praktisches rund um Paket. Ausgestattet mit unterschiedliche Komponente deckt das <a href=\"https:\/\/fuegos.eu\/produkt\/forstwirte-tragesystem\/\">Forstg\u00fcrtel-System<\/a> die Anforderungen ab. Der Forst-Werkzeugg\u00fcrtel ist flexibel und robust zu gleich. Durch die Flexibilit\u00e4t des Werkzeugg\u00fcrtels passt sich der Forstg\u00fcrtel ergonomisch an den K\u00f6rper an. Der besondere Schnitt bietet gute Unterst\u00fctzung bei Holzf\u00e4llarbeiten.\r\n\r\nZus\u00e4tzlich bieten die Schultertragegurte eine austarierung des Gesamtgewichts des Forstg\u00fcrtel-Sets. Da der Forstg\u00fcrtel oft schwer behangen ist mit Forsrtkeilen, Ma\u00dfb\u00e4nder, Forstkluppen und weiteren Forstwerkzeugen kann das auf die Dauer auf die Gesundheit schlagen. Mit dem ergonomischen System m\u00f6chte Fuegos hier die Forstarbeiten unterst\u00fctzen. Gleichzeitig sogt das Tragesystem f\u00fcr ein l\u00e4ngeres Wohlempfinden durch die bequemen Auflagefl\u00e4chen. Damit kann das System deutlich l\u00e4nger getragen werden.\r\n\r\n&nbsp;\r\n\r\n<strong>Empfehlung:\u00a0<\/strong>\r\n\r\nDas Motors\u00e4genwerkzeug Holster ist Teil einer vollumf\u00e4nglichen Forstausr\u00fcstung.\r\n<ul>\r\n \t<li><a href=\"https:\/\/fuegos.eu\/produkt\/multifunktionsgurt-fuer-forstwirte-fw-mfg100\/\">Forstg\u00fcrtel f\u00fcr Forstwirte und Forstwirtschaftsmeister<\/a> \u2013 Ergonomische Forstg\u00fcrtel<\/li>\r\n \t<li><a href=\"https:\/\/fuegos.eu\/produkt\/tragesystem-forstwirte\/\">Schultergurt<\/a> \u2013 Mit ergonomischer Auflage. Unterst\u00fctzt die Gewichtsverteilung<\/li>\r\n \t<li><a href=\"https:\/\/fuegos.eu\/produkt\/messkluppenhalterung\/\">Messkluppenhalter<\/a> \u2013 F\u00fcr Rechts- und Linksh\u00e4nder. Dreifach im Winkelverstellbar<\/li>\r\n \t<li><a href=\"https:\/\/fuegos.eu\/produkt\/forst-massband\/\">Ma\u00dfbandhalterung<\/a> \u2013 Mit Ausbalanciersystem und Magnetaufh\u00e4ngung<\/li>\r\n \t<li><a href=\"https:\/\/fuegos.eu\/produkt\/keiltasche-fuer-zwei-faellkeile-kompatibel-mit-mechanischen-keilen-kopie\/\">Keiltasche f\u00fcr zwei F\u00e4llkeile<\/a> \u2013 Kompatibel mit mechanischen Keilen<\/li>\r\n \t<li><a href=\"https:\/\/fuegos.eu\/produkt\/stift\/\">Kreidestift Halterung<\/a><\/li>\r\n \t<li>KuNo Funktasche \u2013 Mit Schultergurt kompatibel<\/li>\r\n<\/ul>\r\n<strong>\u00a0<\/strong>\r\n\r\n<strong>Sparangebote: <\/strong>\r\n<ul>\r\n \t<li><a href=\"https:\/\/fuegos.eu\/produkt\/tragesystem-fuer-auszubildende-forstwirte-fw-ts100\/\">Auszubildende<\/a> \u2013 Forstg\u00fcrtel mit Komponente und Schultertragesystem<\/li>\r\n \t<li><a href=\"https:\/\/fuegos.eu\/produkt\/forstwirte-tragesystem\/\">Forstwirte &amp; Forstwirtschaftsmeister <\/a>\u2013 Forstg\u00fcrtel mit Komponente und Schultertragesystem<\/li>\r\n \t<li><a href=\"https:\/\/fuegos.eu\/produkt\/foerster-tragesystem\/\">F\u00f6rster<\/a> \u2013 Forstg\u00fcrtel mit Komponente und Schultertragesystem<\/li>\r\n \t<li><a href=\"https:\/\/fuegos.eu\/produkt\/foerster-multifunktionsgurt-mit-groedel-austrialpin-groedel\/\">Gr\u00f6del Kombipaket<\/a> \u2013 Forstg\u00fcrtel f\u00fcr F\u00f6rster mit 6-Zacken-Gr\u00f6del<\/li>\r\n<\/ul>\r\n&nbsp;\r\n\r\n<strong>Bekannt durch:<\/strong>\r\n<ul>\r\n \t<li><a href=\"https:\/\/www.forstpraxis.de\/fuego-sport-tragesystem-forst\/\">Test: Fuego-Sport Tragesystem <\/a>\u2013 Forst&amp;Technik<\/li>\r\n \t<li><a href=\"https:\/\/www.forstpraxis.de\/leichte-schulter\/\">Leichte Schulter<\/a> \u2013 Forst&amp;Technik<\/li>\r\n<\/ul>\r\n&nbsp;","_et_gb_content_width":"","footnotes":""},"class_list":["post-228665","page","type-page","status-publish","has-post-thumbnail","hentry"],"yoast_head":"<!-- This site is optimized with the Yoast SEO plugin v27.4 - https:\/\/yoast.com\/product\/yoast-seo-wordpress\/ -->\n<title>Forstg\u00fcrtel-Set f\u00fcr Forstwirte &amp; Forstwirtschtsmeister &#8226; Fuegos<\/title>\n<meta name=\"description\" content=\"Forstg\u00fcrtel-Set \u2022 Belastbare Forstausr\u00fcstung Made in Germany. Forst-Werkzeugg\u00fcrtel-Set f\u00fcr Forstwirte und Forstwirtschaftsmeister.\" \/>\n<meta name=\"robots\" content=\"index, follow, max-snippet:-1, max-image-preview:large, max-video-preview:-1\" \/>\n<link rel=\"canonical\" href=\"https:\/\/www.fuegos.eu\/es\/tragesysteme-im-bereich-forstwirtschaft\/forstguertel-set_forst-werkzeugguertel_flexibel\/\" \/>\n<meta property=\"og:locale\" content=\"es_ES\" \/>\n<meta property=\"og:type\" content=\"article\" \/>\n<meta property=\"og:title\" content=\"Forstg\u00fcrtel-Set f\u00fcr Forstwirte &amp; Forstwirtschtsmeister &#8226; Fuegos\" \/>\n<meta property=\"og:description\" content=\"Forstg\u00fcrtel-Set \u2022 Belastbare Forstausr\u00fcstung Made in Germany. Forst-Werkzeugg\u00fcrtel-Set f\u00fcr Forstwirte und Forstwirtschaftsmeister.\" \/>\n<meta property=\"og:url\" content=\"https:\/\/www.fuegos.eu\/es\/tragesysteme-im-bereich-forstwirtschaft\/forstguertel-set_forst-werkzeugguertel_flexibel\/\" \/>\n<meta property=\"og:site_name\" content=\"Fuegos\" \/>\n<meta property=\"article:publisher\" content=\"https:\/\/www.facebook.com\/FuegosForst\/\" \/>\n<meta property=\"article:modified_time\" content=\"2022-08-06T09:23:30+00:00\" \/>\n<meta property=\"og:image\" content=\"https:\/\/www.fuegos.eu\/wp-content\/uploads\/2020\/11\/Forst_Forstwirtin_Forstgurt_Fuegos-min.jpg\" \/>\n\t<meta property=\"og:image:width\" content=\"1350\" \/>\n\t<meta property=\"og:image:height\" content=\"539\" \/>\n\t<meta property=\"og:image:type\" content=\"image\/jpeg\" \/>\n<meta name=\"twitter:card\" content=\"summary_large_image\" \/>\n<meta name=\"twitter:label1\" content=\"Tiempo de lectura\" \/>\n\t<meta name=\"twitter:data1\" content=\"1 minuto\" \/>\n<script type=\"application\/ld+json\" class=\"yoast-schema-graph\">{\"@context\":\"https:\\\/\\\/schema.org\",\"@graph\":[{\"@type\":\"WebPage\",\"@id\":\"https:\\\/\\\/www.fuegos.eu\\\/tragesysteme-im-bereich-forstwirtschaft\\\/forstguertel-set_forst-werkzeugguertel_flexibel\\\/\",\"url\":\"https:\\\/\\\/www.fuegos.eu\\\/tragesysteme-im-bereich-forstwirtschaft\\\/forstguertel-set_forst-werkzeugguertel_flexibel\\\/\",\"name\":\"Forstg\u00fcrtel-Set f\u00fcr Forstwirte & Forstwirtschtsmeister &#8226; Fuegos\",\"isPartOf\":{\"@id\":\"https:\\\/\\\/www.fuegos.eu\\\/#website\"},\"primaryImageOfPage\":{\"@id\":\"https:\\\/\\\/www.fuegos.eu\\\/tragesysteme-im-bereich-forstwirtschaft\\\/forstguertel-set_forst-werkzeugguertel_flexibel\\\/#primaryimage\"},\"image\":{\"@id\":\"https:\\\/\\\/www.fuegos.eu\\\/tragesysteme-im-bereich-forstwirtschaft\\\/forstguertel-set_forst-werkzeugguertel_flexibel\\\/#primaryimage\"},\"thumbnailUrl\":\"https:\\\/\\\/www.fuegos.eu\\\/wp-content\\\/uploads\\\/2020\\\/11\\\/Forst_Forstwirtin_Forstgurt_Fuegos-min.jpg\",\"datePublished\":\"2020-05-01T23:35:13+00:00\",\"dateModified\":\"2022-08-06T09:23:30+00:00\",\"description\":\"Forstg\u00fcrtel-Set \u2022 Belastbare Forstausr\u00fcstung Made in Germany. Forst-Werkzeugg\u00fcrtel-Set f\u00fcr Forstwirte und Forstwirtschaftsmeister.\",\"breadcrumb\":{\"@id\":\"https:\\\/\\\/www.fuegos.eu\\\/tragesysteme-im-bereich-forstwirtschaft\\\/forstguertel-set_forst-werkzeugguertel_flexibel\\\/#breadcrumb\"},\"inLanguage\":\"es\",\"potentialAction\":[{\"@type\":\"ReadAction\",\"target\":[\"https:\\\/\\\/www.fuegos.eu\\\/tragesysteme-im-bereich-forstwirtschaft\\\/forstguertel-set_forst-werkzeugguertel_flexibel\\\/\"]}]},{\"@type\":\"ImageObject\",\"inLanguage\":\"es\",\"@id\":\"https:\\\/\\\/www.fuegos.eu\\\/tragesysteme-im-bereich-forstwirtschaft\\\/forstguertel-set_forst-werkzeugguertel_flexibel\\\/#primaryimage\",\"url\":\"https:\\\/\\\/www.fuegos.eu\\\/wp-content\\\/uploads\\\/2020\\\/11\\\/Forst_Forstwirtin_Forstgurt_Fuegos-min.jpg\",\"contentUrl\":\"https:\\\/\\\/www.fuegos.eu\\\/wp-content\\\/uploads\\\/2020\\\/11\\\/Forst_Forstwirtin_Forstgurt_Fuegos-min.jpg\",\"width\":1350,\"height\":539,\"caption\":\"ForstSysteme & Equipment by Fuegos. Forst Tragesystem mit Forstg\u00fcrtel und Forstgurt im Einsatz. Ergonomisch und indoviduell\"},{\"@type\":\"BreadcrumbList\",\"@id\":\"https:\\\/\\\/www.fuegos.eu\\\/tragesysteme-im-bereich-forstwirtschaft\\\/forstguertel-set_forst-werkzeugguertel_flexibel\\\/#breadcrumb\",\"itemListElement\":[{\"@type\":\"ListItem\",\"position\":1,\"name\":\"Home\",\"item\":\"https:\\\/\\\/www.fuegos.eu\\\/\"},{\"@type\":\"ListItem\",\"position\":2,\"name\":\"Forst\",\"item\":\"https:\\\/\\\/www.fuegos.eu\\\/tragesysteme-im-bereich-forstwirtschaft\\\/\"},{\"@type\":\"ListItem\",\"position\":3,\"name\":\"Forstg\u00fcrtel-Set f\u00fcr Forstwirte &#038; Forstwirtschtsmeister\"}]},{\"@type\":\"WebSite\",\"@id\":\"https:\\\/\\\/www.fuegos.eu\\\/#website\",\"url\":\"https:\\\/\\\/www.fuegos.eu\\\/\",\"name\":\"Fuegos\",\"description\":\"Textile L\u00f6sungen nach Ma\u00df\",\"publisher\":{\"@id\":\"https:\\\/\\\/www.fuegos.eu\\\/#organization\"},\"potentialAction\":[{\"@type\":\"SearchAction\",\"target\":{\"@type\":\"EntryPoint\",\"urlTemplate\":\"https:\\\/\\\/www.fuegos.eu\\\/?s={search_term_string}\"},\"query-input\":{\"@type\":\"PropertyValueSpecification\",\"valueRequired\":true,\"valueName\":\"search_term_string\"}}],\"inLanguage\":\"es\"},{\"@type\":\"Organization\",\"@id\":\"https:\\\/\\\/www.fuegos.eu\\\/#organization\",\"name\":\"Fuegos\",\"url\":\"https:\\\/\\\/www.fuegos.eu\\\/\",\"logo\":{\"@type\":\"ImageObject\",\"inLanguage\":\"es\",\"@id\":\"https:\\\/\\\/www.fuegos.eu\\\/#\\\/schema\\\/logo\\\/image\\\/\",\"url\":\"https:\\\/\\\/fuegos.eu\\\/wp-content\\\/uploads\\\/2020\\\/05\\\/FuegosSignatur000.jpg\",\"contentUrl\":\"https:\\\/\\\/fuegos.eu\\\/wp-content\\\/uploads\\\/2020\\\/05\\\/FuegosSignatur000.jpg\",\"width\":960,\"height\":408,\"caption\":\"Fuegos\"},\"image\":{\"@id\":\"https:\\\/\\\/www.fuegos.eu\\\/#\\\/schema\\\/logo\\\/image\\\/\"},\"sameAs\":[\"https:\\\/\\\/www.facebook.com\\\/FuegosForst\\\/\",\"https:\\\/\\\/www.youtube.com\\\/channel\\\/UC0SFe93Vgi6YZV6tSCOLdkA\"]}]}<\/script>\n<!-- \/ Yoast SEO plugin. -->","yoast_head_json":{"title":"Forstg\u00fcrtel-Set f\u00fcr Forstwirte & Forstwirtschtsmeister &#8226; Fuegos","description":"Forstg\u00fcrtel-Set \u2022 Belastbare Forstausr\u00fcstung Made in Germany. Forst-Werkzeugg\u00fcrtel-Set f\u00fcr Forstwirte und Forstwirtschaftsmeister.","robots":{"index":"index","follow":"follow","max-snippet":"max-snippet:-1","max-image-preview":"max-image-preview:large","max-video-preview":"max-video-preview:-1"},"canonical":"https:\/\/www.fuegos.eu\/es\/tragesysteme-im-bereich-forstwirtschaft\/forstguertel-set_forst-werkzeugguertel_flexibel\/","og_locale":"es_ES","og_type":"article","og_title":"Forstg\u00fcrtel-Set f\u00fcr Forstwirte & Forstwirtschtsmeister &#8226; Fuegos","og_description":"Forstg\u00fcrtel-Set \u2022 Belastbare Forstausr\u00fcstung Made in Germany. Forst-Werkzeugg\u00fcrtel-Set f\u00fcr Forstwirte und Forstwirtschaftsmeister.","og_url":"https:\/\/www.fuegos.eu\/es\/tragesysteme-im-bereich-forstwirtschaft\/forstguertel-set_forst-werkzeugguertel_flexibel\/","og_site_name":"Fuegos","article_publisher":"https:\/\/www.facebook.com\/FuegosForst\/","article_modified_time":"2022-08-06T09:23:30+00:00","og_image":[{"width":1350,"height":539,"url":"https:\/\/www.fuegos.eu\/wp-content\/uploads\/2020\/11\/Forst_Forstwirtin_Forstgurt_Fuegos-min.jpg","type":"image\/jpeg"}],"twitter_card":"summary_large_image","twitter_misc":{"Tiempo de lectura":"1 minuto"},"schema":{"@context":"https:\/\/schema.org","@graph":[{"@type":"WebPage","@id":"https:\/\/www.fuegos.eu\/tragesysteme-im-bereich-forstwirtschaft\/forstguertel-set_forst-werkzeugguertel_flexibel\/","url":"https:\/\/www.fuegos.eu\/tragesysteme-im-bereich-forstwirtschaft\/forstguertel-set_forst-werkzeugguertel_flexibel\/","name":"Forstg\u00fcrtel-Set f\u00fcr Forstwirte & Forstwirtschtsmeister &#8226; Fuegos","isPartOf":{"@id":"https:\/\/www.fuegos.eu\/#website"},"primaryImageOfPage":{"@id":"https:\/\/www.fuegos.eu\/tragesysteme-im-bereich-forstwirtschaft\/forstguertel-set_forst-werkzeugguertel_flexibel\/#primaryimage"},"image":{"@id":"https:\/\/www.fuegos.eu\/tragesysteme-im-bereich-forstwirtschaft\/forstguertel-set_forst-werkzeugguertel_flexibel\/#primaryimage"},"thumbnailUrl":"https:\/\/www.fuegos.eu\/wp-content\/uploads\/2020\/11\/Forst_Forstwirtin_Forstgurt_Fuegos-min.jpg","datePublished":"2020-05-01T23:35:13+00:00","dateModified":"2022-08-06T09:23:30+00:00","description":"Forstg\u00fcrtel-Set \u2022 Belastbare Forstausr\u00fcstung Made in Germany. Forst-Werkzeugg\u00fcrtel-Set f\u00fcr Forstwirte und Forstwirtschaftsmeister.","breadcrumb":{"@id":"https:\/\/www.fuegos.eu\/tragesysteme-im-bereich-forstwirtschaft\/forstguertel-set_forst-werkzeugguertel_flexibel\/#breadcrumb"},"inLanguage":"es","potentialAction":[{"@type":"ReadAction","target":["https:\/\/www.fuegos.eu\/tragesysteme-im-bereich-forstwirtschaft\/forstguertel-set_forst-werkzeugguertel_flexibel\/"]}]},{"@type":"ImageObject","inLanguage":"es","@id":"https:\/\/www.fuegos.eu\/tragesysteme-im-bereich-forstwirtschaft\/forstguertel-set_forst-werkzeugguertel_flexibel\/#primaryimage","url":"https:\/\/www.fuegos.eu\/wp-content\/uploads\/2020\/11\/Forst_Forstwirtin_Forstgurt_Fuegos-min.jpg","contentUrl":"https:\/\/www.fuegos.eu\/wp-content\/uploads\/2020\/11\/Forst_Forstwirtin_Forstgurt_Fuegos-min.jpg","width":1350,"height":539,"caption":"ForstSysteme & Equipment by Fuegos. Forst Tragesystem mit Forstg\u00fcrtel und Forstgurt im Einsatz. Ergonomisch und indoviduell"},{"@type":"BreadcrumbList","@id":"https:\/\/www.fuegos.eu\/tragesysteme-im-bereich-forstwirtschaft\/forstguertel-set_forst-werkzeugguertel_flexibel\/#breadcrumb","itemListElement":[{"@type":"ListItem","position":1,"name":"Home","item":"https:\/\/www.fuegos.eu\/"},{"@type":"ListItem","position":2,"name":"Forst","item":"https:\/\/www.fuegos.eu\/tragesysteme-im-bereich-forstwirtschaft\/"},{"@type":"ListItem","position":3,"name":"Forstg\u00fcrtel-Set f\u00fcr Forstwirte &#038; Forstwirtschtsmeister"}]},{"@type":"WebSite","@id":"https:\/\/www.fuegos.eu\/#website","url":"https:\/\/www.fuegos.eu\/","name":"Inicio","description":"Soluciones textiles","publisher":{"@id":"https:\/\/www.fuegos.eu\/#organization"},"potentialAction":[{"@type":"SearchAction","target":{"@type":"EntryPoint","urlTemplate":"https:\/\/www.fuegos.eu\/?s={search_term_string}"},"query-input":{"@type":"PropertyValueSpecification","valueRequired":true,"valueName":"search_term_string"}}],"inLanguage":"es"},{"@type":"Organization","@id":"https:\/\/www.fuegos.eu\/#organization","name":"Inicio","url":"https:\/\/www.fuegos.eu\/","logo":{"@type":"ImageObject","inLanguage":"es","@id":"https:\/\/www.fuegos.eu\/#\/schema\/logo\/image\/","url":"https:\/\/fuegos.eu\/wp-content\/uploads\/2020\/05\/FuegosSignatur000.jpg","contentUrl":"https:\/\/fuegos.eu\/wp-content\/uploads\/2020\/05\/FuegosSignatur000.jpg","width":960,"height":408,"caption":"Fuegos"},"image":{"@id":"https:\/\/www.fuegos.eu\/#\/schema\/logo\/image\/"},"sameAs":["https:\/\/www.facebook.com\/FuegosForst\/","https:\/\/www.youtube.com\/channel\/UC0SFe93Vgi6YZV6tSCOLdkA"]}]}},"_links":{"self":[{"href":"https:\/\/www.fuegos.eu\/es\/wp-json\/wp\/v2\/pages\/228665","targetHints":{"allow":["GET"]}}],"collection":[{"href":"https:\/\/www.fuegos.eu\/es\/wp-json\/wp\/v2\/pages"}],"about":[{"href":"https:\/\/www.fuegos.eu\/es\/wp-json\/wp\/v2\/types\/page"}],"author":[{"embeddable":true,"href":"https:\/\/www.fuegos.eu\/es\/wp-json\/wp\/v2\/users\/49"}],"replies":[{"embeddable":true,"href":"https:\/\/www.fuegos.eu\/es\/wp-json\/wp\/v2\/comments?post=228665"}],"version-history":[{"count":0,"href":"https:\/\/www.fuegos.eu\/es\/wp-json\/wp\/v2\/pages\/228665\/revisions"}],"up":[{"embeddable":true,"href":"https:\/\/www.fuegos.eu\/es\/wp-json\/wp\/v2\/pages\/1052"}],"wp:featuredmedia":[{"embeddable":true,"href":"https:\/\/www.fuegos.eu\/es\/wp-json\/wp\/v2\/media\/234530"}],"wp:attachment":[{"href":"https:\/\/www.fuegos.eu\/es\/wp-json\/wp\/v2\/media?parent=228665"}],"curies":[{"name":"wp","href":"https:\/\/api.w.org\/{rel}","templated":true}]}}