{"id":1261,"date":"2020-04-27T03:29:52","date_gmt":"2020-04-27T01:29:52","guid":{"rendered":"https:\/\/www.fuegos.eu\/?post_type=product&#038;p=1261"},"modified":"2025-06-29T20:14:35","modified_gmt":"2025-06-29T18:14:35","slug":"motorsaegenwerkzeug-holster-kombiwerkzeuge-feilen","status":"publish","type":"product","link":"https:\/\/www.fuegos.eu\/es\/product\/motorsaegenwerkzeug-holster-kombiwerkzeuge-feilen\/","title":{"rendered":"Motosierra Herramienta Funda \u2022 Para La Combinaci\u00f3n De Herramientas Y Archivos"},"content":{"rendered":"<h3><strong>Kurzbeschreibung:<\/strong><\/h3>\n<p>Motors\u00e4genwerkzeug Holster ideal f\u00fcr Kombiwerkzeuge &amp; Feilen. Flexibles Holster aus belastbaren Material. F\u00fcr Forstg\u00fcrtel der Forstwirtschaft kompatibel. Mit zus\u00e4tzlicher Sicherungsschlaufe. Kompatibel mit Forstg\u00fcrtel und Werkzeugg\u00fcrtel f\u00fcr F\u00f6rster und Forstwirte.<\/p>\n<p>&nbsp;<\/p>\n<h3><strong>Die Idee des Fuegos Werkzeugholsters: <\/strong><\/h3>\n<p>Fuegos Forst Produkte sind praktisch. Motors\u00e4genwerkzeuge f\u00fcr den Forstbereich gehen schnell verloren. Um dies zu verhindern, setzt Fuegos auf die Kombination von Materialien und Design. Zudem sind unsere Produkte extrem belastbar. Motors\u00e4generkzeuge k\u00f6nnen der Halterung zusetzen. Scharfe Kanten der Kombiwerkzeuge und raue Oberfl\u00e4chen der Feilen f\u00f6rdern den Verschlei\u00df. Deshalb setzen wir abriebfestes Hightech-Lederimitat ein. Dies erm\u00f6glicht einen langlebigen und nachhaltigen Einsatz.<\/p>\n<p>&nbsp;<\/p>\n<h3><strong>Das Werkzeugholster f\u00fcr die Forstwirtschaft <\/strong><\/h3>\n<h4><strong> Funktion: <\/strong><\/h4>\n<p>Das Holster von Fuegos bietet Platz f\u00fcr verschiedene Motors\u00e4genwerkzeug. Zum Beispiel Kombiwerkzeuge, Rund- und Flachfeile f\u00fcr g\u00e4ngige Motors\u00e4gen. Hier durch wei\u00df man immer, wo die Werkzeuge h\u00e4ngen. Eine flexible Gummischlaufe befestigt das Kombiwerkzeug. Das Material des Werkzeugholster sch\u00fctzt die Motors\u00e4genwerkzeuge zus\u00e4tzlich vor \u00e4u\u00dferen Einfl\u00fcssen.<\/p>\n<h4><strong>Material:<\/strong><\/h4>\n<p class=\"translation-block\">Das Material des Werkzeugholsters besteht aus <strong>abriebfesten Hightech-Lederimitat<\/strong>. Hierdurch ist es besonders witterungsbest\u00e4ndig.&nbsp; Zus\u00e4tzlich ist es, Abrieb und schnitt best\u00e4ndig. Hierdurch garantiert <strong>Fuegos<\/strong> <strong>Langlebigkeit<\/strong> bis zum letzten Stich der Naht. Die besondere Form unterst\u00fctzt beim Einstecken und Herausnehmen des Kombiwerkzeuges und der Feilen. Das macht das Einsetzen der Werkzeuge im Wald einfach einfacher. Ein flexibles Gummi mit Kunststoffring sch\u00fctzt, dass das Kombiwerkzeug vor dem ungewollten Herausfallen.<\/p>\n<h4><strong>Vorteile:<\/strong><\/h4>\n<ul>\n<li class=\"translation-block\">Fuegos steht f\u00fcr <strong>Qualit\u00e4t<\/strong> in jeder Naht. Deshalb geben wir <strong>vier Jahre Garantie<\/strong> auf unsere Produkte Made by Fuegos.<\/li>\n<li class=\"translation-block\">Die Werkzeuge haben bei einer Stiell\u00e4nge von 18 cm kein Kontakt mit dem K\u00f6rper. Hierdurch wird der <strong>Tr\u00e4ger zus\u00e4tzlich gesch\u00fctzt<\/strong>.<\/li>\n<li class=\"translation-block\">Der Kombischl\u00fcssel wir mit einem Ring <strong>gesichert<\/strong>. Damit bleibt das Werkzeug, wo es hingeh\u00f6rt.<\/li>\n<li class=\"translation-block\">Mit dem Rapid-Klick kann das Motors\u00e4genwerkzeug Holster an Forstg\u00fcrteln oder Rucks\u00e4cken integriert werden. Das Holster ist Qualit\u00e4t <strong>Made in Germany<\/strong>.<\/li>\n<\/ul>\n<p>&nbsp;<\/p>\n<h3><strong>Datos T\u00e9cnicos<\/strong><\/h3>\n<h4><strong>Serienbezeichnung: <\/strong><\/h4>\n<p>TMW001<\/p>\n<h4><strong> Form:<\/strong><\/h4>\n<p>Flach &amp; Doppelreihig nach unten offen.<\/p>\n<h4><strong>Material<\/strong>:<\/h4>\n<p>Abriebfestes Hightech-Lederimitat.<\/p>\n<h4><strong>Peso:<\/strong><\/h4>\n<p>Leichte 85g.<\/p>\n<h4><strong>Ursprungsland:<\/strong><\/h4>\n<p>Deutschland.<\/p>\n<h4><strong>Anwendung:<\/strong><\/h4>\n<p>Rundfeile, Flachfeile, Kombiwerkzeug, Motors\u00e4genwerkzeug.<\/p>\n<p>&nbsp;<\/p>\n<h3><strong>Anwendungsbereich<\/strong><strong>:<\/strong><\/h3>\n<p>Das Werkzeugholster von Fuegos ist Bestandteil der pers\u00f6nlichen Forstausr\u00fcstung. Diese sch\u00fctzen vor Keil Verlust in widrigem Gel\u00e4nde. WICHTIG; beim Tragen des Kombiwerkzeugs die Schlaufe \u00fcber den Schl\u00fcssel Ziehen.<\/p>\n<p>&nbsp;<\/p>\n<h3><strong>Empfehlung:\u00a0<\/strong><\/h3>\n<p>Die Keiltasche ist Teil einer vollumf\u00e4nglichen Forstausr\u00fcstung.<\/p>\n<ul>\n<li class=\"translation-block\"><a href=\"https:\/\/www.fuegos.eu\/es\/producto\/multifunktionsgurt-fuer-forstwirte-fw-mfg100\/\" target=\"_blank\" rel=\"noopener\">Forstg\u00fcrtel f\u00fcr Forstwirte und Forstwirtschaftsmeister FW-G100<\/a>&nbsp;\u2013 Ergonomische Forstg\u00fcrtel<\/li>\n<li class=\"translation-block\"><a href=\"https:\/\/www.fuegos.eu\/es\/producto\/tragesystem-forstwirte\/\" target=\"_blank\" rel=\"noopener\">Schultergurt FW-MFG100<\/a>&nbsp; \u2013 Mit ergonomischer Auflage. Unterst\u00fctzt die Gewichtsverteilung<\/li>\n<li class=\"translation-block\"><a href=\"https:\/\/www.fuegos.eu\/es\/producto\/messkluppenhalterung\/\" target=\"_blank\" rel=\"noopener\">Messkluppenhalter MKH001<\/a> \u2013 F\u00fcr Rechts- und Linksh\u00e4nder. Dreifach im Winkelverstellbar<\/li>\n<li><a href=\"https:\/\/www.fuegos.eu\/es\/producto\/forst-massband\/\">Cinta de medir titular MBH001<\/a> \u2013 Mit Ausbalanciersystem und Magnetaufh\u00e4ngung. Kompatibel mit Fabrikate der L\u00e4nge 15 &amp; 25 Meter<\/li>\n<li class=\"translation-block\"><a href=\"https:\/\/www.fuegos.eu\/es\/producto\/keiltasche-fuer-zwei-faellkeile-kompatibel-mit-mechanischen-keilen-kopie\/\" target=\"_blank\" rel=\"noopener\">Keiltasche f\u00fcr zwei F\u00e4llkeile<\/a> \u2013 Kompatibel mit mechanischen Keilen &amp; verstellbar<\/li>\n<li class=\"translation-block\"><a href=\"https:\/\/www.fuegos.eu\/es\/producto\/motorsaegenwerkzeug-holster-kombiwerkzeuge-feilen\/\" target=\"_blank\" rel=\"noopener\">Motors\u00e4genwerkzeug Holster TMW001 <\/a>\u2013 Kompatibel mit mechanischen Keilen &amp; verstellbar<\/li>\n<li class=\"translation-block\"><a href=\"https:\/\/www.fuegos.eu\/es\/producto\/erste-hilfe\/\" target=\"_blank\" rel=\"noopener\">Erste Hilfe Set f\u00fcr Waldarbeiter<\/a> \u2013 bestehend aus wasserabweisender Tasche &amp; Verbrandsortiment nach DIN 13164<\/li>\n<li class=\"translation-block\"><a href=\"https:\/\/www.fuegos.eu\/es\/producto\/stift\/\" target=\"_blank\" rel=\"noopener\">Kreidestift Halterung <\/a><a class=\"row-title\" href=\"https:\/\/www.fuegos.eu\/wp-admin\/post.php?post=1196&amp;action=edit\" target=\"_blank\" rel=\"noopener\">DST001<\/a><a href=\"https:\/\/www.fuegos.eu\/es\/producto\/stift\/\" target=\"_blank\" rel=\"noopener\">&nbsp;<\/a><\/li>\n<li class=\"translation-block\"><a href=\"https:\/\/www.fuegos.eu\/es\/producto\/kuno-funkgeraettasche-forstguertel-komplettsystem\/\" target=\"_blank\" rel=\"noopener\">Funkger\u00e4tetasche KT100<\/a> f\u00fcr Kuno-Funkger\u00e4te \u2013 Mit Schultergurt kompatibel<\/li>\n<\/ul>\n<h3><\/h3>\n<h3><strong>Sparpakete<\/strong><\/h3>\n<ul>\n<li class=\"translation-block\"><a href=\"https:\/\/www.fuegos.eu\/es\/producto\/tragesystem-fuer-auszubildende-forstwirte-fw-ts100\/\" target=\"_blank\" rel=\"noopener\">Auszubildende <\/a><a class=\"row-title\" href=\"https:\/\/www.fuegos.eu\/wp-admin\/post.php?post=234972&amp;action=edit\" target=\"_blank\" rel=\"noopener\">FW-TS100<\/a> \u2013 Forstg\u00fcrtel mit Komponente und Schultertragesystem<\/li>\n<li class=\"translation-block\"><a href=\"https:\/\/www.fuegos.eu\/es\/producto\/forstwirte-tragesystem\/\" target=\"_self\">Forstwirte &amp; Forstwirtschaftsmeister <\/a><a title=\"Forstg\u00fcrtel Set \/ Forst-Werkzeugg\u00fcrtel-Set\" href=\"https:\/\/www.fuegos.eu\/es\/producto\/forstwirte-tragesystem\/\" target=\"_blank\" rel=\"noopener noreferrer\">FW-TS001<\/a> \u2013 Forstg\u00fcrtel mit Komponente und Schultertragesystem<\/li>\n<li class=\"translation-block\"><a href=\"https:\/\/www.fuegos.eu\/es\/producto\/foerster-tragesystem\/\" target=\"_self\">F\u00f6rster F\u00d6-TS001<\/a> \u2013 Forstg\u00fcrtel mit Komponente und Schultertragesystem<\/li>\n<li class=\"translation-block\"><a href=\"https:\/\/www.fuegos.eu\/es\/producto\/foerster-multifunktionsgurt-mit-groedel-austrialpin-groedel\/\" target=\"_self\">Gr\u00f6del Kombipaket<\/a> \u2013 Forstg\u00fcrtel f\u00fcr F\u00f6rster mit 6-Zacken-Gr\u00f6del<\/li>\n<\/ul>\n<p>&nbsp;<\/p>\n<h3><strong>Bekannt durch:<\/strong><\/h3>\n<ul>\n<li><a href=\"https:\/\/www.forstpraxis.de\/fuego-sport-tragesystem-forst\/\">Test: Fuego-Sport Tragesystem <\/a>\u2013 Forst&amp;Technik<\/li>\n<li><a href=\"https:\/\/www.forstpraxis.de\/fuegos-rapid-klick\/\">Fuegos mit Rapid-Klick<\/a> \u2013 Forst&amp;Technik<\/li>\n<li><a href=\"https:\/\/www.forstpraxis.de\/leichte-schulter\/\"> Leichte Schulter<\/a> \u2013 Forst&amp;Technik<\/li>\n<\/ul>","protected":false},"excerpt":{"rendered":"<p class=\"translation-block\">Lose Multiwerkzeuge ade. Fuegos Werkzeugholster TMW001 hat einen zus\u00e4tzlichen Riemen. Dieser h\u00e4lt den Sechskantschl\u00fcssel an Ort und Stelle. Das Holster kann durch sein <strong>Rapid-Klicksystem<\/strong> an g\u00e4ngige Forstg\u00fcrtel angebracht werden. Das Motors\u00e4genwerkzeug Holster bietet <strong>Platz f\u00fcr bis zu drei Werkzeuge<\/strong> von einer L\u00e4nge bis zu 18 cm. Die <strong>Reflektorengurte<\/strong> bieten dem Tr\u00e4ger eine zus\u00e4tzliche Sicherheit im Wald. Sollte das Holster mal liegen, bleiben helfen die Reflektoren beim Auffinden.<\/p>\n<p class=\"translation-block\">Fuegos&nbsp; bietet auf unsere Produkte bis zu<strong> 4-Jahre Garantie<\/strong> unsere geringe R\u00fccklaufrate von 0,04 % unterstreichen eben dieses <strong>Qualit\u00e4tsversprechen<\/strong>.<\/p>","protected":false},"featured_media":253980,"comment_status":"open","ping_status":"closed","template":"","meta":{"_et_pb_use_builder":"off","_et_pb_old_content":"<h3><strong>Kurzbeschreibung:<\/strong><\/h3>\r\nMotors\u00e4genwerkzeug Holster ideal f\u00fcr Kombiwerkzeuge & Feilen. Flexibles Holster aus belastbaren Material. F\u00fcr Forstg\u00fcrtel der Forstwirtschaft kompatibel. Mit zus\u00e4tzlicher Sicherungsschlaufe.\r\n\r\n\u00a0\r\n<h3><strong>Die Idee des Feugos Werkzeugholsters: <\/strong><\/h3>\r\nFuegos Forst Produkte sind praktisch. Motors\u00e4genwerkzeuge f\u00fcr den Forstbereich gehen schnell verloren. Um dies zu verhindern, setzt Feugos auf die Kombination von Materialien und Design. Zudem sind unsere Produkte extrem belastbar. Motors\u00e4generkzeuge k\u00f6nnen der Halterung zusetzen. Scharfe Kanten der Kombiwerkzeuge und raue Oberfl\u00e4chen der Feilen f\u00f6rdern den Verschlei\u00df. Deshalb setzen wir abriebfestes Hightech-Lederimitat ein. Dies erm\u00f6glicht einen langlebigen und nachhaltigen Einsatz.\r\n\r\n\u00a0\r\n<h3><strong>Das Werkzeugholster f\u00fcr die Forstwirtschaft\r\n<\/strong><\/h3>\r\n<h4><strong>\r\nFunktion: <\/strong><\/h4>\r\nDas Holster von Fuegos bietet Platz f\u00fcr verschiedene Motors\u00e4genwerkzeug. Zum Beispiel Kombiwerkzeuge, Rund- und Flachfeile f\u00fcr g\u00e4ngige Motors\u00e4gen. Hier durch wei\u00df man immer, wo die Werkzeuge h\u00e4ngen. Eine flexible Gummischlaufe befestigt das Kombiwerkzeug. Das Material des Werkzeugholster sch\u00fctzt die Motors\u00e4genwerkzeuge zus\u00e4tzlich vor \u00e4u\u00dferen Einfl\u00fcssen.\r\n<h4><strong>Material:<\/strong><\/h4>\r\nDas Material des Werkzeugholsters besteht aus <strong>abriebfesten Hightech-Lederimitat<\/strong>. Hierdurch ist es besonders witterungsbest\u00e4ndig. \u00a0Zus\u00e4tzlich widersteht es den Motors\u00e4genwerkzeugen. Sprich, es ist, Abrieb und schnitt best\u00e4ndig. Hierdurch garantiert <strong>Fuegos<\/strong> <strong>Langlebigkeit<\/strong> bis zum letzten Stich der Naht. Die besondere Form unterst\u00fctzt beim Einstecken und Herausnehmen des Kombiwerkzeuges und der Feilen. Das macht das Einsetzen der Werkzeuge im Wald einfach einfacher. Ein flexibles Gummi mit Kunststoffring sch\u00fctzt, dass das Kombiwerkzeug vor dem ungewollten Herausfallen.\r\n<h4><strong>Vorteile:<\/strong><\/h4>\r\nFuegos steht f\u00fcr <strong>Qualit\u00e4t<\/strong> in jeder Naht. Deshalb geben wir <strong>vier Jahre Garantie<\/strong> auf unsere Produkte Made by Fuegos. Die Werkzeuge haben bei einer Stiell\u00e4nge von 18 cm kein Kontakt mit dem K\u00f6rper. Hierdurch wird der <strong>Tr\u00e4ger zus\u00e4tzlich gesch\u00fctzt<\/strong>. Der Kombischl\u00fcssel wir mit einem Ring <strong>gesichert<\/strong>. Damit bleibt das Werkzeug, wo es hingeh\u00f6rt. Mit dem Rapid-Klick kann das Motors\u00e4genwerkzeug Holster an Forstg\u00fcrteln oder Rucks\u00e4cken integriert werden. Das Holster ist Qualit\u00e4t <strong>Made in Germany<\/strong>.\r\n\r\n\u00a0\r\n<h3><strong>Technische Daten<\/strong><\/h3>\r\n<h4><strong>\r\nForm:<\/strong><\/h4>\r\nFlach & Doppelreihig nach unten offen.\r\n<h4><strong>Material<\/strong>:<\/h4>\r\nAbriebfestes Hightech-Lederimitat.\r\n<h4><strong>Gewicht:<\/strong><\/h4>\r\nExtrem leichte 85g.\r\n<h4><strong>Ursprungsland:<\/strong><\/h4>\r\nDeutschland.\r\n<h4><strong>Anwendung:<\/strong><\/h4>\r\nRundfeile, Flachfeile, Kombiwerkzeug, Motors\u00e4genwerkzeug.\r\n\r\n\u00a0\r\n<h3><strong>Anwendungsbereich<\/strong><strong>:<\/strong><\/h3>\r\nDas Werkzeugholster von Fuegos ist Bestandteil der pers\u00f6nlichen Forstausr\u00fcstung. Diese sch\u00fctzen vor Keil Verlust in widrigem Gel\u00e4nde. WICHTIG; beim Tragen des Kombiwerkzeugs die Schlaufe \u00fcber den Schl\u00fcssel Ziehen.\r\n\r\n\u00a0\r\n<h3><strong>Empfehlung:\u00a0<\/strong><\/h3>\r\nDas Motors\u00e4genwerkzeug Holster ist Teil einer vollumf\u00e4nglichen Forstausr\u00fcstung.\r\n<ul>\r\n \t<li><a href=\"https:\/\/fuegos.eu\/produkt\/multifunktionsgurt-fuer-forstwirte-fw-mfg100\/\">Forstg\u00fcrtel f\u00fcr Forstwirte und Forstwirtschaftsmeister<\/a> \u2013 Ergonomische Forstg\u00fcrtel<\/li>\r\n \t<li><a href=\"https:\/\/fuegos.eu\/produkt\/tragesystem-forstwirte\/\">Schultergurt<\/a> \u2013 Mit ergonomischer Auflage. Unterst\u00fctzt die Gewichtsverteilung<\/li>\r\n \t<li><a href=\"https:\/\/fuegos.eu\/produkt\/messkluppenhalterung\/\">Messkluppenhalter<\/a> \u2013 F\u00fcr Rechts- und Linksh\u00e4nder. Dreifach im Winkelverstellbar.<\/li>\r\n \t<li><a href=\"https:\/\/fuegos.eu\/produkt\/forst-massband\/\">Ma\u00dfbandhalterung<\/a> \u2013 Mit Ausbalanciersystem und Magnetaufh\u00e4ngung<\/li>\r\n \t<li><a href=\"https:\/\/fuegos.eu\/produkt\/stift\/\">Kreidestift Halterung<\/a><\/li>\r\n \t<li>KuNo Funktasche \u2013 Mit Schultergurt kompatibel<\/li>\r\n<\/ul>\r\n<h3><\/h3>\r\n<h3><strong>Sparangebote: <\/strong><\/h3>\r\n<ul>\r\n \t<li><a href=\"https:\/\/fuegos.eu\/produkt\/tragesystem-fuer-auszubildende-forstwirte-fw-ts100\/\">F\u00fcr Auszubildende<\/a> \u2013 Forstg\u00fcrtel mit Komponente und Schultertragesystem<\/li>\r\n \t<li><a href=\"https:\/\/fuegos.eu\/produkt\/forstwirte-tragesystem\/\">F\u00fcr Forstwirte & Forstwirtschaftsmeister <\/a>\u2013 Forstg\u00fcrtel mit Komponente und Schultertragesystem<\/li>\r\n \t<li><a href=\"https:\/\/fuegos.eu\/produkt\/foerster-tragesystem\/\">F\u00fcr F\u00f6rster<\/a> \u2013 Forstg\u00fcrtel mit Komponente und Schultertragesystem<\/li>\r\n \t<li><a href=\"https:\/\/fuegos.eu\/produkt\/foerster-multifunktionsgurt-mit-groedel-austrialpin-groedel\/\">Gr\u00f6del Kombipaket<\/a> \u2013 Forstg\u00fcrtel f\u00fcr F\u00f6rster mit 6-Zacken-Gr\u00f6del<\/li>\r\n<\/ul>\r\n\u00a0\r\n<h3><strong>Bekannt durch:<\/strong><\/h3>\r\n<ul>\r\n \t<li><a href=\"https:\/\/www.forstpraxis.de\/fuego-sport-tragesystem-forst\/\">Test: Fuego-Sport Tragesystem <\/a>\u2013 Forst&Technik<\/li>\r\n \t<li><a href=\"https:\/\/www.forstpraxis.de\/leichte-schulter\/\"> Leichte Schulter<\/a> \u2013 Forst&Technik<\/li>\r\n<\/ul>","_et_gb_content_width":""},"product_brand":[],"product_cat":[25,31,200,35,175],"product_tag":[],"class_list":{"0":"post-1261","1":"product","2":"type-product","3":"status-publish","4":"has-post-thumbnail","6":"product_cat-forst","7":"product_cat-forst-taschen-zubehoer","8":"product_cat-forstguertel-equipment","9":"product_cat-forstwirte","10":"product_cat-produkt-auswahl","12":"first","13":"instock","14":"taxable","15":"shipping-taxable","16":"purchasable","17":"product-type-simple"},"yoast_head":"<!-- This site is optimized with the Yoast SEO plugin v27.4 - https:\/\/yoast.com\/product\/yoast-seo-wordpress\/ -->\n<title>Motors\u00e4genwerkzeug Holster \u2022 F\u00fcr Kombiwerkzeuge &amp; Feilen &#8226; Fuegos<\/title>\n<meta name=\"description\" content=\"Motors\u00e4genwerkzeug Holster ideal f\u00fcr Kombiwerkzeuge &amp; Feilen. Platz f\u00fcr 3 Motors\u00e4genwerkzeuge. Von Fuegos, zu 100\u00a0% Made in Germany.\" \/>\n<meta name=\"robots\" content=\"index, follow, max-snippet:-1, max-image-preview:large, max-video-preview:-1\" \/>\n<link rel=\"canonical\" href=\"https:\/\/www.fuegos.eu\/es\/product\/motorsaegenwerkzeug-holster-kombiwerkzeuge-feilen\/\" \/>\n<meta property=\"og:locale\" content=\"es_ES\" \/>\n<meta property=\"og:type\" content=\"article\" \/>\n<meta property=\"og:title\" content=\"Motors\u00e4genwerkzeug Holster \u2022 F\u00fcr Kombiwerkzeuge &amp; Feilen &#8226; Fuegos\" \/>\n<meta property=\"og:description\" content=\"Motors\u00e4genwerkzeug Holster ideal f\u00fcr Kombiwerkzeuge &amp; Feilen. Platz f\u00fcr 3 Motors\u00e4genwerkzeuge. Von Fuegos, zu 100\u00a0% Made in Germany.\" \/>\n<meta property=\"og:url\" content=\"https:\/\/www.fuegos.eu\/es\/product\/motorsaegenwerkzeug-holster-kombiwerkzeuge-feilen\/\" \/>\n<meta property=\"og:site_name\" content=\"Fuegos\" \/>\n<meta property=\"article:publisher\" content=\"https:\/\/www.facebook.com\/FuegosForst\/\" \/>\n<meta property=\"article:modified_time\" content=\"2025-06-29T18:14:35+00:00\" \/>\n<meta property=\"og:image\" content=\"https:\/\/www.fuegos.eu\/wp-content\/uploads\/2020\/04\/Motorsaegenwerkzeug-Holster-Fuer-KombiwerkzeugeFeilen_Leer.jpg\" \/>\n\t<meta property=\"og:image:width\" content=\"500\" \/>\n\t<meta property=\"og:image:height\" content=\"500\" \/>\n\t<meta property=\"og:image:type\" content=\"image\/jpeg\" \/>\n<meta name=\"twitter:card\" content=\"summary_large_image\" \/>\n<meta name=\"twitter:label1\" content=\"Tiempo de lectura\" \/>\n\t<meta name=\"twitter:data1\" content=\"3 minutos\" \/>\n<script type=\"application\/ld+json\" class=\"yoast-schema-graph\">{\"@context\":\"https:\\\/\\\/schema.org\",\"@graph\":[{\"@type\":\"WebPage\",\"@id\":\"https:\\\/\\\/www.fuegos.eu\\\/product\\\/motorsaegenwerkzeug-holster-kombiwerkzeuge-feilen\\\/\",\"url\":\"https:\\\/\\\/www.fuegos.eu\\\/product\\\/motorsaegenwerkzeug-holster-kombiwerkzeuge-feilen\\\/\",\"name\":\"Motors\u00e4genwerkzeug Holster \u2022 F\u00fcr Kombiwerkzeuge & Feilen &#8226; Fuegos\",\"isPartOf\":{\"@id\":\"https:\\\/\\\/www.fuegos.eu\\\/#website\"},\"primaryImageOfPage\":{\"@id\":\"https:\\\/\\\/www.fuegos.eu\\\/product\\\/motorsaegenwerkzeug-holster-kombiwerkzeuge-feilen\\\/#primaryimage\"},\"image\":{\"@id\":\"https:\\\/\\\/www.fuegos.eu\\\/product\\\/motorsaegenwerkzeug-holster-kombiwerkzeuge-feilen\\\/#primaryimage\"},\"thumbnailUrl\":\"https:\\\/\\\/www.fuegos.eu\\\/wp-content\\\/uploads\\\/2020\\\/04\\\/Motorsaegenwerkzeug-Holster-Fuer-KombiwerkzeugeFeilen_Leer.jpg\",\"datePublished\":\"2020-04-27T01:29:52+00:00\",\"dateModified\":\"2025-06-29T18:14:35+00:00\",\"description\":\"Motors\u00e4genwerkzeug Holster ideal f\u00fcr Kombiwerkzeuge & Feilen. Platz f\u00fcr 3 Motors\u00e4genwerkzeuge. Von Fuegos, zu 100\u00a0% Made in Germany.\",\"breadcrumb\":{\"@id\":\"https:\\\/\\\/www.fuegos.eu\\\/product\\\/motorsaegenwerkzeug-holster-kombiwerkzeuge-feilen\\\/#breadcrumb\"},\"inLanguage\":\"es\",\"potentialAction\":[{\"@type\":\"ReadAction\",\"target\":[\"https:\\\/\\\/www.fuegos.eu\\\/product\\\/motorsaegenwerkzeug-holster-kombiwerkzeuge-feilen\\\/\"]}]},{\"@type\":\"ImageObject\",\"inLanguage\":\"es\",\"@id\":\"https:\\\/\\\/www.fuegos.eu\\\/product\\\/motorsaegenwerkzeug-holster-kombiwerkzeuge-feilen\\\/#primaryimage\",\"url\":\"https:\\\/\\\/www.fuegos.eu\\\/wp-content\\\/uploads\\\/2020\\\/04\\\/Motorsaegenwerkzeug-Holster-Fuer-KombiwerkzeugeFeilen_Leer.jpg\",\"contentUrl\":\"https:\\\/\\\/www.fuegos.eu\\\/wp-content\\\/uploads\\\/2020\\\/04\\\/Motorsaegenwerkzeug-Holster-Fuer-KombiwerkzeugeFeilen_Leer.jpg\",\"width\":500,\"height\":500,\"caption\":\"Motors\u00e4genwerkzeug Holster-F\u00fcr-Kombiwerkzeuge&Feilen\"},{\"@type\":\"BreadcrumbList\",\"@id\":\"https:\\\/\\\/www.fuegos.eu\\\/product\\\/motorsaegenwerkzeug-holster-kombiwerkzeuge-feilen\\\/#breadcrumb\",\"itemListElement\":[{\"@type\":\"ListItem\",\"position\":1,\"name\":\"Home\",\"item\":\"https:\\\/\\\/www.fuegos.eu\\\/\"},{\"@type\":\"ListItem\",\"position\":2,\"name\":\"Shop\",\"item\":\"https:\\\/\\\/www.fuegos.eu\\\/forstguertel-taschen-online-kaufen\\\/\"},{\"@type\":\"ListItem\",\"position\":3,\"name\":\"Motors\u00e4genwerkzeug Holster \u2022 F\u00fcr Kombiwerkzeuge &#038; Feilen\"}]},{\"@type\":\"WebSite\",\"@id\":\"https:\\\/\\\/www.fuegos.eu\\\/#website\",\"url\":\"https:\\\/\\\/www.fuegos.eu\\\/\",\"name\":\"Fuegos\",\"description\":\"Textile L\u00f6sungen nach Ma\u00df\",\"publisher\":{\"@id\":\"https:\\\/\\\/www.fuegos.eu\\\/#organization\"},\"potentialAction\":[{\"@type\":\"SearchAction\",\"target\":{\"@type\":\"EntryPoint\",\"urlTemplate\":\"https:\\\/\\\/www.fuegos.eu\\\/?s={search_term_string}\"},\"query-input\":{\"@type\":\"PropertyValueSpecification\",\"valueRequired\":true,\"valueName\":\"search_term_string\"}}],\"inLanguage\":\"es\"},{\"@type\":\"Organization\",\"@id\":\"https:\\\/\\\/www.fuegos.eu\\\/#organization\",\"name\":\"Fuegos\",\"url\":\"https:\\\/\\\/www.fuegos.eu\\\/\",\"logo\":{\"@type\":\"ImageObject\",\"inLanguage\":\"es\",\"@id\":\"https:\\\/\\\/www.fuegos.eu\\\/#\\\/schema\\\/logo\\\/image\\\/\",\"url\":\"https:\\\/\\\/fuegos.eu\\\/wp-content\\\/uploads\\\/2020\\\/05\\\/FuegosSignatur000.jpg\",\"contentUrl\":\"https:\\\/\\\/fuegos.eu\\\/wp-content\\\/uploads\\\/2020\\\/05\\\/FuegosSignatur000.jpg\",\"width\":960,\"height\":408,\"caption\":\"Fuegos\"},\"image\":{\"@id\":\"https:\\\/\\\/www.fuegos.eu\\\/#\\\/schema\\\/logo\\\/image\\\/\"},\"sameAs\":[\"https:\\\/\\\/www.facebook.com\\\/FuegosForst\\\/\",\"https:\\\/\\\/www.youtube.com\\\/channel\\\/UC0SFe93Vgi6YZV6tSCOLdkA\"]}]}<\/script>\n<!-- \/ Yoast SEO plugin. -->","yoast_head_json":{"title":"Motors\u00e4genwerkzeug Holster \u2022 F\u00fcr Kombiwerkzeuge & Feilen &#8226; Fuegos","description":"Motors\u00e4genwerkzeug Holster ideal f\u00fcr Kombiwerkzeuge & Feilen. Platz f\u00fcr 3 Motors\u00e4genwerkzeuge. Von Fuegos, zu 100\u00a0% Made in Germany.","robots":{"index":"index","follow":"follow","max-snippet":"max-snippet:-1","max-image-preview":"max-image-preview:large","max-video-preview":"max-video-preview:-1"},"canonical":"https:\/\/www.fuegos.eu\/es\/product\/motorsaegenwerkzeug-holster-kombiwerkzeuge-feilen\/","og_locale":"es_ES","og_type":"article","og_title":"Motors\u00e4genwerkzeug Holster \u2022 F\u00fcr Kombiwerkzeuge & Feilen &#8226; Fuegos","og_description":"Motors\u00e4genwerkzeug Holster ideal f\u00fcr Kombiwerkzeuge & Feilen. Platz f\u00fcr 3 Motors\u00e4genwerkzeuge. Von Fuegos, zu 100\u00a0% Made in Germany.","og_url":"https:\/\/www.fuegos.eu\/es\/product\/motorsaegenwerkzeug-holster-kombiwerkzeuge-feilen\/","og_site_name":"Fuegos","article_publisher":"https:\/\/www.facebook.com\/FuegosForst\/","article_modified_time":"2025-06-29T18:14:35+00:00","og_image":[{"width":500,"height":500,"url":"https:\/\/www.fuegos.eu\/wp-content\/uploads\/2020\/04\/Motorsaegenwerkzeug-Holster-Fuer-KombiwerkzeugeFeilen_Leer.jpg","type":"image\/jpeg"}],"twitter_card":"summary_large_image","twitter_misc":{"Tiempo de lectura":"3 minutos"},"schema":{"@context":"https:\/\/schema.org","@graph":[{"@type":"WebPage","@id":"https:\/\/www.fuegos.eu\/product\/motorsaegenwerkzeug-holster-kombiwerkzeuge-feilen\/","url":"https:\/\/www.fuegos.eu\/product\/motorsaegenwerkzeug-holster-kombiwerkzeuge-feilen\/","name":"Motors\u00e4genwerkzeug Holster \u2022 F\u00fcr Kombiwerkzeuge & Feilen &#8226; Fuegos","isPartOf":{"@id":"https:\/\/www.fuegos.eu\/#website"},"primaryImageOfPage":{"@id":"https:\/\/www.fuegos.eu\/product\/motorsaegenwerkzeug-holster-kombiwerkzeuge-feilen\/#primaryimage"},"image":{"@id":"https:\/\/www.fuegos.eu\/product\/motorsaegenwerkzeug-holster-kombiwerkzeuge-feilen\/#primaryimage"},"thumbnailUrl":"https:\/\/www.fuegos.eu\/wp-content\/uploads\/2020\/04\/Motorsaegenwerkzeug-Holster-Fuer-KombiwerkzeugeFeilen_Leer.jpg","datePublished":"2020-04-27T01:29:52+00:00","dateModified":"2025-06-29T18:14:35+00:00","description":"Motors\u00e4genwerkzeug Holster ideal f\u00fcr Kombiwerkzeuge & Feilen. Platz f\u00fcr 3 Motors\u00e4genwerkzeuge. Von Fuegos, zu 100\u00a0% Made in Germany.","breadcrumb":{"@id":"https:\/\/www.fuegos.eu\/product\/motorsaegenwerkzeug-holster-kombiwerkzeuge-feilen\/#breadcrumb"},"inLanguage":"es","potentialAction":[{"@type":"ReadAction","target":["https:\/\/www.fuegos.eu\/product\/motorsaegenwerkzeug-holster-kombiwerkzeuge-feilen\/"]}]},{"@type":"ImageObject","inLanguage":"es","@id":"https:\/\/www.fuegos.eu\/product\/motorsaegenwerkzeug-holster-kombiwerkzeuge-feilen\/#primaryimage","url":"https:\/\/www.fuegos.eu\/wp-content\/uploads\/2020\/04\/Motorsaegenwerkzeug-Holster-Fuer-KombiwerkzeugeFeilen_Leer.jpg","contentUrl":"https:\/\/www.fuegos.eu\/wp-content\/uploads\/2020\/04\/Motorsaegenwerkzeug-Holster-Fuer-KombiwerkzeugeFeilen_Leer.jpg","width":500,"height":500,"caption":"Motors\u00e4genwerkzeug Holster-F\u00fcr-Kombiwerkzeuge&Feilen"},{"@type":"BreadcrumbList","@id":"https:\/\/www.fuegos.eu\/product\/motorsaegenwerkzeug-holster-kombiwerkzeuge-feilen\/#breadcrumb","itemListElement":[{"@type":"ListItem","position":1,"name":"Home","item":"https:\/\/www.fuegos.eu\/"},{"@type":"ListItem","position":2,"name":"Shop","item":"https:\/\/www.fuegos.eu\/forstguertel-taschen-online-kaufen\/"},{"@type":"ListItem","position":3,"name":"Motors\u00e4genwerkzeug Holster \u2022 F\u00fcr Kombiwerkzeuge &#038; Feilen"}]},{"@type":"WebSite","@id":"https:\/\/www.fuegos.eu\/#website","url":"https:\/\/www.fuegos.eu\/","name":"Inicio","description":"Soluciones textiles","publisher":{"@id":"https:\/\/www.fuegos.eu\/#organization"},"potentialAction":[{"@type":"SearchAction","target":{"@type":"EntryPoint","urlTemplate":"https:\/\/www.fuegos.eu\/?s={search_term_string}"},"query-input":{"@type":"PropertyValueSpecification","valueRequired":true,"valueName":"search_term_string"}}],"inLanguage":"es"},{"@type":"Organization","@id":"https:\/\/www.fuegos.eu\/#organization","name":"Inicio","url":"https:\/\/www.fuegos.eu\/","logo":{"@type":"ImageObject","inLanguage":"es","@id":"https:\/\/www.fuegos.eu\/#\/schema\/logo\/image\/","url":"https:\/\/fuegos.eu\/wp-content\/uploads\/2020\/05\/FuegosSignatur000.jpg","contentUrl":"https:\/\/fuegos.eu\/wp-content\/uploads\/2020\/05\/FuegosSignatur000.jpg","width":960,"height":408,"caption":"Fuegos"},"image":{"@id":"https:\/\/www.fuegos.eu\/#\/schema\/logo\/image\/"},"sameAs":["https:\/\/www.facebook.com\/FuegosForst\/","https:\/\/www.youtube.com\/channel\/UC0SFe93Vgi6YZV6tSCOLdkA"]}]}},"_links":{"self":[{"href":"https:\/\/www.fuegos.eu\/es\/wp-json\/wp\/v2\/product\/1261","targetHints":{"allow":["GET"]}}],"collection":[{"href":"https:\/\/www.fuegos.eu\/es\/wp-json\/wp\/v2\/product"}],"about":[{"href":"https:\/\/www.fuegos.eu\/es\/wp-json\/wp\/v2\/types\/product"}],"replies":[{"embeddable":true,"href":"https:\/\/www.fuegos.eu\/es\/wp-json\/wp\/v2\/comments?post=1261"}],"wp:featuredmedia":[{"embeddable":true,"href":"https:\/\/www.fuegos.eu\/es\/wp-json\/wp\/v2\/media\/253980"}],"wp:attachment":[{"href":"https:\/\/www.fuegos.eu\/es\/wp-json\/wp\/v2\/media?parent=1261"}],"wp:term":[{"taxonomy":"product_brand","embeddable":true,"href":"https:\/\/www.fuegos.eu\/es\/wp-json\/wp\/v2\/product_brand?post=1261"},{"taxonomy":"product_cat","embeddable":true,"href":"https:\/\/www.fuegos.eu\/es\/wp-json\/wp\/v2\/product_cat?post=1261"},{"taxonomy":"product_tag","embeddable":true,"href":"https:\/\/www.fuegos.eu\/es\/wp-json\/wp\/v2\/product_tag?post=1261"}],"curies":[{"name":"wp","href":"https:\/\/api.w.org\/{rel}","templated":true}]}}