{"id":255924,"date":"2025-05-10T21:25:45","date_gmt":"2025-05-10T19:25:45","guid":{"rendered":"https:\/\/www.fuegos.eu\/?post_type=product&#038;p=255924"},"modified":"2025-05-10T21:56:48","modified_gmt":"2025-05-10T19:56:48","slug":"forst-universaltasche-flex","status":"publish","type":"product","link":"https:\/\/www.fuegos.eu\/es\/product\/forst-universaltasche-flex\/","title":{"rendered":"Bosque Caso Universal Flex"},"content":{"rendered":"<h2 class=\"\" data-start=\"121\" data-end=\"156\"><strong data-start=\"124\" data-end=\"154\">Forst Universaltasche Flex<\/strong><\/h2>\n<p class=\"\" data-start=\"157\" data-end=\"206\">Vielseitig. Robust. Kompatibel mit deinem System.<\/p>\n<p class=\"\" data-start=\"208\" data-end=\"546\">Die <strong data-start=\"212\" data-end=\"242\">Forst Universaltasche Flex<\/strong> ist dein Allrounder f\u00fcr den Forsteinsatz.<br data-start=\"284\" data-end=\"287\" \/>Ob Spray, Ma\u00dfband, Multitool oder Thermosflasche \u2013 was du unterwegs brauchst, hast du mit einem Griff parat.<br data-start=\"395\" data-end=\"398\" \/>Kompakt, leicht, aber stabil genug f\u00fcr den Alltag im Bestand. Ideal als Teil eines modularen Systems oder als Erg\u00e4nzung zu bestehenden Ausr\u00fcstungen.<\/p>\n<p class=\"\" data-start=\"548\" data-end=\"793\">Die Tasche ist <strong data-start=\"563\" data-end=\"608\">kompatibel mit allen g\u00e4ngigen Forstgurten<\/strong> \u2013 darunter <strong data-start=\"620\" data-end=\"644\">Stihl ADVANCE X-Flex<\/strong>, <strong data-start=\"646\" data-end=\"659\">Husqvarna<\/strong>, <strong data-start=\"661\" data-end=\"691\">Forstkoppel \u2013 Daniel Lorch<\/strong>, <strong data-start=\"693\" data-end=\"707\">Ochsenkopf<\/strong> und viele weitere.<br data-start=\"726\" data-end=\"729\" \/>Befestigung \u00fcber <strong data-start=\"746\" data-end=\"771\">MOLLE oder RapidClick<\/strong> \u2013 je nach Ausf\u00fchrung.<\/p>\n<h3 class=\"\" data-start=\"800\" data-end=\"830\"><strong data-start=\"804\" data-end=\"828\">Technische Merkmale:<\/strong><\/h3>\n<p class=\"\" data-start=\"831\" data-end=\"1223\">\u2714 Innen gepolstert \u2013 sch\u00fctzt Inhalte vor St\u00f6\u00dfen<br data-start=\"878\" data-end=\"881\" \/>\u2714 Unten offen \u2013 gegen Schmutz- und Wassersammlung<br data-start=\"930\" data-end=\"933\" \/>\u2714 R\u00fcckseite verst\u00e4rkt \u2013 f\u00fcr stabilen Sitz am G\u00fcrtel<br data-start=\"984\" data-end=\"987\" \/>\u2714 Geeignet f\u00fcr Spray, Ma\u00dfband, Getr\u00e4nkeflasche u.\u202fv.\u202fm.<br data-start=\"1042\" data-end=\"1045\" \/>\u2714 Aus abriebfestem, wetterfestem Material<br data-start=\"1086\" data-end=\"1089\" \/>\u2714 Hergestellt in Deutschland<br data-start=\"1117\" data-end=\"1120\" \/>\u2714 Kompatibel mit MOLLE, Klett und RapidClick<br data-start=\"1164\" data-end=\"1167\" \/>\u2714 Waschbar bei 30\u202f\u00b0C, kein Trockner<br data-start=\"1202\" data-end=\"1205\" \/>\u2714 4 Jahre Garantie<\/p>\n<p data-start=\"831\" data-end=\"1223\"><strong style=\"color: #333333; font-size: 26px;\" data-start=\"349\" data-end=\"412\">Kombinierbar mit weiteren Komponenten aus dem FUEGOS System<\/strong><\/p>\n<div class=\"text-base my-auto mx-auto py-5 [--thread-content-margin:--spacing(4)] @[37rem]:[--thread-content-margin:--spacing(6)] @[72rem]:[--thread-content-margin:--spacing(16)] px-(--thread-content-margin)\">\n<div class=\"[--thread-content-max-width:32rem] @[34rem]:[--thread-content-max-width:40rem] @[64rem]:[--thread-content-max-width:48rem] mx-auto flex max-w-(--thread-content-max-width) flex-1 text-base gap-4 md:gap-5 lg:gap-6 group\/turn-messages focus-visible:outline-hidden\" tabindex=\"-1\">\n<div class=\"group\/conversation-turn relative flex w-full min-w-0 flex-col agent-turn\">\n<div class=\"relative flex-col gap-1 md:gap-3\">\n<div class=\"flex max-w-full flex-col grow\">\n<div class=\"min-h-8 text-message relative flex w-full flex-col items-end gap-2 text-start break-words whitespace-normal [.text-message+&amp;]:mt-5\" dir=\"auto\" data-message-author-role=\"assistant\" data-message-id=\"dd707094-e16c-40f9-9cbf-a33fd518db12\" data-message-model-slug=\"gpt-4o\">\n<div class=\"flex w-full flex-col gap-1 empty:hidden first:pt-[3px]\">\n<div class=\"markdown prose dark:prose-invert w-full break-words dark\">\n<p class=\"\" data-start=\"414\" data-end=\"685\">Die <strong data-start=\"418\" data-end=\"448\">Forst Universaltasche Flex<\/strong> l\u00e4sst sich hervorragend mit anderen modularen Komponenten von FUEGOS kombinieren.<br data-start=\"530\" data-end=\"533\" \/>Durch das einheitliche Systemdesign entsteht ein durchdachtes Tragesystem, das sich individuell anpassen l\u00e4sst \u2013 je nach Einsatz, Gel\u00e4nde oder Werkzeug.<\/p>\n<h3 class=\"\" data-start=\"687\" data-end=\"745\">Besonders gut passt die Forst Universaltasche Flex zu:<\/h3>\n<ul data-start=\"747\" data-end=\"1559\">\n<li class=\"\" data-start=\"747\" data-end=\"877\">\n<p class=\"\" data-start=\"749\" data-end=\"877\"><strong data-start=\"749\" data-end=\"779\">F\u00e4llkeiltasche verstellbar<\/strong><br data-start=\"779\" data-end=\"782\" \/>Ideal bei der Holzaufnahme \u2013 mechanisch oder klassisch. Gleiche Materialien, gleiches System.<\/p>\n<\/li>\n<li class=\"\" data-start=\"879\" data-end=\"1007\">\n<p class=\"\" data-start=\"881\" data-end=\"1007\"><strong data-start=\"881\" data-end=\"919\">Kreidehalter mit Pendel und Magnet<\/strong><br data-start=\"919\" data-end=\"922\" \/>F\u00fcr Markierarbeiten im Bestand. Wird oft zusammen mit der Universaltasche getragen.<\/p>\n<\/li>\n<li class=\"\" data-start=\"1009\" data-end=\"1122\">\n<p class=\"\" data-start=\"1011\" data-end=\"1122\"><strong data-start=\"1011\" data-end=\"1055\">Werkzeughalter f\u00fcr Sappie oder Packhaken<\/strong><br data-start=\"1055\" data-end=\"1058\" \/>Perfekt f\u00fcr R\u00fcckearbeiten. Gleiche Befestigung, gleich robust.<\/p>\n<\/li>\n<li class=\"\" data-start=\"1124\" data-end=\"1232\">\n<p class=\"\" data-start=\"1126\" data-end=\"1232\"><strong data-start=\"1126\" data-end=\"1153\">Ma\u00dfbandhalter (15\u201325\u202fm)<\/strong><br data-start=\"1153\" data-end=\"1156\" \/>Erg\u00e4nzt die Tasche f\u00fcr pr\u00e4zise Arbeiten. Magnetisch, pendelnd, kompatibel.<\/p>\n<\/li>\n<li class=\"\" data-start=\"1234\" data-end=\"1359\">\n<p class=\"\" data-start=\"1236\" data-end=\"1359\"><strong data-start=\"1236\" data-end=\"1276\">Erste-Hilfe-Set Forst nach DIN 13164<\/strong><br data-start=\"1276\" data-end=\"1279\" \/>Kompakt, wasserfest und MOLLE-kompatibel \u2013 direkt neben der Tasche montierbar.<\/p>\n<\/li>\n<li class=\"\" data-start=\"1361\" data-end=\"1559\">\n<p class=\"\" data-start=\"1363\" data-end=\"1559\"><strong data-start=\"1363\" data-end=\"1417\">FUEGOS Tragesystem (Gurt oder Schultertr\u00e4ger)<\/strong><br data-start=\"1417\" data-end=\"1420\" \/>F\u00fcr l\u00e4ngere Eins\u00e4tze und mehr Komfort. Die Universaltasche Flex kann sowohl am H\u00fcftgurt als auch an den Schultertr\u00e4gern befestigt werden.<\/p>\n<\/li>\n<\/ul>\n<\/div>\n<\/div>\n<\/div>\n<\/div>\n<\/div>\n<\/div>\n<\/div>\n<\/div>\n","protected":false},"excerpt":{"rendered":"<h2 class=\"\" data-start=\"87\" data-end=\"120\"><strong data-start=\"90\" data-end=\"120\">Bosque Caso Universal Flex<\/strong><\/h2>\n<p class=\"translation-block\" data-start=\"122\" data-end=\"232\"><strong data-start=\"\u00ab122\u00bb\" data-end=\"\u00ab138\u00bb\">\u00bfQu\u00e9 es?<\/strong><br data-start=\"\u201c138\u201d\" data-end=\"\u00ab141\u00bb\">Una bolsa adicional resistente para tu arn\u00e9s forestal: resistente a la intemperie, compacta y lista para usar.<\/p>\n<p class=\"translation-block\" data-start=\"234\" data-end=\"305\"><strong data-start=\"\u00ab234\u00bb\" data-end=\"\u00ab253\u00bb\">\u00bfQu\u00e9 cabe dentro?<\/strong><br data-start=\"\u201c253\u201d\" data-end=\"\u00ab256\u00bb\">\u2714 Spray marcador<br data-start=\"\u00ab263\u00bb\" data-end=\"\u00ab266\u00bb\">\u2714 Cinta m\u00e9trica forestal<br data-start=\"\u00ab275\u00bb\" data-end=\"\u00ab278\u00bb\">\u2714 Herramienta multiusos y otros<br data-start=\"\u201c289\u201d\" data-end=\"\u00ab292\u00bb\">\u2714 Comida (botellas de bebida, tentempi\u00e9)<\/p>\n<p class=\"translation-block\" data-start=\"307\" data-end=\"453\"><strong data-start=\"\u00ab307\u00bb\" data-end=\"\u00ab328\u00bb\">\u00bfD\u00f3nde se puede colocar?<\/strong><br data-start=\"\u201c328\u201d\" data-end=\"\u00ab331\u00bb\">En correas y sistemas de Stihl, Husqvarna, Daniel Lorch, Ochsenkopf y muchos m\u00e1s.<br data-start=\"\u00ab407\u00bb\" data-end=\"\u00ab410\u00bb\">MOLLE o RapidClick, seg\u00fan el modelo.<\/p>\n<p class=\"translation-block\" data-start=\"455\" data-end=\"580\"><strong data-start=\"\u00ab523\u00bb\" data-end=\"\u00ab537\u00bb\">\u00bfPor qu\u00e9?<\/strong><br data-start=\"\u00ab537\u00bb\" data-end=\"\u00ab540\u00bb\">\u2714 Sin PVC<br data-start=\"\u00ab550\u00bb\" data-end=\"\u00ab553\u00bb\">\u2714 Tejido repelente al agua<br data-start=\"\u201c579\u201d\" data-end=\"\u00ab582\u00bb\">\u2714 Se ajusta perfectamente al cintur\u00f3n<br data-start=\"\u00ab604\u00bb\" data-end=\"\u00ab607\u00bb\">\u2714 F\u00e1cil de limpiar, lavable<br data-start=\"\u00ab631\u00bb\" data-end=\"\u00ab634\u00bb\">\u2714 Fabricado en Alemania<br data-start=\"\u201c662\u201d\" data-end=\"\u00ab665\u00bb\">\u2714 4 a\u00f1os de garant\u00eda<\/p>\n<p class=\"\" data-start=\"582\" data-end=\"665\"><strong data-start=\"582\" data-end=\"665\">Para todos los all\u00ed necesitan acceder r\u00e1pidamente y sin complicaciones desea.<\/strong><\/p>","protected":false},"featured_media":255925,"comment_status":"open","ping_status":"closed","template":"","meta":{"_et_pb_use_builder":"","_et_pb_old_content":"","_et_gb_content_width":""},"product_brand":[],"product_cat":[25,31],"product_tag":[],"class_list":{"0":"post-255924","1":"product","2":"type-product","3":"status-publish","4":"has-post-thumbnail","6":"product_cat-forst","7":"product_cat-forst-taschen-zubehoer","9":"first","10":"instock","11":"taxable","12":"shipping-taxable","13":"purchasable","14":"product-type-simple"},"yoast_head":"<!-- This site is optimized with the Yoast SEO plugin v27.4 - https:\/\/yoast.com\/product\/yoast-seo-wordpress\/ -->\n<title>Forst Universaltasche Flex &#8226; Fuegos<\/title>\n<meta name=\"description\" content=\"Robuste Forst Universaltasche Flex mit Rollverschluss. Kompatibel mit Stihl &amp; Co. Ideal f\u00fcr Spray, Ma\u00dfband &amp; Werkzeug. Hergestellt in Deutschland\" \/>\n<meta name=\"robots\" content=\"index, follow, max-snippet:-1, max-image-preview:large, max-video-preview:-1\" \/>\n<link rel=\"canonical\" href=\"https:\/\/www.fuegos.eu\/es\/product\/forst-universaltasche-flex\/\" \/>\n<meta property=\"og:locale\" content=\"es_ES\" \/>\n<meta property=\"og:type\" content=\"article\" \/>\n<meta property=\"og:title\" content=\"Forst Universaltasche Flex &#8226; Fuegos\" \/>\n<meta property=\"og:description\" content=\"Robuste Forst Universaltasche Flex mit Rollverschluss. Kompatibel mit Stihl &amp; Co. Ideal f\u00fcr Spray, Ma\u00dfband &amp; Werkzeug. Hergestellt in Deutschland\" \/>\n<meta property=\"og:url\" content=\"https:\/\/www.fuegos.eu\/es\/product\/forst-universaltasche-flex\/\" \/>\n<meta property=\"og:site_name\" content=\"Fuegos\" \/>\n<meta property=\"article:publisher\" content=\"https:\/\/www.facebook.com\/FuegosForst\/\" \/>\n<meta property=\"article:modified_time\" content=\"2025-05-10T19:56:48+00:00\" \/>\n<meta property=\"og:image\" content=\"https:\/\/www.fuegos.eu\/wp-content\/uploads\/2025\/05\/Forst-Universaltasche-Flex_800-min.jpg\" \/>\n\t<meta property=\"og:image:width\" content=\"800\" \/>\n\t<meta property=\"og:image:height\" content=\"800\" \/>\n\t<meta property=\"og:image:type\" content=\"image\/jpeg\" \/>\n<meta name=\"twitter:card\" content=\"summary_large_image\" \/>\n<meta name=\"twitter:label1\" content=\"Tiempo de lectura\" \/>\n\t<meta name=\"twitter:data1\" content=\"2 minutos\" \/>\n<script type=\"application\/ld+json\" class=\"yoast-schema-graph\">{\"@context\":\"https:\\\/\\\/schema.org\",\"@graph\":[{\"@type\":\"WebPage\",\"@id\":\"https:\\\/\\\/www.fuegos.eu\\\/product\\\/forst-universaltasche-flex\\\/\",\"url\":\"https:\\\/\\\/www.fuegos.eu\\\/product\\\/forst-universaltasche-flex\\\/\",\"name\":\"Forst Universaltasche Flex &#8226; Fuegos\",\"isPartOf\":{\"@id\":\"https:\\\/\\\/www.fuegos.eu\\\/#website\"},\"primaryImageOfPage\":{\"@id\":\"https:\\\/\\\/www.fuegos.eu\\\/product\\\/forst-universaltasche-flex\\\/#primaryimage\"},\"image\":{\"@id\":\"https:\\\/\\\/www.fuegos.eu\\\/product\\\/forst-universaltasche-flex\\\/#primaryimage\"},\"thumbnailUrl\":\"https:\\\/\\\/www.fuegos.eu\\\/wp-content\\\/uploads\\\/2025\\\/05\\\/Forst-Universaltasche-Flex_800-min.jpg\",\"datePublished\":\"2025-05-10T19:25:45+00:00\",\"dateModified\":\"2025-05-10T19:56:48+00:00\",\"description\":\"Robuste Forst Universaltasche Flex mit Rollverschluss. Kompatibel mit Stihl & Co. Ideal f\u00fcr Spray, Ma\u00dfband & Werkzeug. Hergestellt in Deutschland\",\"breadcrumb\":{\"@id\":\"https:\\\/\\\/www.fuegos.eu\\\/product\\\/forst-universaltasche-flex\\\/#breadcrumb\"},\"inLanguage\":\"es\",\"potentialAction\":[{\"@type\":\"ReadAction\",\"target\":[\"https:\\\/\\\/www.fuegos.eu\\\/product\\\/forst-universaltasche-flex\\\/\"]}]},{\"@type\":\"ImageObject\",\"inLanguage\":\"es\",\"@id\":\"https:\\\/\\\/www.fuegos.eu\\\/product\\\/forst-universaltasche-flex\\\/#primaryimage\",\"url\":\"https:\\\/\\\/www.fuegos.eu\\\/wp-content\\\/uploads\\\/2025\\\/05\\\/Forst-Universaltasche-Flex_800-min.jpg\",\"contentUrl\":\"https:\\\/\\\/www.fuegos.eu\\\/wp-content\\\/uploads\\\/2025\\\/05\\\/Forst-Universaltasche-Flex_800-min.jpg\",\"width\":800,\"height\":800,\"caption\":\"Die Forst Universaltasche Flex \u2013 robust, wetterfest und passend f\u00fcr g\u00e4ngige Forstg\u00fcrtel. Mit Rollverschluss, Rei\u00dfverschluss-Frontfach und MOLLE-\\\/RapidClick-System\"},{\"@type\":\"BreadcrumbList\",\"@id\":\"https:\\\/\\\/www.fuegos.eu\\\/product\\\/forst-universaltasche-flex\\\/#breadcrumb\",\"itemListElement\":[{\"@type\":\"ListItem\",\"position\":1,\"name\":\"Home\",\"item\":\"https:\\\/\\\/www.fuegos.eu\\\/\"},{\"@type\":\"ListItem\",\"position\":2,\"name\":\"Shop\",\"item\":\"https:\\\/\\\/www.fuegos.eu\\\/forstguertel-taschen-online-kaufen\\\/\"},{\"@type\":\"ListItem\",\"position\":3,\"name\":\"Forst Universaltasche Flex\"}]},{\"@type\":\"WebSite\",\"@id\":\"https:\\\/\\\/www.fuegos.eu\\\/#website\",\"url\":\"https:\\\/\\\/www.fuegos.eu\\\/\",\"name\":\"Fuegos\",\"description\":\"Textile L\u00f6sungen nach Ma\u00df\",\"publisher\":{\"@id\":\"https:\\\/\\\/www.fuegos.eu\\\/#organization\"},\"potentialAction\":[{\"@type\":\"SearchAction\",\"target\":{\"@type\":\"EntryPoint\",\"urlTemplate\":\"https:\\\/\\\/www.fuegos.eu\\\/?s={search_term_string}\"},\"query-input\":{\"@type\":\"PropertyValueSpecification\",\"valueRequired\":true,\"valueName\":\"search_term_string\"}}],\"inLanguage\":\"es\"},{\"@type\":\"Organization\",\"@id\":\"https:\\\/\\\/www.fuegos.eu\\\/#organization\",\"name\":\"Fuegos\",\"url\":\"https:\\\/\\\/www.fuegos.eu\\\/\",\"logo\":{\"@type\":\"ImageObject\",\"inLanguage\":\"es\",\"@id\":\"https:\\\/\\\/www.fuegos.eu\\\/#\\\/schema\\\/logo\\\/image\\\/\",\"url\":\"https:\\\/\\\/fuegos.eu\\\/wp-content\\\/uploads\\\/2020\\\/05\\\/FuegosSignatur000.jpg\",\"contentUrl\":\"https:\\\/\\\/fuegos.eu\\\/wp-content\\\/uploads\\\/2020\\\/05\\\/FuegosSignatur000.jpg\",\"width\":960,\"height\":408,\"caption\":\"Fuegos\"},\"image\":{\"@id\":\"https:\\\/\\\/www.fuegos.eu\\\/#\\\/schema\\\/logo\\\/image\\\/\"},\"sameAs\":[\"https:\\\/\\\/www.facebook.com\\\/FuegosForst\\\/\",\"https:\\\/\\\/www.youtube.com\\\/channel\\\/UC0SFe93Vgi6YZV6tSCOLdkA\"]}]}<\/script>\n<!-- \/ Yoast SEO plugin. -->","yoast_head_json":{"title":"Bosque Universal De La Bolsa De Flex \u2022 Fuegos","description":"Robusto bosque universal de la bolsa de Flex con el roll-top cierre. Compatible con Stihl &amp; co. - Ideal para Aerosol, cinta de medir y de la herramienta. Hecho en Alemania","robots":{"index":"index","follow":"follow","max-snippet":"max-snippet:-1","max-image-preview":"max-image-preview:large","max-video-preview":"max-video-preview:-1"},"canonical":"https:\/\/www.fuegos.eu\/es\/product\/forst-universaltasche-flex\/","og_locale":"es_ES","og_type":"article","og_title":"Forst Universaltasche Flex &#8226; Fuegos","og_description":"Robuste Forst Universaltasche Flex mit Rollverschluss. Kompatibel mit Stihl & Co. Ideal f\u00fcr Spray, Ma\u00dfband & Werkzeug. Hergestellt in Deutschland","og_url":"https:\/\/www.fuegos.eu\/es\/product\/forst-universaltasche-flex\/","og_site_name":"Fuegos","article_publisher":"https:\/\/www.facebook.com\/FuegosForst\/","article_modified_time":"2025-05-10T19:56:48+00:00","og_image":[{"width":800,"height":800,"url":"https:\/\/www.fuegos.eu\/wp-content\/uploads\/2025\/05\/Forst-Universaltasche-Flex_800-min.jpg","type":"image\/jpeg"}],"twitter_card":"summary_large_image","twitter_misc":{"Tiempo de lectura":"2 minutos"},"schema":{"@context":"https:\/\/schema.org","@graph":[{"@type":"WebPage","@id":"https:\/\/www.fuegos.eu\/product\/forst-universaltasche-flex\/","url":"https:\/\/www.fuegos.eu\/product\/forst-universaltasche-flex\/","name":"Bosque Universal De La Bolsa De Flex \u2022 Fuegos","isPartOf":{"@id":"https:\/\/www.fuegos.eu\/#website"},"primaryImageOfPage":{"@id":"https:\/\/www.fuegos.eu\/product\/forst-universaltasche-flex\/#primaryimage"},"image":{"@id":"https:\/\/www.fuegos.eu\/product\/forst-universaltasche-flex\/#primaryimage"},"thumbnailUrl":"https:\/\/www.fuegos.eu\/wp-content\/uploads\/2025\/05\/Forst-Universaltasche-Flex_800-min.jpg","datePublished":"2025-05-10T19:25:45+00:00","dateModified":"2025-05-10T19:56:48+00:00","description":"Robusto bosque universal de la bolsa de Flex con el roll-top cierre. Compatible con Stihl &amp; co. - Ideal para Aerosol, cinta de medir y de la herramienta. Hecho en Alemania","breadcrumb":{"@id":"https:\/\/www.fuegos.eu\/product\/forst-universaltasche-flex\/#breadcrumb"},"inLanguage":"es","potentialAction":[{"@type":"ReadAction","target":["https:\/\/www.fuegos.eu\/product\/forst-universaltasche-flex\/"]}]},{"@type":"ImageObject","inLanguage":"es","@id":"https:\/\/www.fuegos.eu\/product\/forst-universaltasche-flex\/#primaryimage","url":"https:\/\/www.fuegos.eu\/wp-content\/uploads\/2025\/05\/Forst-Universaltasche-Flex_800-min.jpg","contentUrl":"https:\/\/www.fuegos.eu\/wp-content\/uploads\/2025\/05\/Forst-Universaltasche-Flex_800-min.jpg","width":800,"height":800,"caption":"Die Forst Universaltasche Flex \u2013 robust, wetterfest und passend f\u00fcr g\u00e4ngige Forstg\u00fcrtel. Mit Rollverschluss, Rei\u00dfverschluss-Frontfach und MOLLE-\/RapidClick-System"},{"@type":"BreadcrumbList","@id":"https:\/\/www.fuegos.eu\/product\/forst-universaltasche-flex\/#breadcrumb","itemListElement":[{"@type":"ListItem","position":1,"name":"Home","item":"https:\/\/www.fuegos.eu\/"},{"@type":"ListItem","position":2,"name":"Shop","item":"https:\/\/www.fuegos.eu\/forstguertel-taschen-online-kaufen\/"},{"@type":"ListItem","position":3,"name":"Forst Universaltasche Flex"}]},{"@type":"WebSite","@id":"https:\/\/www.fuegos.eu\/#website","url":"https:\/\/www.fuegos.eu\/","name":"Inicio","description":"Soluciones textiles","publisher":{"@id":"https:\/\/www.fuegos.eu\/#organization"},"potentialAction":[{"@type":"SearchAction","target":{"@type":"EntryPoint","urlTemplate":"https:\/\/www.fuegos.eu\/?s={search_term_string}"},"query-input":{"@type":"PropertyValueSpecification","valueRequired":true,"valueName":"search_term_string"}}],"inLanguage":"es"},{"@type":"Organization","@id":"https:\/\/www.fuegos.eu\/#organization","name":"Inicio","url":"https:\/\/www.fuegos.eu\/","logo":{"@type":"ImageObject","inLanguage":"es","@id":"https:\/\/www.fuegos.eu\/#\/schema\/logo\/image\/","url":"https:\/\/fuegos.eu\/wp-content\/uploads\/2020\/05\/FuegosSignatur000.jpg","contentUrl":"https:\/\/fuegos.eu\/wp-content\/uploads\/2020\/05\/FuegosSignatur000.jpg","width":960,"height":408,"caption":"Fuegos"},"image":{"@id":"https:\/\/www.fuegos.eu\/#\/schema\/logo\/image\/"},"sameAs":["https:\/\/www.facebook.com\/FuegosForst\/","https:\/\/www.youtube.com\/channel\/UC0SFe93Vgi6YZV6tSCOLdkA"]}]}},"_links":{"self":[{"href":"https:\/\/www.fuegos.eu\/es\/wp-json\/wp\/v2\/product\/255924","targetHints":{"allow":["GET"]}}],"collection":[{"href":"https:\/\/www.fuegos.eu\/es\/wp-json\/wp\/v2\/product"}],"about":[{"href":"https:\/\/www.fuegos.eu\/es\/wp-json\/wp\/v2\/types\/product"}],"replies":[{"embeddable":true,"href":"https:\/\/www.fuegos.eu\/es\/wp-json\/wp\/v2\/comments?post=255924"}],"wp:featuredmedia":[{"embeddable":true,"href":"https:\/\/www.fuegos.eu\/es\/wp-json\/wp\/v2\/media\/255925"}],"wp:attachment":[{"href":"https:\/\/www.fuegos.eu\/es\/wp-json\/wp\/v2\/media?parent=255924"}],"wp:term":[{"taxonomy":"product_brand","embeddable":true,"href":"https:\/\/www.fuegos.eu\/es\/wp-json\/wp\/v2\/product_brand?post=255924"},{"taxonomy":"product_cat","embeddable":true,"href":"https:\/\/www.fuegos.eu\/es\/wp-json\/wp\/v2\/product_cat?post=255924"},{"taxonomy":"product_tag","embeddable":true,"href":"https:\/\/www.fuegos.eu\/es\/wp-json\/wp\/v2\/product_tag?post=255924"}],"curies":[{"name":"wp","href":"https:\/\/api.w.org\/{rel}","templated":true}]}}