{"id":254961,"date":"2024-12-03T13:09:03","date_gmt":"2024-12-03T12:09:03","guid":{"rendered":"https:\/\/fuegos.eu\/?page_id=254961"},"modified":"2024-12-17T12:03:24","modified_gmt":"2024-12-17T11:03:24","slug":"forstguertel-schweiz","status":"publish","type":"page","link":"https:\/\/www.fuegos.eu\/fr\/forstguertel-schweiz\/","title":{"rendered":"Forstg\u00fcrtel Schweiz"},"content":{"rendered":"<p>[et_pb_section fb_built=&#8221;1&#8243; admin_label=&#8221;Header&#8221; _builder_version=&#8221;4.16&#8243; _module_preset=&#8221;default&#8221; custom_padding=&#8221;||0px|||&#8221; global_colors_info=&#8221;{}&#8221;][et_pb_row make_equal=&#8221;on&#8221; _builder_version=&#8221;4.16&#8243; _module_preset=&#8221;default&#8221; locked=&#8221;off&#8221; global_colors_info=&#8221;{}&#8221;][et_pb_column type=&#8221;4_4&#8243; _builder_version=&#8221;4.16&#8243; _module_preset=&#8221;default&#8221; global_colors_info=&#8221;{}&#8221;][et_pb_text _builder_version=&#8221;4.24.0&#8243; _module_preset=&#8221;4deaa1a6-d0cd-49d0-ada3-8dc22addd086&#8243; header_4_font=&#8221;Montserrat|700|||||||&#8221; header_4_font_size=&#8221;16px&#8221; header_4_line_height=&#8221;1.5em&#8221; custom_margin=&#8221;||0px||false|false&#8221; header_4_font_size_tablet=&#8221;&#8221; header_4_font_size_phone=&#8221;12px&#8221; header_4_font_size_last_edited=&#8221;on|phone&#8221; global_colors_info=&#8221;{}&#8221;]<\/p>\n<h4>Hochwertige Forstg\u00fcrtel<\/h4>\n<p>[\/et_pb_text][et_pb_text _builder_version=&#8221;4.24.0&#8243; _module_preset=&#8221;d72c0383-6487-4f2c-ac5c-7d48a6376757&#8243; header_font=&#8221;Montserrat|700|||||||&#8221; header_text_color=&#8221;#000000&#8243; header_font_size=&#8221;100px&#8221; header_line_height=&#8221;1.1em&#8221; header_font_size_tablet=&#8221;50px&#8221; header_font_size_phone=&#8221;30px&#8221; header_font_size_last_edited=&#8221;on|phone&#8221; global_colors_info=&#8221;{}&#8221;]<\/p>\n<h1>Forstg\u00fcrtel Schweiz<\/h1>\n<p>[\/et_pb_text][et_pb_button button_url=&#8221;#Plfanztaschen%20Auswahl&#8221; button_text=&#8221;Zur Auswahl&#8221; button_alignment=&#8221;right&#8221; _builder_version=&#8221;4.24.0&#8243; _module_preset=&#8221;a93bd5f4-85ca-4af8-aab9-5954042d5969&#8243; custom_button=&#8221;on&#8221; button_text_size=&#8221;16px&#8221; button_text_color=&#8221;#FFFFFF&#8221; button_bg_color=&#8221;#000000&#8243; button_border_width=&#8221;0px&#8221; button_border_radius=&#8221;0px&#8221; button_letter_spacing=&#8221;2px&#8221; button_font=&#8221;Montserrat|600||on|||||&#8221; custom_padding=&#8221;15px|30px|15px|30px|true|true&#8221; custom_padding_tablet=&#8221;13px|25px|13px|25px|true|true&#8221; custom_padding_phone=&#8221;10px|10px|10px|10px|true|true&#8221; custom_padding_last_edited=&#8221;on|phone&#8221; button_text_size_tablet=&#8221;15px&#8221; button_text_size_phone=&#8221;13px&#8221; button_text_size_last_edited=&#8221;on|phone&#8221; locked=&#8221;off&#8221; global_colors_info=&#8221;{}&#8221; button_bg_color__hover_enabled=&#8221;on|hover&#8221; button_bg_color__hover=&#8221;#383838&#8243; button_bg_enable_color__hover=&#8221;on&#8221;][\/et_pb_button][\/et_pb_column][\/et_pb_row][et_pb_row column_structure=&#8221;1_2,1_4,1_4&#8243; custom_padding_last_edited=&#8221;on|phone&#8221; _builder_version=&#8221;4.24.0&#8243; _module_preset=&#8221;default&#8221; background_color=&#8221;gcid-d116008b-ce49-46ea-9433-049c9562a0bc&#8221; custom_margin=&#8221;4%||||false|false&#8221; custom_padding=&#8221;40px|40px|40px|40px|true|true&#8221; custom_padding_tablet=&#8221;30px|30px|30px|30px|true|true&#8221; custom_padding_phone=&#8221;20px|20px|20px|20px|true|true&#8221; global_colors_info=&#8221;{%22gcid-d116008b-ce49-46ea-9433-049c9562a0bc%22:%91%22background_color%22%93}&#8221;][et_pb_column type=&#8221;1_2&#8243; _builder_version=&#8221;4.16&#8243; _module_preset=&#8221;default&#8221; global_colors_info=&#8221;{}&#8221;][et_pb_image src=&#8221;https:\/\/fuegos.eu\/wp-content\/uploads\/2024\/12\/Forstguertel_Schweiz_Forstwirt-min-1.gif&#8221; alt=&#8221;Animiertes GIF, das zeigt, wie die Tr\u00e4ger einer Pflanztasche einfach angepasst werden k\u00f6nnen, um die ideale Passform und Komfort zu gew\u00e4hrleisten.&#8221; title_text=&#8221;Forstg\u00fcrtel_Schweiz_Forstwirt&#8211;min&#8221; _builder_version=&#8221;4.24.0&#8243; _module_preset=&#8221;default&#8221; custom_margin=&#8221;-20%|||-14vw|false|false&#8221; custom_margin_tablet=&#8221;0%|||0%|false|false&#8221; custom_margin_phone=&#8221;0%|||0%|false|false&#8221; custom_margin_last_edited=&#8221;on|tablet&#8221; border_width_all=&#8221;5px&#8221; border_color_all=&#8221;#000000&#8243; locked=&#8221;off&#8221; global_colors_info=&#8221;{}&#8221;][\/et_pb_image][\/et_pb_column][et_pb_column type=&#8221;1_4&#8243; _builder_version=&#8221;4.16&#8243; _module_preset=&#8221;default&#8221; global_colors_info=&#8221;{}&#8221;][et_pb_blurb title=&#8221;Ergonomisch&#8221; use_icon=&#8221;on&#8221; font_icon=&#8221;&#xf24e;||fa||900&#8243; image_icon_width=&#8221;40px&#8221; icon_alignment=&#8221;left&#8221; content_max_width=&#8221;100%&#8221; _builder_version=&#8221;4.24.0&#8243; _module_preset=&#8221;6e712727-0993-4f47-a922-0032e4c3d8f6&#8243; header_font=&#8221;Montserrat|700|||||||&#8221; header_font_size=&#8221;20px&#8221; header_line_height=&#8221;1.2em&#8221; body_font=&#8221;Montserrat||||||||&#8221; animation=&#8221;off&#8221; header_font_size_tablet=&#8221;18px&#8221; header_font_size_phone=&#8221;16px&#8221; header_font_size_last_edited=&#8221;on|phone&#8221; body_font_size_tablet=&#8221;&#8221; body_font_size_phone=&#8221;13px&#8221; body_font_size_last_edited=&#8221;on|phone&#8221; locked=&#8221;off&#8221; global_colors_info=&#8221;{}&#8221;]<\/p>\n<p>Die Forstg\u00fcrtel sowie alle anderen Module setzen modernste ergonomische Standartds.<\/p>\n<p>[\/et_pb_blurb][et_pb_blurb title=&#8221;Pflegeleicht&#8221; use_icon=&#8221;on&#8221; font_icon=&#8221;&#xf43c;||fa||900&#8243; image_icon_width=&#8221;36px&#8221; icon_alignment=&#8221;left&#8221; content_max_width=&#8221;100%&#8221; _builder_version=&#8221;4.24.0&#8243; _module_preset=&#8221;6e712727-0993-4f47-a922-0032e4c3d8f6&#8243; header_font=&#8221;Montserrat|700|||||||&#8221; header_font_size=&#8221;20px&#8221; header_line_height=&#8221;1.2em&#8221; body_font=&#8221;Montserrat||||||||&#8221; animation=&#8221;off&#8221; header_font_size_tablet=&#8221;18px&#8221; header_font_size_phone=&#8221;16px&#8221; header_font_size_last_edited=&#8221;on|phone&#8221; body_font_size_tablet=&#8221;&#8221; body_font_size_phone=&#8221;13px&#8221; body_font_size_last_edited=&#8221;on|phone&#8221; locked=&#8221;off&#8221; global_colors_info=&#8221;{}&#8221;]<\/p>\n<p>Unsere Materialien sind langlebig und pflegeleicht.\u00a0<\/p>\n<p>[\/et_pb_blurb][\/et_pb_column][et_pb_column type=&#8221;1_4&#8243; _builder_version=&#8221;4.16&#8243; _module_preset=&#8221;default&#8221; global_colors_info=&#8221;{}&#8221;][et_pb_blurb title=&#8221;Anpassbar&#8221; use_icon=&#8221;on&#8221; font_icon=&#8221;&#xf1de;||fa||900&#8243; image_icon_width=&#8221;36px&#8221; icon_alignment=&#8221;left&#8221; content_max_width=&#8221;100%&#8221; _builder_version=&#8221;4.24.0&#8243; _module_preset=&#8221;6e712727-0993-4f47-a922-0032e4c3d8f6&#8243; header_font=&#8221;Montserrat|700|||||||&#8221; header_font_size=&#8221;20px&#8221; header_line_height=&#8221;1.2em&#8221; body_font=&#8221;Montserrat||||||||&#8221; animation=&#8221;off&#8221; header_font_size_tablet=&#8221;18px&#8221; header_font_size_phone=&#8221;16px&#8221; header_font_size_last_edited=&#8221;on|phone&#8221; body_font_size_tablet=&#8221;&#8221; body_font_size_phone=&#8221;13px&#8221; body_font_size_last_edited=&#8221;on|phone&#8221; locked=&#8221;off&#8221; global_colors_info=&#8221;{}&#8221;]<\/p>\n<p>Wir bieten die gr\u00f6\u00dfte Auswahl an Taschen und Forstg\u00fcrteln auf dem Markt.\u00a0<\/p>\n<p>[\/et_pb_blurb][et_pb_blurb title=&#8221;Robust&#8221; use_icon=&#8221;on&#8221; font_icon=&#8221;&#xe0f6;||divi||400&#8243; image_icon_width=&#8221;40px&#8221; icon_alignment=&#8221;left&#8221; content_max_width=&#8221;100%&#8221; _builder_version=&#8221;4.24.0&#8243; _module_preset=&#8221;6e712727-0993-4f47-a922-0032e4c3d8f6&#8243; header_font=&#8221;Montserrat|700|||||||&#8221; header_font_size=&#8221;20px&#8221; header_line_height=&#8221;1.2em&#8221; body_font=&#8221;Montserrat||||||||&#8221; animation=&#8221;off&#8221; header_font_size_tablet=&#8221;18px&#8221; header_font_size_phone=&#8221;16px&#8221; header_font_size_last_edited=&#8221;on|phone&#8221; body_font_size_tablet=&#8221;&#8221; body_font_size_phone=&#8221;13px&#8221; body_font_size_last_edited=&#8221;on|phone&#8221; locked=&#8221;off&#8221; global_colors_info=&#8221;{}&#8221;]<\/p>\n<p>Ohne PVC. Aus schnittfestem Material mit 4 Jahren Garantie. Und nat\u00fcrlich MADE IN GERMANY<\/p>\n<p>[\/et_pb_blurb][\/et_pb_column][\/et_pb_row][\/et_pb_section][et_pb_section fb_built=&#8221;1&#8243; _builder_version=&#8221;4.16&#8243; _module_preset=&#8221;default&#8221; custom_padding=&#8221;1px||0px||false|false&#8221; locked=&#8221;off&#8221; global_colors_info=&#8221;{}&#8221;][et_pb_row _builder_version=&#8221;4.16&#8243; _module_preset=&#8221;default&#8221; global_colors_info=&#8221;{}&#8221;][et_pb_column type=&#8221;4_4&#8243; _builder_version=&#8221;4.16&#8243; _module_preset=&#8221;default&#8221; global_colors_info=&#8221;{}&#8221;][et_pb_text module_id=&#8221;Plfanztaschen Auswahl&#8221; _builder_version=&#8221;4.24.0&#8243; _module_preset=&#8221;32021f09-dd67-47fb-8f9a-832b72a38baf&#8221; header_2_font=&#8221;Montserrat|700|||||||&#8221; header_2_text_color=&#8221;#000000&#8243; header_2_font_size=&#8221;50px&#8221; header_2_line_height=&#8221;1.2em&#8221; custom_margin=&#8221;||10px||false|false&#8221; header_2_font_size_tablet=&#8221;32px&#8221; header_2_font_size_phone=&#8221;18px&#8221; header_2_font_size_last_edited=&#8221;on|desktop&#8221; locked=&#8221;off&#8221; global_colors_info=&#8221;{}&#8221;]<\/p>\n<h2 style=\"text-align: left;\">Forstg\u00fcrtel Empfehlung<\/h2>\n<p>[\/et_pb_text][et_pb_divider divider_weight=&#8221;4px&#8221; _builder_version=&#8221;4.24.0&#8243; _module_preset=&#8221;default&#8221; width=&#8221;103px&#8221; module_alignment=&#8221;left&#8221; custom_margin=&#8221;||0px||false|false&#8221; global_colors_info=&#8221;{}&#8221;][\/et_pb_divider][\/et_pb_column][\/et_pb_row][et_pb_row column_structure=&#8221;1_2,1_2&#8243; use_custom_gutter=&#8221;on&#8221; gutter_width=&#8221;2&#8243; make_equal=&#8221;on&#8221; _builder_version=&#8221;4.24.0&#8243; _module_preset=&#8221;default&#8221; custom_padding=&#8221;0px||0px||false|false&#8221; global_colors_info=&#8221;{}&#8221;][et_pb_column type=&#8221;1_2&#8243; _builder_version=&#8221;4.16&#8243; _module_preset=&#8221;default&#8221; custom_padding=&#8221;||||false|false&#8221; global_colors_info=&#8221;{}&#8221;][et_pb_shop type=&#8221;product_category&#8221; posts_number=&#8221;2&#8243; include_categories=&#8221;176&#8243; columns_number=&#8221;2&#8243; icon_hover_color=&#8221;RGBA(0,0,0,0)&#8221; hover_overlay_color=&#8221;rgba(0,0,0,0)&#8221; module_class=&#8221;dc-shop-v1&#8243; _builder_version=&#8221;4.24.0&#8243; _module_preset=&#8221;default&#8221; custom_margin=&#8221;-18px|-18px|-18px|-18px|true|true&#8221; global_colors_info=&#8221;{}&#8221;][\/et_pb_shop][\/et_pb_column][et_pb_column type=&#8221;1_2&#8243; _builder_version=&#8221;4.24.0&#8243; _module_preset=&#8221;default&#8221; background_image=&#8221;https:\/\/fuegos.eu\/wp-content\/uploads\/2024\/09\/Pflanztaschen_Im_Forst-Blog-Titelbild_.jpg&#8221; custom_padding=&#8221;35px|35px|35px|35px|true|true&#8221; global_colors_info=&#8221;{}&#8221;][et_pb_text _builder_version=&#8221;4.24.0&#8243; _module_preset=&#8221;default&#8221; text_font=&#8221;Montserrat||||||||&#8221; header_font=&#8221;||||||||&#8221; header_3_font=&#8221;Montserrat|700|||||||&#8221; header_3_text_color=&#8221;#FFFFFF&#8221; header_3_font_size=&#8221;30px&#8221; header_3_line_height=&#8221;1.4em&#8221; custom_margin=&#8221;||0px||false|false&#8221; custom_padding=&#8221;||0px|||&#8221; header_3_font_size_tablet=&#8221;20px&#8221; header_3_font_size_phone=&#8221;16px&#8221; header_3_font_size_last_edited=&#8221;on|phone&#8221; global_colors_info=&#8221;{}&#8221;]<\/p>\n<h3>Alles \u00dcber<\/h3>\n<p>[\/et_pb_text][et_pb_text _builder_version=&#8221;4.24.0&#8243; _module_preset=&#8221;default&#8221; text_font=&#8221;Montserrat||||||||&#8221; text_text_color=&#8221;#FFFFFF&#8221; text_font_size=&#8221;18px&#8221; custom_margin=&#8221;-4px||||false|false&#8221; global_colors_info=&#8221;{}&#8221;]<\/p>\n<p>Ergonomische Forstg\u00fcrtel <br \/>f\u00fcr die Schweiz.\u00a0<br \/>Vorteile | Langlebigkeit\u00a0<\/p>\n<p>[\/et_pb_text][et_pb_button button_url=&#8221;https:\/\/www.fuegos.eu\/profi-forstguertel-warum-materialien-den-unterschied-machen\/&#8221; button_text=&#8221;Zum Blogbeitrag&#8221; button_alignment=&#8221;left&#8221; _builder_version=&#8221;4.24.0&#8243; _module_preset=&#8221;default&#8221; custom_button=&#8221;on&#8221; button_text_size=&#8221;16px&#8221; button_text_color=&#8221;#FFFFFF&#8221; button_bg_color=&#8221;#000000&#8243; button_border_width=&#8221;0px&#8221; button_border_radius=&#8221;0px&#8221; button_letter_spacing=&#8221;2px&#8221; button_font=&#8221;Montserrat|600||on|||||&#8221; custom_padding=&#8221;15px|30px|15px|30px|true|true&#8221; custom_padding_tablet=&#8221;13px|25px|13px|25px|true|true&#8221; custom_padding_phone=&#8221;10px|10px|10px|10px|true|true&#8221; custom_padding_last_edited=&#8221;on|phone&#8221; hover_enabled=&#8221;0&#8243; button_text_size_tablet=&#8221;15px&#8221; button_text_size_phone=&#8221;13px&#8221; button_text_size_last_edited=&#8221;on|phone&#8221; global_colors_info=&#8221;{}&#8221; button_bg_color__hover=&#8221;#383838&#8243; button_bg_color__hover_enabled=&#8221;on|hover&#8221; sticky_enabled=&#8221;0&#8243;][\/et_pb_button][\/et_pb_column][\/et_pb_row][\/et_pb_section][et_pb_section fb_built=&#8221;1&#8243; _builder_version=&#8221;4.16&#8243; _module_preset=&#8221;default&#8221; custom_padding=&#8221;0px||0px||false|false&#8221; locked=&#8221;off&#8221; global_colors_info=&#8221;{}&#8221;][et_pb_row _builder_version=&#8221;4.24.0&#8243; _module_preset=&#8221;default&#8221; custom_padding=&#8221;0px||11px|||&#8221; global_colors_info=&#8221;{}&#8221;][et_pb_column type=&#8221;4_4&#8243; _builder_version=&#8221;4.24.0&#8243; _module_preset=&#8221;default&#8221; global_colors_info=&#8221;{}&#8221;][et_pb_text _builder_version=&#8221;4.24.0&#8243; _module_preset=&#8221;3a5fa9a7-7987-4564-89a5-37b87a5b6ad8&#8243; header_font=&#8221;||||||||&#8221; header_3_font=&#8221;Montserrat|700|||||||&#8221; header_3_text_color=&#8221;#000000&#8243; header_3_font_size=&#8221;30px&#8221; header_3_line_height=&#8221;1.4em&#8221; custom_margin=&#8221;||20px||false|false&#8221; custom_padding=&#8221;37px|||||&#8221; header_3_font_size_tablet=&#8221;20px&#8221; header_3_font_size_phone=&#8221;16px&#8221; header_3_font_size_last_edited=&#8221;on|phone&#8221; locked=&#8221;off&#8221; global_colors_info=&#8221;{}&#8221;]<\/p>\n<h3>\u00a0Forstg\u00fcrtel f\u00fcr jeden Bedarf<\/h3>\n<p>[\/et_pb_text][et_pb_shop type=&#8221;product_category&#8221; posts_number=&#8221;8&#8243; include_categories=&#8221;178&#8243; sale_badge_color=&#8221;#DA171F&#8221; icon_hover_color=&#8221;RGBA(0,0,0,0)&#8221; hover_overlay_color=&#8221;RGBA(0,0,0,0)&#8221; show_rating=&#8221;off&#8221; show_sale_badge=&#8221;off&#8221; module_class=&#8221;dc-shop-v1&#8243; _builder_version=&#8221;4.24.0&#8243; _module_preset=&#8221;default&#8221; price_text_color=&#8221;#000000&#8243; sale_badge_font=&#8221;|||on|||||&#8221; sale_badge_font_size=&#8221;14px&#8221; sale_badge_line_height=&#8221;1.1em&#8221; rating_text_color=&#8221;#DA171F&#8221; text_orientation=&#8221;left&#8221; width=&#8221;100%&#8221; custom_margin=&#8221;||-9px|||&#8221; custom_padding=&#8221;||0px||false|false&#8221; global_colors_info=&#8221;{}&#8221;][\/et_pb_shop][\/et_pb_column][\/et_pb_row][\/et_pb_section][et_pb_section fb_built=&#8221;1&#8243; admin_label=&#8221;Products Section&#8221; _builder_version=&#8221;4.24.0&#8243; custom_padding=&#8221;26px|0px|42px|0px||&#8221; locked=&#8221;off&#8221; global_colors_info=&#8221;{}&#8221;][et_pb_row _builder_version=&#8221;4.16&#8243; _module_preset=&#8221;default&#8221; custom_padding=&#8221;6px||0px|||&#8221; global_colors_info=&#8221;{}&#8221;][et_pb_column type=&#8221;4_4&#8243; _builder_version=&#8221;4.16&#8243; _module_preset=&#8221;default&#8221; global_colors_info=&#8221;{}&#8221;][et_pb_text _builder_version=&#8221;4.24.0&#8243; _module_preset=&#8221;default&#8221; header_2_font=&#8221;Montserrat|700|||||||&#8221; header_2_text_color=&#8221;#000000&#8243; header_2_font_size=&#8221;50px&#8221; header_2_line_height=&#8221;1.2em&#8221; custom_margin=&#8221;||10px||false|false&#8221; header_2_font_size_tablet=&#8221;32px&#8221; header_2_font_size_phone=&#8221;18px&#8221; header_2_font_size_last_edited=&#8221;on|tablet&#8221; global_colors_info=&#8221;{}&#8221;]<\/p>\n<h2 style=\"text-align: center;\">TOP 3 Forstg\u00fcrtel Sets &amp; Werkzeugtaschen <\/h2>\n<p>[\/et_pb_text][et_pb_divider divider_weight=&#8221;4px&#8221; _builder_version=&#8221;4.24.0&#8243; _module_preset=&#8221;default&#8221; width=&#8221;334px&#8221; module_alignment=&#8221;center&#8221; custom_margin=&#8221;||0px||false|false&#8221; global_colors_info=&#8221;{}&#8221;][\/et_pb_divider][\/et_pb_column][\/et_pb_row][et_pb_row column_structure=&#8221;1_3,1_3,1_3&#8243; use_custom_gutter=&#8221;on&#8221; gutter_width=&#8221;2&#8243; module_id=&#8221;Forstg\u00fcrtel Sets &#038; Werkzeugtaschen&#8221; _builder_version=&#8221;4.24.0&#8243; custom_padding=&#8221;||2px|||&#8221; locked=&#8221;off&#8221; global_colors_info=&#8221;{}&#8221;][et_pb_column type=&#8221;1_3&#8243; _builder_version=&#8221;4.16&#8243; custom_padding=&#8221;|||&#8221; global_colors_info=&#8221;{}&#8221; custom_padding__hover=&#8221;|||&#8221;][et_pb_blurb title=&#8221;PROFI FORSTG\u00dcRTEL Set &#8221; image=&#8221;https:\/\/fuegos.eu\/wp-content\/uploads\/2024\/03\/Forstguertel-Sets-Werkzeugtaschen_Profi-Forstguertel-min.jpg&#8221; alt=&#8221;Forstg\u00fcrtel-Sets-&#038;-Werkzeugtaschen_Profi-Forstg\u00fcrtel-min&#8221; admin_label=&#8221;Juice Type&#8221; _builder_version=&#8221;4.24.0&#8243; header_font=&#8221;Montserrat|700||on|||||&#8221; header_text_align=&#8221;left&#8221; header_text_color=&#8221;#000000&#8243; header_font_size=&#8221;20px&#8221; header_letter_spacing=&#8221;2px&#8221; header_line_height=&#8221;1.4em&#8221; body_font=&#8221;Open Sans|600|||||||&#8221; body_text_align=&#8221;center&#8221; body_font_size=&#8221;16px&#8221; body_line_height=&#8221;1.8em&#8221; background_enable_color=&#8221;off&#8221; background_layout=&#8221;dark&#8221; custom_padding=&#8221;60px|40px|10px|40px||&#8221; animation_style=&#8221;zoom&#8221; animation_delay=&#8221;200ms&#8221; animation_intensity_zoom=&#8221;10%&#8221; animation=&#8221;off&#8221; border_radii=&#8221;on|6px|6px|6px|6px&#8221; locked=&#8221;off&#8221; global_colors_info=&#8221;{}&#8221;]<\/p>\n<p style=\"text-align: left;\"><span style=\"color: #000000;\">Profi Forstg\u00fcrtel Set mit Austria Alpin Schnalle. Mehr Profi Forstg\u00fcrtel gibt es nicht.<br \/><\/span><\/p>\n<p>[\/et_pb_blurb][et_pb_counters admin_label=&#8221;Juice Info&#8221; _builder_version=&#8221;4.24.0&#8243; title_font=&#8221;Oswald|500||on|||||&#8221; title_text_color=&#8221;#000000&#8243; title_font_size=&#8221;16px&#8221; title_letter_spacing=&#8221;2px&#8221; title_line_height=&#8221;3em&#8221; percent_font=&#8221;||||||||&#8221; width=&#8221;80%&#8221; module_alignment=&#8221;center&#8221; global_colors_info=&#8221;{}&#8221;][et_pb_counter percent=&#8221;100&#8243; bar_background_color=&#8221;#000000&#8243; _builder_version=&#8221;4.24.0&#8243; title_font=&#8221;||||||||&#8221; title_text_color=&#8221;#000000&#8243; percent_font=&#8221;||||||||&#8221; percent_font_size=&#8221;0px&#8221; percent_line_height=&#8221;0em&#8221; global_colors_info=&#8221;{}&#8221; bar_background_color_default=&#8221;#000000&#8243; use_percentages=&#8221;on&#8221;]Langlebigkeit[\/et_pb_counter][et_pb_counter percent=&#8221;100&#8243; bar_background_color=&#8221;#000000&#8243; _builder_version=&#8221;4.24.0&#8243; title_font=&#8221;||||||||&#8221; title_text_color=&#8221;#000000&#8243; percent_font=&#8221;||||||||&#8221; percent_font_size=&#8221;0px&#8221; percent_line_height=&#8221;0em&#8221; global_colors_info=&#8221;{}&#8221; bar_background_color_default=&#8221;#000000&#8243; use_percentages=&#8221;on&#8221;]Ergonomie[\/et_pb_counter][et_pb_counter percent=&#8221;100&#8243; bar_background_color=&#8221;#000000&#8243; _builder_version=&#8221;4.24.0&#8243; title_font=&#8221;||||||||&#8221; title_text_color=&#8221;#000000&#8243; percent_font=&#8221;||||||||&#8221; percent_font_size=&#8221;0px&#8221; percent_line_height=&#8221;0em&#8221; global_colors_info=&#8221;{}&#8221; bar_background_color_default=&#8221;#000000&#8243; use_percentages=&#8221;on&#8221;]Stabilit\u00e4t[\/et_pb_counter][\/et_pb_counters][et_pb_button button_url=&#8221;@ET-DC@eyJkeW5hbWljIjp0cnVlLCJjb250ZW50IjoicG9zdF9saW5rX3VybF9wcm9kdWN0Iiwic2V0dGluZ3MiOnsicG9zdF9pZCI6IjI1MzU1OCJ9fQ==@&#8221; button_text=&#8221;Zum Profi-Forstg\u00fcrtel&#8221; button_alignment=&#8221;center&#8221; _builder_version=&#8221;4.24.0&#8243; _dynamic_attributes=&#8221;button_url&#8221; _module_preset=&#8221;a93bd5f4-85ca-4af8-aab9-5954042d5969&#8243; custom_button=&#8221;on&#8221; button_text_size=&#8221;16px&#8221; button_text_color=&#8221;#FFFFFF&#8221; button_bg_color=&#8221;#000000&#8243; button_border_width=&#8221;0px&#8221; button_border_radius=&#8221;0px&#8221; button_letter_spacing=&#8221;2px&#8221; button_font=&#8221;Montserrat|600||on|||||&#8221; custom_padding=&#8221;15px|30px|15px|30px|true|true&#8221; custom_padding_tablet=&#8221;13px|25px|13px|25px|true|true&#8221; custom_padding_phone=&#8221;10px|20px|10px|20px|true|true&#8221; custom_padding_last_edited=&#8221;on|phone&#8221; button_text_size_tablet=&#8221;15px&#8221; button_text_size_phone=&#8221;14px&#8221; button_text_size_last_edited=&#8221;on|phone&#8221; locked=&#8221;off&#8221; global_colors_info=&#8221;{}&#8221; button_bg_color__hover_enabled=&#8221;on|hover&#8221; button_bg_color__hover=&#8221;#383838&#8243; button_bg_enable_color__hover=&#8221;on&#8221;][\/et_pb_button][\/et_pb_column][et_pb_column type=&#8221;1_3&#8243; _builder_version=&#8221;4.24.0&#8243; background_color=&#8221;#f7f7f7&#8243; custom_padding=&#8221;||40px||false|false&#8221; global_colors_info=&#8221;{}&#8221; custom_padding__hover=&#8221;|||&#8221;][et_pb_blurb title=&#8221;Forstg\u00fcrtel Individualisieren Set&#8221; image=&#8221;https:\/\/fuegos.eu\/wp-content\/uploads\/2024\/03\/Forstguertel-Werkzeugtaschen-individuell-zusammenstellen_Fuegos-Forstguertel.png&#8221; alt=&#8221;Forstg\u00fcrtel &#038; Werkzeugtaschen individuell zusammenstellen Fuegos Forstg\u00fcrtel&#8221; admin_label=&#8221;Juice Type&#8221; _builder_version=&#8221;4.24.0&#8243; header_font=&#8221;Montserrat|700||on|||||&#8221; header_text_align=&#8221;left&#8221; header_text_color=&#8221;#000000&#8243; header_font_size=&#8221;20px&#8221; header_letter_spacing=&#8221;2px&#8221; header_line_height=&#8221;1.4em&#8221; body_font=&#8221;Open Sans|600|||||||&#8221; body_text_align=&#8221;center&#8221; body_font_size=&#8221;16px&#8221; body_line_height=&#8221;1.8em&#8221; background_color=&#8221;#f7f7f7&#8243; background_layout=&#8221;dark&#8221; custom_margin=&#8221;||-1px|||&#8221; custom_padding=&#8221;40px|40px|8px|40px|false|false&#8221; animation_style=&#8221;zoom&#8221; animation_delay=&#8221;200ms&#8221; animation_intensity_zoom=&#8221;10%&#8221; animation=&#8221;off&#8221; border_radii=&#8221;on|6px|6px|6px|6px&#8221; locked=&#8221;off&#8221; global_colors_info=&#8221;{}&#8221;]<\/p>\n<p style=\"text-align: left;\"><span style=\"color: #000000;\">\u00a0Das klassische Forstg\u00fcrtel Set mit allen Standard Werkzeugtaschen.<br \/><\/span><\/p>\n<p>[\/et_pb_blurb][et_pb_counters admin_label=&#8221;Juice Info&#8221; _builder_version=&#8221;4.24.0&#8243; title_font=&#8221;Oswald|500||on|||||&#8221; title_text_color=&#8221;#000000&#8243; title_font_size=&#8221;16px&#8221; title_letter_spacing=&#8221;2px&#8221; title_line_height=&#8221;3em&#8221; percent_font=&#8221;||||||||&#8221; width=&#8221;80%&#8221; module_alignment=&#8221;center&#8221; global_colors_info=&#8221;{}&#8221;][et_pb_counter percent=&#8221;100&#8243; bar_background_color=&#8221;#000000&#8243; _builder_version=&#8221;4.24.0&#8243; title_font=&#8221;||||||||&#8221; title_text_color=&#8221;#000000&#8243; percent_font=&#8221;||||||||&#8221; percent_font_size=&#8221;0px&#8221; percent_line_height=&#8221;0em&#8221; global_colors_info=&#8221;{}&#8221; bar_background_color_default=&#8221;#000000&#8243; use_percentages=&#8221;on&#8221;]Langlebigkeit[\/et_pb_counter][et_pb_counter percent=&#8221;100&#8243; bar_background_color=&#8221;#000000&#8243; _builder_version=&#8221;4.24.0&#8243; title_font=&#8221;||||||||&#8221; title_text_color=&#8221;#000000&#8243; percent_font=&#8221;||||||||&#8221; percent_font_size=&#8221;0px&#8221; percent_line_height=&#8221;0em&#8221; global_colors_info=&#8221;{}&#8221; bar_background_color_default=&#8221;#000000&#8243; use_percentages=&#8221;on&#8221;]Ergonomie[\/et_pb_counter][et_pb_counter percent=&#8221;80&#8243; bar_background_color=&#8221;#000000&#8243; _builder_version=&#8221;4.24.0&#8243; title_font=&#8221;||||||||&#8221; title_text_color=&#8221;#000000&#8243; percent_font=&#8221;||||||||&#8221; percent_font_size=&#8221;0px&#8221; percent_line_height=&#8221;0em&#8221; global_colors_info=&#8221;{}&#8221; bar_background_color_default=&#8221;#000000&#8243; use_percentages=&#8221;on&#8221;]Stabilit\u00e4t[\/et_pb_counter][\/et_pb_counters][et_pb_button button_url=&#8221;@ET-DC@eyJkeW5hbWljIjp0cnVlLCJjb250ZW50IjoicG9zdF9saW5rX3VybF9wcm9kdWN0Iiwic2V0dGluZ3MiOnsicG9zdF9pZCI6IjIzNzU4MiJ9fQ==@&#8221; button_text=&#8221;Zum Forstg\u00fcrtel&#8221; button_alignment=&#8221;center&#8221; _builder_version=&#8221;4.24.0&#8243; _dynamic_attributes=&#8221;button_url&#8221; _module_preset=&#8221;a93bd5f4-85ca-4af8-aab9-5954042d5969&#8243; custom_button=&#8221;on&#8221; button_text_size=&#8221;16px&#8221; button_text_color=&#8221;#FFFFFF&#8221; button_bg_color=&#8221;#000000&#8243; button_border_width=&#8221;0px&#8221; button_border_radius=&#8221;0px&#8221; button_letter_spacing=&#8221;2px&#8221; button_font=&#8221;Montserrat|600||on|||||&#8221; custom_margin=&#8221;21px|||-22px||&#8221; custom_padding=&#8221;15px|42px|15px|42px|true|true&#8221; custom_padding_tablet=&#8221;13px|25px|13px|25px|true|true&#8221; custom_padding_phone=&#8221;10px|20px|10px|20px|true|true&#8221; custom_padding_last_edited=&#8221;on|phone&#8221; button_text_size_tablet=&#8221;15px&#8221; button_text_size_phone=&#8221;14px&#8221; button_text_size_last_edited=&#8221;on|phone&#8221; locked=&#8221;off&#8221; global_colors_info=&#8221;{}&#8221; button_bg_color__hover_enabled=&#8221;on|hover&#8221; button_bg_color__hover=&#8221;#383838&#8243; button_bg_enable_color__hover=&#8221;on&#8221;][\/et_pb_button][\/et_pb_column][et_pb_column type=&#8221;1_3&#8243; _builder_version=&#8221;4.16&#8243; custom_padding=&#8221;|||&#8221; global_colors_info=&#8221;{}&#8221; custom_padding__hover=&#8221;|||&#8221;][et_pb_blurb title=&#8221;MINIMALISTEN KOPPEL FORSTG\u00dcRTEL Set&#8221; image=&#8221;https:\/\/fuegos.eu\/wp-content\/uploads\/2024\/02\/Forstguertel-Werkzeugtaschen-individuell-zusammenstellen_Minimalisten-Koppel-Forstguertel.jpg&#8221; alt=&#8221;Forstg\u00fcrtel &#038; Werkzeugtaschen individuell zusammenstellen Minimalisten Koppel Forstg\u00fcrtel&#8221; admin_label=&#8221;Juice Type&#8221; _builder_version=&#8221;4.24.0&#8243; header_font=&#8221;Montserrat|700||on|||||&#8221; header_text_align=&#8221;left&#8221; header_text_color=&#8221;#000000&#8243; header_font_size=&#8221;20px&#8221; header_letter_spacing=&#8221;2px&#8221; header_line_height=&#8221;1.4em&#8221; body_font=&#8221;Open Sans|600|||||||&#8221; body_text_align=&#8221;center&#8221; body_font_size=&#8221;16px&#8221; body_line_height=&#8221;1.8em&#8221; background_enable_color=&#8221;off&#8221; background_layout=&#8221;dark&#8221; custom_margin=&#8221;||1px|||&#8221; custom_padding=&#8221;60px|40px|10px|40px||&#8221; animation_style=&#8221;zoom&#8221; animation_delay=&#8221;200ms&#8221; animation_intensity_zoom=&#8221;10%&#8221; animation=&#8221;off&#8221; border_radii=&#8221;on|6px|6px|6px|6px&#8221; locked=&#8221;off&#8221; global_colors_info=&#8221;{}&#8221;]<\/p>\n<p style=\"text-align: left;\"><span style=\"color: #000000;\">Unser Minimalisten Koppel Forstg\u00fcrtel Set ist geeignet f\u00fcr Einsteiger und Sparf\u00fcchse. <br \/><\/span><\/p>\n<p>[\/et_pb_blurb][et_pb_counters admin_label=&#8221;Juice Info&#8221; _builder_version=&#8221;4.24.0&#8243; title_font=&#8221;Oswald|500||on|||||&#8221; title_text_color=&#8221;#000000&#8243; title_font_size=&#8221;16px&#8221; title_letter_spacing=&#8221;2px&#8221; title_line_height=&#8221;3em&#8221; percent_font=&#8221;||||||||&#8221; width=&#8221;80%&#8221; module_alignment=&#8221;center&#8221; global_colors_info=&#8221;{}&#8221;][et_pb_counter percent=&#8221;100&#8243; bar_background_color=&#8221;#000000&#8243; _builder_version=&#8221;4.24.0&#8243; title_font=&#8221;||||||||&#8221; title_text_color=&#8221;#000000&#8243; percent_font=&#8221;||||||||&#8221; percent_font_size=&#8221;0px&#8221; percent_line_height=&#8221;0em&#8221; global_colors_info=&#8221;{}&#8221; bar_background_color_default=&#8221;#000000&#8243; use_percentages=&#8221;on&#8221;]Langlebigkeit[\/et_pb_counter][et_pb_counter percent=&#8221;20&#8243; bar_background_color=&#8221;#000000&#8243; _builder_version=&#8221;4.24.0&#8243; title_font=&#8221;||||||||&#8221; title_text_color=&#8221;#000000&#8243; percent_font=&#8221;||||||||&#8221; percent_font_size=&#8221;0px&#8221; percent_line_height=&#8221;0em&#8221; global_colors_info=&#8221;{}&#8221; bar_background_color_default=&#8221;#000000&#8243; use_percentages=&#8221;on&#8221;]Ergonomie[\/et_pb_counter][et_pb_counter percent=&#8221;40&#8243; bar_background_color=&#8221;#000000&#8243; _builder_version=&#8221;4.24.0&#8243; title_font=&#8221;||||||||&#8221; title_text_color=&#8221;#000000&#8243; percent_font=&#8221;||||||||&#8221; percent_font_size=&#8221;0px&#8221; percent_line_height=&#8221;0em&#8221; global_colors_info=&#8221;{}&#8221; bar_background_color_default=&#8221;#000000&#8243; use_percentages=&#8221;on&#8221;]Stabilit\u00e4t[\/et_pb_counter][\/et_pb_counters][et_pb_button button_url=&#8221;@ET-DC@eyJkeW5hbWljIjp0cnVlLCJjb250ZW50IjoicG9zdF9saW5rX3VybF9wcm9kdWN0Iiwic2V0dGluZ3MiOnsicG9zdF9pZCI6IjI1MzY1OSJ9fQ==@&#8221; button_text=&#8221;Zur Forst Koppel&#8221; button_alignment=&#8221;center&#8221; _builder_version=&#8221;4.24.0&#8243; _dynamic_attributes=&#8221;button_url&#8221; _module_preset=&#8221;a93bd5f4-85ca-4af8-aab9-5954042d5969&#8243; custom_button=&#8221;on&#8221; button_text_size=&#8221;16px&#8221; button_text_color=&#8221;#FFFFFF&#8221; button_bg_color=&#8221;#000000&#8243; button_border_width=&#8221;0px&#8221; button_border_radius=&#8221;0px&#8221; button_letter_spacing=&#8221;2px&#8221; button_font=&#8221;Montserrat|600||on|||||&#8221; custom_padding=&#8221;15px|30px|15px|30px|true|true&#8221; custom_padding_tablet=&#8221;13px|25px|13px|25px|true|true&#8221; custom_padding_phone=&#8221;10px|20px|10px|20px|true|true&#8221; custom_padding_last_edited=&#8221;on|phone&#8221; button_text_size_tablet=&#8221;15px&#8221; button_text_size_phone=&#8221;14px&#8221; button_text_size_last_edited=&#8221;on|phone&#8221; locked=&#8221;off&#8221; global_colors_info=&#8221;{}&#8221; button_bg_color__hover_enabled=&#8221;on|hover&#8221; button_bg_color__hover=&#8221;#383838&#8243; button_bg_enable_color__hover=&#8221;on&#8221;][\/et_pb_button][\/et_pb_column][\/et_pb_row][\/et_pb_section][et_pb_section fb_built=&#8221;1&#8243; _builder_version=&#8221;4.16&#8243; _module_preset=&#8221;default&#8221; custom_padding=&#8221;0px||0px||false|false&#8221; locked=&#8221;off&#8221; global_colors_info=&#8221;{}&#8221;][et_pb_row _builder_version=&#8221;4.16&#8243; _module_preset=&#8221;default&#8221; custom_padding=&#8221;||0px|||&#8221; global_colors_info=&#8221;{}&#8221;][et_pb_column type=&#8221;4_4&#8243; _builder_version=&#8221;4.16&#8243; _module_preset=&#8221;default&#8221; global_colors_info=&#8221;{}&#8221;][et_pb_text _builder_version=&#8221;4.16&#8243; _module_preset=&#8221;default&#8221; header_2_font=&#8221;Montserrat|700|||||||&#8221; header_2_text_color=&#8221;#000000&#8243; header_2_font_size=&#8221;50px&#8221; header_2_line_height=&#8221;1.2em&#8221; custom_margin=&#8221;||10px||false|false&#8221; header_2_font_size_tablet=&#8221;32px&#8221; header_2_font_size_phone=&#8221;18px&#8221; header_2_font_size_last_edited=&#8221;on|tablet&#8221; global_colors_info=&#8221;{}&#8221;]<\/p>\n<h2>Forstgurte &amp; Equipment<\/h2>\n<p>[\/et_pb_text][et_pb_divider divider_weight=&#8221;4px&#8221; _builder_version=&#8221;4.16&#8243; _module_preset=&#8221;default&#8221; width=&#8221;103px&#8221; module_alignment=&#8221;left&#8221; custom_margin=&#8221;||0px||false|false&#8221; global_colors_info=&#8221;{}&#8221;][\/et_pb_divider][\/et_pb_column][\/et_pb_row][et_pb_row module_id=&#8221;Auswahl&#8221; _builder_version=&#8221;4.24.0&#8243; _module_preset=&#8221;default&#8221; custom_padding=&#8221;2px||38px|||&#8221; locked=&#8221;off&#8221; global_colors_info=&#8221;{}&#8221;][et_pb_column type=&#8221;4_4&#8243; _builder_version=&#8221;4.16&#8243; _module_preset=&#8221;default&#8221; global_colors_info=&#8221;{}&#8221;][et_pb_shop type=&#8221;product_category&#8221; include_categories=&#8221;25&#8243; sale_badge_color=&#8221;#DA171F&#8221; icon_hover_color=&#8221;RGBA(0,0,0,0)&#8221; hover_overlay_color=&#8221;RGBA(0,0,0,0)&#8221; show_rating=&#8221;off&#8221; show_sale_badge=&#8221;off&#8221; module_class=&#8221;dc-shop-v1&#8243; _builder_version=&#8221;4.24.0&#8243; _module_preset=&#8221;default&#8221; price_text_color=&#8221;#000000&#8243; sale_badge_font=&#8221;|||on|||||&#8221; sale_badge_font_size=&#8221;14px&#8221; sale_badge_line_height=&#8221;1.1em&#8221; rating_text_color=&#8221;#DA171F&#8221; text_orientation=&#8221;left&#8221; width=&#8221;100%&#8221; custom_margin=&#8221;||1px||false|false&#8221; custom_padding=&#8221;||||false|false&#8221; global_colors_info=&#8221;{}&#8221;][\/et_pb_shop][et_pb_button button_url=&#8221;#Forstg\u00fcrtel%20Sets%20&#038;%20Werkzeugtaschen&#8221; button_text=&#8221;Zur Auswahl&#8221; _builder_version=&#8221;4.24.0&#8243; _module_preset=&#8221;a93bd5f4-85ca-4af8-aab9-5954042d5969&#8243; custom_button=&#8221;on&#8221; button_text_size=&#8221;16px&#8221; button_text_color=&#8221;#FFFFFF&#8221; button_bg_color=&#8221;#000000&#8243; button_border_width=&#8221;0px&#8221; button_border_radius=&#8221;0px&#8221; button_letter_spacing=&#8221;2px&#8221; button_font=&#8221;Montserrat|600||on|||||&#8221; custom_padding=&#8221;15px|30px|15px|30px|true|true&#8221; custom_padding_tablet=&#8221;13px|25px|13px|25px|true|true&#8221; custom_padding_phone=&#8221;10px|20px|10px|20px|true|true&#8221; custom_padding_last_edited=&#8221;on|phone&#8221; button_text_size_tablet=&#8221;15px&#8221; button_text_size_phone=&#8221;14px&#8221; button_text_size_last_edited=&#8221;on|phone&#8221; locked=&#8221;off&#8221; global_colors_info=&#8221;{}&#8221; button_bg_color__hover_enabled=&#8221;on|hover&#8221; button_bg_color__hover=&#8221;#383838&#8243; button_bg_enable_color__hover=&#8221;on&#8221;][\/et_pb_button][\/et_pb_column][\/et_pb_row][\/et_pb_section][et_pb_section fb_built=&#8221;1&#8243; admin_label=&#8221;Footer&#8221; _builder_version=&#8221;4.16&#8243; _module_preset=&#8221;default&#8221; custom_padding=&#8221;4px||0px|||&#8221; global_module=&#8221;253824&#8243; saved_tabs=&#8221;all&#8221; locked=&#8221;off&#8221; global_colors_info=&#8221;{}&#8221;][et_pb_row column_structure=&#8221;1_2,1_2&#8243; _builder_version=&#8221;4.16&#8243; _module_preset=&#8221;default&#8221; background_color=&#8221;gcid-d116008b-ce49-46ea-9433-049c9562a0bc&#8221; custom_margin=&#8221;||30px||false|false&#8221; custom_padding=&#8221;60px||0px||false|false&#8221; global_colors_info=&#8221;{%22gcid-d116008b-ce49-46ea-9433-049c9562a0bc%22:%91%22background_color%22%93}&#8221;][et_pb_column type=&#8221;1_2&#8243; _builder_version=&#8221;4.16&#8243; _module_preset=&#8221;default&#8221; global_colors_info=&#8221;{}&#8221;][et_pb_image src=&#8221;https:\/\/fuegos.eu\/wp-content\/uploads\/2024\/02\/Forstguertel-Komplettset_Gif_500x500-min.gif&#8221; title_text=&#8221;Forstg\u00fcrtel-Komplettset_Gif_500x500-min&#8221; _builder_version=&#8221;4.24.0&#8243; _module_preset=&#8221;default&#8221; global_colors_info=&#8221;{}&#8221;][\/et_pb_image][\/et_pb_column][et_pb_column type=&#8221;1_2&#8243; _builder_version=&#8221;4.16&#8243; _module_preset=&#8221;default&#8221; custom_padding=&#8221;|70px|70px||false|false&#8221; custom_padding_tablet=&#8221;|30px|30px|30px|false|true&#8221; custom_padding_phone=&#8221;0px|20px||20px|false|true&#8221; custom_padding_last_edited=&#8221;on|tablet&#8221; global_colors_info=&#8221;{}&#8221;][et_pb_text _builder_version=&#8221;4.16&#8243; _module_preset=&#8221;4deaa1a6-d0cd-49d0-ada3-8dc22addd086&#8243; header_4_font=&#8221;Montserrat|700|||||||&#8221; header_4_font_size=&#8221;16px&#8221; header_4_line_height=&#8221;1.5em&#8221; custom_margin=&#8221;||0px||false|false&#8221; header_4_font_size_tablet=&#8221;&#8221; header_4_font_size_phone=&#8221;12px&#8221; header_4_font_size_last_edited=&#8221;on|phone&#8221; locked=&#8221;off&#8221; global_colors_info=&#8221;{}&#8221;]<\/p>\n<h4>Mach es dir selbst!<\/h4>\n<p>[\/et_pb_text][et_pb_text _builder_version=&#8221;4.16&#8243; _module_preset=&#8221;32021f09-dd67-47fb-8f9a-832b72a38baf&#8221; header_2_font=&#8221;Montserrat|700|||||||&#8221; header_2_text_color=&#8221;#000000&#8243; header_2_font_size=&#8221;50px&#8221; header_2_line_height=&#8221;1.2em&#8221; custom_margin=&#8221;||0px||false|false&#8221; header_2_font_size_tablet=&#8221;32px&#8221; header_2_font_size_phone=&#8221;18px&#8221; header_2_font_size_last_edited=&#8221;on|tablet&#8221; locked=&#8221;off&#8221; global_colors_info=&#8221;{}&#8221;]<\/p>\n<h2>Stelle dir dein eigenes System zusammen<\/h2>\n<p>[\/et_pb_text][et_pb_text _builder_version=&#8221;4.24.0&#8243; _module_preset=&#8221;aec0be99-8a53-4f75-abf2-64f29a8b4cc2&#8243; text_font=&#8221;Montserrat||||||||&#8221; text_text_color=&#8221;#000000&#8243; text_font_size=&#8221;20px&#8221; text_font_size_tablet=&#8221;16px&#8221; text_font_size_phone=&#8221;13px&#8221; text_font_size_last_edited=&#8221;on|tablet&#8221; global_colors_info=&#8221;{}&#8221;]<\/p>\n<p>Forstg\u00fcrtel \/ Schultertragesystem \/ Komponente<\/p>\n<p>[\/et_pb_text][et_pb_button button_url=&#8221;https:\/\/fuegos.eu\/forstguertel-werkzeugtaschen-individuell-zusammenstellen&#8221; button_text=&#8221;Mein System finden&#8221; _builder_version=&#8221;4.24.0&#8243; _module_preset=&#8221;a93bd5f4-85ca-4af8-aab9-5954042d5969&#8243; custom_button=&#8221;on&#8221; button_text_size=&#8221;16px&#8221; button_text_color=&#8221;#FFFFFF&#8221; button_bg_color=&#8221;#000000&#8243; button_border_width=&#8221;0px&#8221; button_border_radius=&#8221;0px&#8221; button_letter_spacing=&#8221;2px&#8221; button_font=&#8221;Montserrat|600||on|||||&#8221; custom_padding=&#8221;15px|30px|15px|30px|true|true&#8221; custom_padding_tablet=&#8221;13px|25px|13px|25px|true|true&#8221; custom_padding_phone=&#8221;10px|20px|10px|20px|true|true&#8221; custom_padding_last_edited=&#8221;on|phone&#8221; button_text_size_tablet=&#8221;15px&#8221; button_text_size_phone=&#8221;14px&#8221; button_text_size_last_edited=&#8221;on|phone&#8221; locked=&#8221;off&#8221; global_colors_info=&#8221;{}&#8221; button_bg_color__hover_enabled=&#8221;on|hover&#8221; button_bg_color__hover=&#8221;#383838&#8243; button_bg_enable_color__hover=&#8221;on&#8221;][\/et_pb_button][\/et_pb_column][\/et_pb_row][\/et_pb_section][et_pb_section fb_built=&#8221;1&#8243; _builder_version=&#8221;4.16&#8243; _module_preset=&#8221;default&#8221; custom_padding=&#8221;0px||0px||false|false&#8221; locked=&#8221;off&#8221; global_colors_info=&#8221;{}&#8221;][et_pb_row _builder_version=&#8221;4.16&#8243; _module_preset=&#8221;default&#8221; custom_padding=&#8221;||0px|||&#8221; global_colors_info=&#8221;{}&#8221;][et_pb_column type=&#8221;4_4&#8243; _builder_version=&#8221;4.16&#8243; _module_preset=&#8221;default&#8221; global_colors_info=&#8221;{}&#8221;][et_pb_text _builder_version=&#8221;4.16&#8243; _module_preset=&#8221;default&#8221; header_2_font=&#8221;Montserrat|700|||||||&#8221; header_2_text_color=&#8221;#000000&#8243; header_2_font_size=&#8221;50px&#8221; header_2_line_height=&#8221;1.2em&#8221; custom_margin=&#8221;||10px||false|false&#8221; header_2_font_size_tablet=&#8221;32px&#8221; header_2_font_size_phone=&#8221;18px&#8221; header_2_font_size_last_edited=&#8221;on|tablet&#8221; global_colors_info=&#8221;{}&#8221;]<\/p>\n<h2>Schweiz: Forstg\u00fcrtel Selektion<\/h2>\n<p>[\/et_pb_text][et_pb_divider divider_weight=&#8221;4px&#8221; _builder_version=&#8221;4.16&#8243; _module_preset=&#8221;default&#8221; width=&#8221;103px&#8221; module_alignment=&#8221;left&#8221; custom_margin=&#8221;||0px||false|false&#8221; global_colors_info=&#8221;{}&#8221;][\/et_pb_divider][\/et_pb_column][\/et_pb_row][et_pb_row column_structure=&#8221;1_2,1_2&#8243; _builder_version=&#8221;4.16&#8243; _module_preset=&#8221;default&#8221; custom_padding=&#8221;3px|||||&#8221; global_colors_info=&#8221;{}&#8221;][et_pb_column type=&#8221;1_2&#8243; _builder_version=&#8221;4.16&#8243; _module_preset=&#8221;default&#8221; global_colors_info=&#8221;{}&#8221;][et_pb_text _builder_version=&#8221;4.24.0&#8243; _module_preset=&#8221;3a5fa9a7-7987-4564-89a5-37b87a5b6ad8&#8243; header_font=&#8221;||||||||&#8221; header_3_font=&#8221;Montserrat|700|||||||&#8221; header_3_text_color=&#8221;#000000&#8243; header_3_font_size=&#8221;30px&#8221; header_3_line_height=&#8221;1.4em&#8221; custom_margin=&#8221;||0px||false|false&#8221; header_3_font_size_tablet=&#8221;20px&#8221; header_3_font_size_phone=&#8221;16px&#8221; header_3_font_size_last_edited=&#8221;on|phone&#8221; locked=&#8221;off&#8221; global_colors_info=&#8221;{}&#8221;]<\/p>\n<h3>WerkzeugTaschen &amp; Komponenten f\u00fcr Forstarbeiter<\/h3>\n<p>[\/et_pb_text][et_pb_text _builder_version=&#8221;4.16&#8243; _module_preset=&#8221;16a54059-cc81-4572-9c70-eda6a6c419bf&#8221; text_font=&#8221;Montserrat|500|||||||&#8221; text_text_color=&#8221;#000000&#8243; text_font_size=&#8221;16px&#8221; text_line_height=&#8221;1.8em&#8221; link_font=&#8221;||||on||||&#8221; link_text_color=&#8221;#000000&#8243; ul_line_height=&#8221;2em&#8221; text_font_size_tablet=&#8221;15px&#8221; text_font_size_phone=&#8221;13px&#8221; text_font_size_last_edited=&#8221;on|phone&#8221; header_font_size_tablet=&#8221;55px&#8221; header_font_size_last_edited=&#8221;off|desktop&#8221; locked=&#8221;off&#8221; global_colors_info=&#8221;{}&#8221;]<\/p>\n<ul>\n<li><a rel=\"noopener\" target=\"_new\" href=\"https:\/\/fuegos.eu\/product\/motorsaegenwerkzeug-holster-kombiwerkzeuge-feilen\/\"><strong><span>Motors\u00e4genwerkzeug<\/span><span> Holster<\/span><\/strong><\/a>: Perfekt f\u00fcr Kombiwerkzeuge und Feilen.<\/li>\n<li><a rel=\"noopener\" target=\"_new\" href=\"https:\/\/fuegos.eu\/product\/halterung-spruehfrabe\/\"><strong><span>Spr\u00fchdosenhalter<\/span><\/strong><\/a>: Halterung f\u00fcr Spr\u00fchfarbe und Markierungsdosen.<\/li>\n<li><a rel=\"noopener\" target=\"_new\" href=\"https:\/\/fuegos.eu\/product\/halterung-hammer\/\"><strong><span>Hammerhalterung<\/span><span> F\u00f6rster<\/span><\/strong><\/a>: Robuste Halterung f\u00fcr Forsth\u00e4mmer.<\/li>\n<li><a rel=\"noopener\" target=\"_new\" href=\"https:\/\/fuegos.eu\/product\/messkluppenhalterung_neigungswinkel-verstellbar\/\"><strong><span>Messkluppenhalter<\/span><\/strong><\/a>: Verstellbarer Halter f\u00fcr Messkluppen mit Neigungswinkel.<\/li>\n<li><a rel=\"noopener\" target=\"_new\" href=\"https:\/\/fuegos.eu\/product\/massbandhalterung-fuer-forstguertel-mit-magnet\/\"><strong><span>Ma\u00dfbandhalterung<\/span><span> f\u00fcr<\/span><span> Forstg\u00fcrtel<\/span><\/strong><\/a>: Praktische Halterung f\u00fcr Ma\u00dfb\u00e4nder mit Magnetfunktion.<\/li>\n<li><a rel=\"noopener\" target=\"_new\" href=\"https:\/\/fuegos.eu\/product\/keiltasche-fuer-zwei-faellkeile\/\"><strong><span>Keiltasche<\/span><span> f\u00fcr<\/span><span> zwei<\/span><span> F\u00e4llkeile<\/span><\/strong><\/a>: Tasche f\u00fcr mechanische Keile.<\/li>\n<li><a rel=\"noopener\" target=\"_new\" href=\"https:\/\/fuegos.eu\/product\/nexedge-funkgeraettasche-forstguertel-komplettsystem\/\"><strong><span>Funkger\u00e4tetasche<\/span><span> f\u00fcr<\/span><span> NEXEDGE<\/span><span>-Funkger\u00e4te<\/span><\/strong><\/a>: Ideal f\u00fcr NEXEDGE-Funkger\u00e4te mit Notruf-Funktion.<\/li>\n<li><a rel=\"noopener\" target=\"_new\" href=\"https:\/\/fuegos.eu\/product\/mechanische-faellkeil-tasche\/\"><strong><span>Mechanische<\/span><span> F\u00e4llkeiltasche<\/span><\/strong><\/a>: Speziell f\u00fcr mechanische F\u00e4llkeile.<\/li>\n<li><a rel=\"noopener\" target=\"_new\" href=\"https:\/\/fuegos.eu\/product\/funkgeratetasche-kuno-funkgerate-motorola\/\"><strong><span>Funkger\u00e4tetasche<\/span><span> f\u00fcr<\/span><span> Motorola<\/span><\/strong><\/a>: Passend f\u00fcr Motorola DP3661e.<\/li>\n<\/ul>\n<p>[\/et_pb_text][\/et_pb_column][et_pb_column type=&#8221;1_2&#8243; _builder_version=&#8221;4.16&#8243; _module_preset=&#8221;default&#8221; global_colors_info=&#8221;{}&#8221;][et_pb_text _builder_version=&#8221;4.24.0&#8243; _module_preset=&#8221;3a5fa9a7-7987-4564-89a5-37b87a5b6ad8&#8243; header_font=&#8221;||||||||&#8221; header_3_font=&#8221;Montserrat|700|||||||&#8221; header_3_text_color=&#8221;#000000&#8243; header_3_font_size=&#8221;30px&#8221; header_3_line_height=&#8221;1.4em&#8221; custom_margin=&#8221;||0px||false|false&#8221; header_3_font_size_tablet=&#8221;20px&#8221; header_3_font_size_phone=&#8221;16px&#8221; header_3_font_size_last_edited=&#8221;on|phone&#8221; locked=&#8221;off&#8221; global_colors_info=&#8221;{}&#8221;]<\/p>\n<h3>Forstg\u00fcrtel-Sets \u2013 Komplettl\u00f6sungen\u00a0<\/h3>\n<p>[\/et_pb_text][et_pb_text _builder_version=&#8221;4.16&#8243; _module_preset=&#8221;16a54059-cc81-4572-9c70-eda6a6c419bf&#8221; text_font=&#8221;Montserrat|500|||||||&#8221; text_text_color=&#8221;#000000&#8243; text_font_size=&#8221;16px&#8221; text_line_height=&#8221;1.8em&#8221; link_font=&#8221;||||on||||&#8221; link_text_color=&#8221;#000000&#8243; ul_line_height=&#8221;2em&#8221; text_font_size_tablet=&#8221;15px&#8221; text_font_size_phone=&#8221;13px&#8221; text_font_size_last_edited=&#8221;on|phone&#8221; header_font_size_tablet=&#8221;55px&#8221; header_font_size_last_edited=&#8221;off|desktop&#8221; locked=&#8221;off&#8221; global_colors_info=&#8221;{}&#8221;]<\/p>\n<ul>\n<li><a rel=\"noopener\" target=\"_new\" href=\"https:\/\/fuegos.eu\/product\/profi-forstguertel-set-armadillo-s4\/\"><strong><span>Profi<\/span><span> Forstg\u00fcrtel<\/span><span> Set<\/span><span> Armadillo<\/span><span>-S4+<\/span><\/strong><\/a>: Komplettset f\u00fcr Profis.<\/li>\n<li><a rel=\"noopener\" target=\"_new\" href=\"https:\/\/fuegos.eu\/product\/forstguertel-set-komplett-ausgestattet\/\"><strong><span>Forstg\u00fcrtel<\/span><span> Set<\/span><span> \u2013 Komplett<\/span><span> ausgestattet<\/span><\/strong><\/a>: Ideal f\u00fcr den Allround-Einsatz.<\/li>\n<li><a rel=\"noopener\" target=\"_new\" href=\"https:\/\/fuegos.eu\/product\/tragesystem-fuer-auszubildende-forstwirte-fw-ts100-azubi\/\"><strong><span>Tragesystem<\/span><span> f\u00fcr<\/span><span> Auszubildende<\/span><span> Forstwirte<\/span><\/strong><\/a>: Perfekt f\u00fcr den Einstieg.<\/li>\n<li><a rel=\"noopener\" target=\"_new\" href=\"https:\/\/fuegos.eu\/product\/forstguertel-set-fuer-foerster\/\"><strong><span>Forstg\u00fcrtel<\/span><span> Set<\/span><span> f\u00fcr<\/span><span> F\u00f6rster<\/span><\/strong><\/a>: Speziall\u00f6sung f\u00fcr F\u00f6rster.<\/li>\n<li><a rel=\"noopener\" target=\"_new\" href=\"https:\/\/fuegos.eu\/product\/forstguertel-set-forst-werkzeugguertel-set\/\"><strong><span>Forst<\/span><span>-Tragesystem<\/span><span>-Set<\/span><span> \u2013 Made<\/span><span> in<\/span><span> Germany<\/span><\/strong><\/a>: Robuste L\u00f6sung, hergestellt in Deutschland.<\/li>\n<li><a rel=\"noopener\" target=\"_new\" href=\"https:\/\/fuegos.eu\/product\/forstgurt-koppel-massband-messkluppenhalterung\/\"><strong><span>Forstgurt<\/span><span> Koppel<\/span><span> Ma\u00dfband<\/span><span> &amp; Messkluppenhalterung<\/span><\/strong><\/a>: Mit Halterungen f\u00fcr Ma\u00dfband und Messkluppen.<\/li>\n<li><a rel=\"noopener\" target=\"_new\" href=\"https:\/\/fuegos.eu\/product\/minimalisten-koppel-forstguertel-baukasten\/\"><strong><span>Minimalisten<\/span><span> Koppel<\/span><span> \u2013 Forstg\u00fcrtel<\/span><span> Baukasten<\/span><\/strong><\/a>: Minimalistischer, anpassbarer Forstg\u00fcrtel.<\/li>\n<li><\/li>\n<\/ul>\n<p>[\/et_pb_text][\/et_pb_column][\/et_pb_row][\/et_pb_section][et_pb_section fb_built=&#8221;1&#8243; admin_label=&#8221;About&#8221; _builder_version=&#8221;4.24.0&#8243; _module_preset=&#8221;default&#8221; custom_padding=&#8221;0px||7px|||&#8221; locked=&#8221;off&#8221; global_colors_info=&#8221;{}&#8221;][et_pb_row column_structure=&#8221;2_5,3_5&#8243; _builder_version=&#8221;4.24.0&#8243; _module_preset=&#8221;default&#8221; custom_padding=&#8221;||6px||false|false&#8221; border_color_all=&#8221;#000000&#8243; border_width_bottom=&#8221;1px&#8221; border_color_bottom=&#8221;RGBA(255,255,255,0)&#8221; global_colors_info=&#8221;{}&#8221;][et_pb_column type=&#8221;2_5&#8243; _builder_version=&#8221;4.16&#8243; _module_preset=&#8221;default&#8221; global_colors_info=&#8221;{}&#8221;][et_pb_text _builder_version=&#8221;4.16&#8243; _module_preset=&#8221;3a5fa9a7-7987-4564-89a5-37b87a5b6ad8&#8243; header_font=&#8221;||||||||&#8221; header_3_font=&#8221;Montserrat|700|||||||&#8221; header_3_text_color=&#8221;#000000&#8243; header_3_font_size=&#8221;30px&#8221; header_3_line_height=&#8221;1.4em&#8221; custom_margin=&#8221;||20px||false|false&#8221; header_3_font_size_tablet=&#8221;20px&#8221; header_3_font_size_phone=&#8221;16px&#8221; header_3_font_size_last_edited=&#8221;on|phone&#8221; locked=&#8221;off&#8221; global_colors_info=&#8221;{}&#8221;]<\/p>\n<h3>Finde deinen perfekten Forstg\u00fcrtel f\u00fcr die Schweiz<\/h3>\n<p>[\/et_pb_text][et_pb_image src=&#8221;https:\/\/fuegos.eu\/wp-content\/uploads\/2024\/03\/Forstguertel-Sets-Werkzeugtaschenn_Fostwirt_Mechanische-Forstkeil-Tasche-min.jpg&#8221; alt=&#8221;Forstg\u00fcrtel-Sets &#038; Werkzeugtaschen Fostwirt Mechanische Forstgkeil Tasche&#8221; title_text=&#8221;Forstg\u00fcrtel-Sets-&#038;-Werkzeugtaschenn_Fostwirt_Mechanische-Forstkeil-Tasche-min&#8221; _builder_version=&#8221;4.24.0&#8243; _module_preset=&#8221;default&#8221; global_colors_info=&#8221;{}&#8221;][\/et_pb_image][et_pb_text _builder_version=&#8221;4.24.0&#8243; _module_preset=&#8221;16a54059-cc81-4572-9c70-eda6a6c419bf&#8221; text_font=&#8221;Montserrat|500|||||||&#8221; text_text_color=&#8221;#000000&#8243; text_font_size=&#8221;16px&#8221; text_line_height=&#8221;1.8em&#8221; link_font=&#8221;||||on||||&#8221; link_text_color=&#8221;#000000&#8243; ul_line_height=&#8221;2em&#8221; text_font_size_tablet=&#8221;15px&#8221; text_font_size_phone=&#8221;13px&#8221; text_font_size_last_edited=&#8221;on|phone&#8221; header_font_size_tablet=&#8221;55px&#8221; header_font_size_last_edited=&#8221;off|desktop&#8221; locked=&#8221;off&#8221; global_colors_info=&#8221;{}&#8221;]<\/p>\n<p><span>Die Arbeit im Wald erfordert nicht nur k\u00f6rperliche Ausdauer, sondern auch durchdachtes Equipment, das den Alltag erleichtert. Mit unseren <\/span><strong>Forstg\u00fcrtel f\u00fcr die Schweiz<\/strong><span> bieten wir F\u00f6rstern, Forstwirten und Forstwirtschaftsmeistern ein ergonomisches, langlebiges und hochfunktionales Tragesystem. Ob Sie B\u00e4ume pflanzen, Gel\u00e4nde pflegen oder auf anspruchsvollen H\u00e4ngen arbeiten \u2013 unsere Produkte sind speziell f\u00fcr die Herausforderungen der Forstarbeit entwickelt und bieten h\u00f6chste Qualit\u00e4t.<\/span><\/p>\n<p>[\/et_pb_text][et_pb_text _builder_version=&#8221;4.24.0&#8243; _module_preset=&#8221;3a5fa9a7-7987-4564-89a5-37b87a5b6ad8&#8243; header_font=&#8221;||||||||&#8221; header_3_font=&#8221;Montserrat|700|||||||&#8221; header_3_text_color=&#8221;#000000&#8243; header_3_font_size=&#8221;30px&#8221; header_3_line_height=&#8221;1.4em&#8221; custom_margin=&#8221;||20px||false|false&#8221; header_3_font_size_tablet=&#8221;20px&#8221; header_3_font_size_phone=&#8221;16px&#8221; header_3_font_size_last_edited=&#8221;on|phone&#8221; locked=&#8221;off&#8221; global_colors_info=&#8221;{}&#8221;]<\/p>\n<h3><strong>Was machen unsere Forstg\u00fcrtel f\u00fcr die Schweiz so besonders?<\/strong><\/h3>\n<p>[\/et_pb_text][et_pb_text _builder_version=&#8221;4.16&#8243; _module_preset=&#8221;16a54059-cc81-4572-9c70-eda6a6c419bf&#8221; text_font=&#8221;Montserrat|500|||||||&#8221; text_text_color=&#8221;#000000&#8243; text_font_size=&#8221;16px&#8221; text_line_height=&#8221;1.8em&#8221; link_font=&#8221;||||on||||&#8221; link_text_color=&#8221;#000000&#8243; ul_line_height=&#8221;2em&#8221; custom_margin=&#8221;-18px|||||&#8221; text_font_size_tablet=&#8221;15px&#8221; text_font_size_phone=&#8221;13px&#8221; text_font_size_last_edited=&#8221;on|phone&#8221; header_font_size_tablet=&#8221;55px&#8221; header_font_size_last_edited=&#8221;off|desktop&#8221; locked=&#8221;off&#8221; global_colors_info=&#8221;{}&#8221;]<\/p>\n<p>Der <a href=\"https:\/\/fuegos.eu\/product\/forstguertel-flexibler-forstgurt-made-in-germany\/\">Forstg\u00fcrtel<\/a> ist mehr als nur ein G\u00fcrtel \u2013 er ist eine flexible L\u00f6sung f\u00fcr den Arbeitsalltag im Wald:<\/p>\n<ul>\n<li><strong>Ergonomie<\/strong>: Das <strong>Gewicht<\/strong> Ihrer Ausr\u00fcstung wird <strong>optimal auf H\u00fcfte und Schultern verteilt<\/strong>, um R\u00fccken und Gelenke zu schonen.<\/li>\n<li><strong>Langlebigkeit<\/strong>: <strong>Robuste Materialien<\/strong>, die allen Wetterbedingungen trotzen, machen ihn zu einem zuverl\u00e4ssigen Begleiter.<\/li>\n<li><strong>Modularit\u00e4t<\/strong>: Dank unseres Baukastensystems k\u00f6nnen Sie den G\u00fcrtel individuell anpassen \u2013 vom Pflanzmodul bis zur Werkzeughalterung.<\/li>\n<li><strong>Garantie<\/strong>: Wir bieten <strong>vier Jahre Garantie<\/strong>, weil wir von der Qualit\u00e4t unseres Produkts \u00fcberzeugt sind.<\/li>\n<\/ul>\n<p>[\/et_pb_text][\/et_pb_column][et_pb_column type=&#8221;3_5&#8243; _builder_version=&#8221;4.16&#8243; _module_preset=&#8221;default&#8221; global_colors_info=&#8221;{}&#8221;][et_pb_image src=&#8221;https:\/\/fuegos.eu\/wp-content\/uploads\/2024\/03\/Forstguertel-Sets-Werkzeugtaschenn_Fostwirt_Forstguertel-Set-min.jpg&#8221; alt=&#8221;Forstg\u00fcrtel Sets &#038; Werkzeugtaschenn Fostwirt Forstg\u00fcrtel Set&#8221; title_text=&#8221;Forstg\u00fcrtel-Sets-&#038;-Werkzeugtaschenn_Fostwirt_Forstg\u00fcrtel-Set-min&#8221; _builder_version=&#8221;4.24.0&#8243; _module_preset=&#8221;default&#8221; custom_padding=&#8221;|0px||||&#8221; locked=&#8221;off&#8221; global_colors_info=&#8221;{}&#8221;][\/et_pb_image][et_pb_text _builder_version=&#8221;4.24.0&#8243; _module_preset=&#8221;3a5fa9a7-7987-4564-89a5-37b87a5b6ad8&#8243; header_font=&#8221;||||||||&#8221; header_3_font=&#8221;Montserrat|700|||||||&#8221; header_3_text_color=&#8221;#000000&#8243; header_3_font_size=&#8221;30px&#8221; header_3_line_height=&#8221;1.4em&#8221; custom_margin=&#8221;||20px||false|false&#8221; header_3_font_size_tablet=&#8221;20px&#8221; header_3_font_size_phone=&#8221;16px&#8221; header_3_font_size_last_edited=&#8221;on|phone&#8221; locked=&#8221;off&#8221; global_colors_info=&#8221;{}&#8221;]<\/p>\n<h3><strong>Warum sind Fuegos Forstg\u00fcrtel die perfekte Wahl?<\/strong><\/h3>\n<p>[\/et_pb_text][et_pb_text _builder_version=&#8221;4.24.0&#8243; _module_preset=&#8221;16a54059-cc81-4572-9c70-eda6a6c419bf&#8221; text_font=&#8221;Montserrat|500|||||||&#8221; text_text_color=&#8221;#000000&#8243; text_font_size=&#8221;16px&#8221; text_line_height=&#8221;1.8em&#8221; link_font=&#8221;||||on||||&#8221; link_text_color=&#8221;#000000&#8243; ul_line_height=&#8221;2em&#8221; text_font_size_tablet=&#8221;15px&#8221; text_font_size_phone=&#8221;13px&#8221; text_font_size_last_edited=&#8221;on|phone&#8221; locked=&#8221;off&#8221; global_colors_info=&#8221;{}&#8221;]<\/p>\n<p>Unsere Forstg\u00fcrtel wurden speziell f\u00fcr<span>\u00a0<\/span><strong>F\u00f6rster<\/strong>,<span>\u00a0<\/span><strong>Forstwarte<\/strong><span>\u00a0<\/span>und<span>\u00a0<\/span><strong>Forstwirtschaftsmeister<\/strong><span>\u00a0<\/span>entwickelt, um den Arbeitsalltag zu erleichtern. Hier die Vorteile im \u00dcberblick:<\/p>\n<ul>\n<li><strong>Ergonomisches Design<\/strong>: Schont R\u00fccken und Schultern, auch bei schweren Lasten.<\/li>\n<li><strong>Langlebige Materialien<\/strong>: Garantiert robust und wetterfest \u2013 mit einer Garantie von vier Jahren.<\/li>\n<li><strong>Modulares System<\/strong>: Flexibel anpassbar mit \u00fcber 30 Erweiterungen.<\/li>\n<li><strong>Effizienz im Forstalltag<\/strong>: Werkzeuge, Zubeh\u00f6r und Materialien immer griffbereit.<\/li>\n<\/ul>\n<p>[\/et_pb_text][et_pb_text _builder_version=&#8221;4.24.0&#8243; _module_preset=&#8221;3a5fa9a7-7987-4564-89a5-37b87a5b6ad8&#8243; header_font=&#8221;||||||||&#8221; header_3_font=&#8221;Montserrat|700|||||||&#8221; header_3_text_color=&#8221;#000000&#8243; header_3_font_size=&#8221;30px&#8221; header_3_line_height=&#8221;1.4em&#8221; custom_margin=&#8221;||20px||false|false&#8221; header_3_font_size_tablet=&#8221;20px&#8221; header_3_font_size_phone=&#8221;16px&#8221; header_3_font_size_last_edited=&#8221;on|phone&#8221; locked=&#8221;off&#8221; global_colors_info=&#8221;{}&#8221;]<\/p>\n<h3><strong>H\u00e4ufig gestellte Fragen (FAQs)<\/strong><\/h3>\n<p>[\/et_pb_text][et_pb_text _builder_version=&#8221;4.16&#8243; _module_preset=&#8221;16a54059-cc81-4572-9c70-eda6a6c419bf&#8221; text_font=&#8221;Montserrat|500|||||||&#8221; text_text_color=&#8221;#000000&#8243; text_font_size=&#8221;16px&#8221; text_line_height=&#8221;1.8em&#8221; link_font=&#8221;||||on||||&#8221; link_text_color=&#8221;#000000&#8243; ul_line_height=&#8221;2em&#8221; custom_margin=&#8221;-16px|||||&#8221; text_font_size_tablet=&#8221;15px&#8221; text_font_size_phone=&#8221;13px&#8221; text_font_size_last_edited=&#8221;on|phone&#8221; header_font_size_tablet=&#8221;55px&#8221; header_font_size_last_edited=&#8221;off|desktop&#8221; locked=&#8221;off&#8221; global_colors_info=&#8221;{}&#8221;]<\/p>\n<p><strong>1. Sind Fuegos Forstg\u00fcrtel mit anderen Marken kompatibel?<\/strong><br \/>Ja, alle unsere Forstg\u00fcrtel und Tragesysteme sind mit Fremdprodukten wie<span>\u00a0<\/span><strong>Kox<\/strong>,<span>\u00a0<\/span><strong>NordForest<\/strong>,<span>\u00a0<\/span><strong>Forstkoppel<\/strong><span>\u00a0<\/span>und<span>\u00a0<\/span><strong>Ochsenkopf<\/strong><span>\u00a0<\/span>kompatibel.<\/p>\n<p><strong>2. Wie lange halten die Forstg\u00fcrtel?<\/strong><br \/>Mit guter Pflege halten unsere Forstg\u00fcrtel bis zu<span>\u00a0<\/span><strong>8 Jahre<\/strong>. Nach<span>\u00a0<\/span><strong>6 Jahren<\/strong><span>\u00a0<\/span>empfehlen wir eine Inspektion, um Teile gegebenenfalls zu ersetzen.<\/p>\n<p><strong>3. Kann ich die Module einfach wechseln?<\/strong><br \/>Ja, unser modulares System erlaubt es, Module einfach zu montieren oder auszutauschen \u2013 je nach Bedarf.<\/p>\n<ul><\/ul>\n<p>[\/et_pb_text][\/et_pb_column][\/et_pb_row][\/et_pb_section][et_pb_section fb_built=&#8221;1&#8243; admin_label=&#8221;Links&#8221; _builder_version=&#8221;4.16&#8243; _module_preset=&#8221;default&#8221; custom_padding=&#8221;0px|||||&#8221; locked=&#8221;off&#8221; global_colors_info=&#8221;{}&#8221;][et_pb_row _builder_version=&#8221;4.24.0&#8243; _module_preset=&#8221;default&#8221; border_width_top=&#8221;4px&#8221; border_color_top=&#8221;RGBA(255,255,255,0)&#8221; global_colors_info=&#8221;{}&#8221;][et_pb_column type=&#8221;4_4&#8243; _builder_version=&#8221;4.16&#8243; _module_preset=&#8221;default&#8221; global_colors_info=&#8221;{}&#8221;][et_pb_text _builder_version=&#8221;4.16&#8243; _module_preset=&#8221;32021f09-dd67-47fb-8f9a-832b72a38baf&#8221; header_2_font=&#8221;Montserrat|700|||||||&#8221; header_2_text_color=&#8221;#000000&#8243; header_2_font_size=&#8221;50px&#8221; header_2_line_height=&#8221;1.2em&#8221; custom_margin=&#8221;||19px|||&#8221; header_2_font_size_tablet=&#8221;32px&#8221; header_2_font_size_phone=&#8221;18px&#8221; header_2_font_size_last_edited=&#8221;on|tablet&#8221; global_colors_info=&#8221;{}&#8221;]<\/p>\n<h2>Forstg\u00fcrtel Schweiz \u2013 Ihre Ausr\u00fcstung f\u00fcr den Forst<\/h2>\n<p>[\/et_pb_text][et_pb_text _builder_version=&#8221;4.24.0&#8243; _module_preset=&#8221;16a54059-cc81-4572-9c70-eda6a6c419bf&#8221; text_font=&#8221;Montserrat|500|||||||&#8221; text_text_color=&#8221;#000000&#8243; text_font_size=&#8221;16px&#8221; text_line_height=&#8221;1.8em&#8221; link_font=&#8221;||||on||||&#8221; link_text_color=&#8221;#000000&#8243; ul_line_height=&#8221;2em&#8221; text_font_size_tablet=&#8221;15px&#8221; text_font_size_phone=&#8221;13px&#8221; text_font_size_last_edited=&#8221;on|phone&#8221; header_font_size_tablet=&#8221;55px&#8221; header_font_size_last_edited=&#8221;off|desktop&#8221; locked=&#8221;off&#8221; global_colors_info=&#8221;{}&#8221;]<\/p>\n<p><span>Egal, ob Sie ein Profi, Einsteiger oder F\u00f6rster sind \u2013 unsere Forstg\u00fcrtel, Schulter-Tragesysteme und Module bieten Ihnen die perfekte Kombination aus Qualit\u00e4t, Flexibilit\u00e4t und Komfort. Investieren Sie in eine Ausstattung, die Ihren Arbeitsalltag im Forst erleichtert und \u00fcber Jahre hinweg zuverl\u00e4ssig bleibt.<\/span><\/p>\n<p>\ud83d\udca1 Jetzt ausprobieren und f\u00fcr den Forst ger\u00fcstet sein wie ein Profi!<\/p>\n<p>[\/et_pb_text][et_pb_button button_url=&#8221;@ET-DC@eyJkeW5hbWljIjp0cnVlLCJjb250ZW50IjoicG9zdF9saW5rX3VybF9wYWdlIiwic2V0dGluZ3MiOnsicG9zdF9pZCI6IjI1MzkxNiJ9fQ==@&#8221; button_text=&#8221;Zur Forstg\u00fcrtel Auswahl&#8221; _builder_version=&#8221;4.24.0&#8243; _dynamic_attributes=&#8221;button_url&#8221; _module_preset=&#8221;a93bd5f4-85ca-4af8-aab9-5954042d5969&#8243; custom_button=&#8221;on&#8221; button_text_size=&#8221;16px&#8221; button_text_color=&#8221;#FFFFFF&#8221; button_bg_color=&#8221;#000000&#8243; button_border_width=&#8221;0px&#8221; button_border_radius=&#8221;0px&#8221; button_letter_spacing=&#8221;2px&#8221; button_font=&#8221;Montserrat|600||on|||||&#8221; custom_padding=&#8221;15px|30px|15px|30px|true|true&#8221; custom_padding_tablet=&#8221;13px|25px|13px|25px|true|true&#8221; custom_padding_phone=&#8221;10px|20px|10px|20px|true|true&#8221; custom_padding_last_edited=&#8221;on|phone&#8221; button_text_size_tablet=&#8221;15px&#8221; button_text_size_phone=&#8221;14px&#8221; button_text_size_last_edited=&#8221;on|phone&#8221; locked=&#8221;off&#8221; global_colors_info=&#8221;{}&#8221; button_bg_color__hover_enabled=&#8221;on|hover&#8221; button_bg_color__hover=&#8221;#383838&#8243; button_bg_enable_color__hover=&#8221;on&#8221;][\/et_pb_button][et_pb_shop type=&#8221;product_category&#8221; posts_number=&#8221;4&#8243; include_categories=&#8221;191,185,179,178&#8243; _builder_version=&#8221;4.24.0&#8243; _module_preset=&#8221;default&#8221; global_colors_info=&#8221;{}&#8221;][\/et_pb_shop][\/et_pb_column][\/et_pb_row][\/et_pb_section][et_pb_section fb_built=&#8221;1&#8243; _builder_version=&#8221;4.16&#8243; _module_preset=&#8221;default&#8221; custom_padding=&#8221;0px||0px||true|false&#8221; locked=&#8221;off&#8221; global_colors_info=&#8221;{}&#8221;][et_pb_row column_structure=&#8221;1_5,1_5,1_5,1_5,1_5&#8243; use_custom_gutter=&#8221;on&#8221; gutter_width=&#8221;1&#8243; make_equal=&#8221;on&#8221; _builder_version=&#8221;4.16&#8243; _module_preset=&#8221;default&#8221; width=&#8221;100%&#8221; max_width=&#8221;100%&#8221; custom_padding=&#8221;2px|3px|2px|3px|true|true&#8221; global_colors_info=&#8221;{}&#8221;][et_pb_column type=&#8221;1_5&#8243; _builder_version=&#8221;4.16&#8243; _module_preset=&#8221;default&#8221; custom_padding=&#8221;3px|3px|3px|3px|true|true&#8221; global_colors_info=&#8221;{}&#8221;][et_pb_image src=&#8221;https:\/\/fuegos.eu\/wp-content\/uploads\/2024\/02\/ForstguertelTaschen_Online_Kaufen_Foerster-min.jpg&#8221; alt=&#8221;Frostg\u00fcrtel Taschen online kaufen F\u00f6rster&#8221; title_text=&#8221;Forstg\u00fcrtel&#038;Taschen_Online_Kaufen_F\u00f6rster-min&#8221; _builder_version=&#8221;4.24.0&#8243; _module_preset=&#8221;default&#8221; global_colors_info=&#8221;{}&#8221;][\/et_pb_image][\/et_pb_column][et_pb_column type=&#8221;1_5&#8243; _builder_version=&#8221;4.16&#8243; _module_preset=&#8221;default&#8221; custom_padding=&#8221;3px|3px|3px|3px|true|true&#8221; global_colors_info=&#8221;{}&#8221;][et_pb_image src=&#8221;https:\/\/fuegos.eu\/wp-content\/uploads\/2024\/02\/ForstguertelTaschen_Online_Kaufen_Forstwirt-min.jpg&#8221; alt=&#8221;Frostg\u00fcrtel Taschen online kaufen Forstwirt&#8221; title_text=&#8221;Forstg\u00fcrtel&#038;Taschen_Online_Kaufen_Forstwirt-min&#8221; _builder_version=&#8221;4.24.0&#8243; _module_preset=&#8221;default&#8221; global_colors_info=&#8221;{}&#8221;][\/et_pb_image][\/et_pb_column][et_pb_column type=&#8221;1_5&#8243; _builder_version=&#8221;4.16&#8243; _module_preset=&#8221;default&#8221; custom_padding=&#8221;3px|3px|3px|3px|true|true&#8221; global_colors_info=&#8221;{}&#8221;][et_pb_image src=&#8221;https:\/\/fuegos.eu\/wp-content\/uploads\/2024\/02\/ForstguertelTaschen_Online_Kaufen_Fostwirtin-mit-Kettensaege_373-min.jpg&#8221; alt=&#8221;Frostg\u00fcrtel Taschen Online Kaufen Fostwirtin mit Kettens\u00e4ge&#8221; title_text=&#8221;Forstg\u00fcrtel&#038;Taschen_Online_Kaufen_Fostwirtin-mit-Kettens\u00e4ge_373-min&#8221; _builder_version=&#8221;4.24.0&#8243; _module_preset=&#8221;default&#8221; global_colors_info=&#8221;{}&#8221;][\/et_pb_image][\/et_pb_column][et_pb_column type=&#8221;1_5&#8243; _builder_version=&#8221;4.16&#8243; _module_preset=&#8221;default&#8221; custom_padding=&#8221;3px|3px|3px|3px|true|true&#8221; global_colors_info=&#8221;{}&#8221;][et_pb_image src=&#8221;https:\/\/fuegos.eu\/wp-content\/uploads\/2024\/02\/ForstguertelTaschen_Online_Kaufen_Foerster_Holzafunahme373-min.jpg&#8221; alt=&#8221;Frostg\u00fcrtel Taschen online kaufen F\u00f6rster Holzaufnahme&#8221; title_text=&#8221;Forstg\u00fcrtel&#038;Taschen_Online_Kaufen_F\u00f6rster_Holzafunahme373-min&#8221; _builder_version=&#8221;4.24.0&#8243; _module_preset=&#8221;default&#8221; global_colors_info=&#8221;{}&#8221;][\/et_pb_image][\/et_pb_column][et_pb_column type=&#8221;1_5&#8243; _builder_version=&#8221;4.16&#8243; _module_preset=&#8221;default&#8221; custom_padding=&#8221;3px|3px|3px|3px|true|true&#8221; global_colors_info=&#8221;{}&#8221;][et_pb_image src=&#8221;https:\/\/fuegos.eu\/wp-content\/uploads\/2024\/02\/ForstguertelTaschen_Online_Kaufen_Auszubildender_373-min.jpg&#8221; alt=&#8221;Forstguertel Taschen Online_Kaufen Auszubildender&#8221; title_text=&#8221;Forstg\u00fcrtel&#038;Taschen_Online_Kaufen_Auszubildender_373-min&#8221; _builder_version=&#8221;4.24.0&#8243; _module_preset=&#8221;default&#8221; global_colors_info=&#8221;{}&#8221;][\/et_pb_image][\/et_pb_column][\/et_pb_row][\/et_pb_section]<\/p>\n","protected":false},"excerpt":{"rendered":"<p>Forstg\u00fcrtel &#038; Werkzeugtaschen individuell zusammenstellen. Forstg\u00fcrtel einfach selbst konfigurieren und mit Werkzeugtaschen best\u00fccken.<\/p>","protected":false},"author":51,"featured_media":253751,"parent":0,"menu_order":0,"comment_status":"closed","ping_status":"closed","template":"","meta":{"_et_pb_use_builder":"on","_et_pb_old_content":"","_et_gb_content_width":"","footnotes":""},"class_list":["post-254961","page","type-page","status-publish","has-post-thumbnail","hentry"],"yoast_head":"<!-- This site is optimized with the Yoast SEO plugin v27.4 - https:\/\/yoast.com\/product\/yoast-seo-wordpress\/ -->\n<title>Forstg\u00fcrtel Schweiz &#8226; Fuegos<\/title>\n<meta name=\"description\" content=\"Forstg\u00fcrtel Schweiz | Langlebige Forstg\u00fcrtel Systeme f\u00fcr die Schweiz mit 4 Jahren Garantie Ergonomie Made in Germany\" \/>\n<meta name=\"robots\" content=\"index, follow, max-snippet:-1, max-image-preview:large, max-video-preview:-1\" \/>\n<link rel=\"canonical\" href=\"https:\/\/www.fuegos.eu\/fr\/forstguertel-schweiz\/\" \/>\n<meta property=\"og:locale\" content=\"fr_FR\" \/>\n<meta property=\"og:type\" content=\"article\" \/>\n<meta property=\"og:title\" content=\"Forstg\u00fcrtel Schweiz &#8226; Fuegos\" \/>\n<meta property=\"og:description\" content=\"Forstg\u00fcrtel Schweiz | Langlebige Forstg\u00fcrtel Systeme f\u00fcr die Schweiz mit 4 Jahren Garantie Ergonomie Made in Germany\" \/>\n<meta property=\"og:url\" content=\"https:\/\/www.fuegos.eu\/fr\/forstguertel-schweiz\/\" \/>\n<meta property=\"og:site_name\" content=\"Fuegos\" \/>\n<meta property=\"article:publisher\" content=\"https:\/\/www.facebook.com\/FuegosForst\/\" \/>\n<meta property=\"article:modified_time\" content=\"2024-12-17T11:03:24+00:00\" \/>\n<meta property=\"og:image\" content=\"https:\/\/www.fuegos.eu\/wp-content\/uploads\/2024\/02\/Forstguertel-Werkzeugtaschen-individuell-zusammenstellen_.jpg\" \/>\n\t<meta property=\"og:image:width\" content=\"500\" \/>\n\t<meta property=\"og:image:height\" content=\"331\" \/>\n\t<meta property=\"og:image:type\" content=\"image\/jpeg\" \/>\n<meta name=\"twitter:card\" content=\"summary_large_image\" \/>\n<meta name=\"twitter:label1\" content=\"Dur\u00e9e de lecture estim\u00e9e\" \/>\n\t<meta name=\"twitter:data1\" content=\"33 minutes\" \/>\n<script type=\"application\/ld+json\" class=\"yoast-schema-graph\">{\"@context\":\"https:\\\/\\\/schema.org\",\"@graph\":[{\"@type\":\"WebPage\",\"@id\":\"https:\\\/\\\/www.fuegos.eu\\\/forstguertel-schweiz\\\/\",\"url\":\"https:\\\/\\\/www.fuegos.eu\\\/forstguertel-schweiz\\\/\",\"name\":\"Forstg\u00fcrtel Schweiz &#8226; Fuegos\",\"isPartOf\":{\"@id\":\"https:\\\/\\\/www.fuegos.eu\\\/#website\"},\"primaryImageOfPage\":{\"@id\":\"https:\\\/\\\/www.fuegos.eu\\\/forstguertel-schweiz\\\/#primaryimage\"},\"image\":{\"@id\":\"https:\\\/\\\/www.fuegos.eu\\\/forstguertel-schweiz\\\/#primaryimage\"},\"thumbnailUrl\":\"https:\\\/\\\/www.fuegos.eu\\\/wp-content\\\/uploads\\\/2024\\\/02\\\/Forstguertel-Werkzeugtaschen-individuell-zusammenstellen_.jpg\",\"datePublished\":\"2024-12-03T12:09:03+00:00\",\"dateModified\":\"2024-12-17T11:03:24+00:00\",\"description\":\"Forstg\u00fcrtel Schweiz | Langlebige Forstg\u00fcrtel Systeme f\u00fcr die Schweiz mit 4 Jahren Garantie Ergonomie Made in Germany\",\"breadcrumb\":{\"@id\":\"https:\\\/\\\/www.fuegos.eu\\\/forstguertel-schweiz\\\/#breadcrumb\"},\"inLanguage\":\"fr-FR\",\"potentialAction\":[{\"@type\":\"ReadAction\",\"target\":[\"https:\\\/\\\/www.fuegos.eu\\\/forstguertel-schweiz\\\/\"]}]},{\"@type\":\"ImageObject\",\"inLanguage\":\"fr-FR\",\"@id\":\"https:\\\/\\\/www.fuegos.eu\\\/forstguertel-schweiz\\\/#primaryimage\",\"url\":\"https:\\\/\\\/www.fuegos.eu\\\/wp-content\\\/uploads\\\/2024\\\/02\\\/Forstguertel-Werkzeugtaschen-individuell-zusammenstellen_.jpg\",\"contentUrl\":\"https:\\\/\\\/www.fuegos.eu\\\/wp-content\\\/uploads\\\/2024\\\/02\\\/Forstguertel-Werkzeugtaschen-individuell-zusammenstellen_.jpg\",\"width\":500,\"height\":331,\"caption\":\"Forstg\u00fcrtel & Werkzeugtaschen individuell zusammenstellen\"},{\"@type\":\"BreadcrumbList\",\"@id\":\"https:\\\/\\\/www.fuegos.eu\\\/forstguertel-schweiz\\\/#breadcrumb\",\"itemListElement\":[{\"@type\":\"ListItem\",\"position\":1,\"name\":\"Home\",\"item\":\"https:\\\/\\\/www.fuegos.eu\\\/\"},{\"@type\":\"ListItem\",\"position\":2,\"name\":\"Forstg\u00fcrtel Schweiz\"}]},{\"@type\":\"WebSite\",\"@id\":\"https:\\\/\\\/www.fuegos.eu\\\/#website\",\"url\":\"https:\\\/\\\/www.fuegos.eu\\\/\",\"name\":\"Fuegos\",\"description\":\"Textile L\u00f6sungen nach Ma\u00df\",\"publisher\":{\"@id\":\"https:\\\/\\\/www.fuegos.eu\\\/#organization\"},\"potentialAction\":[{\"@type\":\"SearchAction\",\"target\":{\"@type\":\"EntryPoint\",\"urlTemplate\":\"https:\\\/\\\/www.fuegos.eu\\\/?s={search_term_string}\"},\"query-input\":{\"@type\":\"PropertyValueSpecification\",\"valueRequired\":true,\"valueName\":\"search_term_string\"}}],\"inLanguage\":\"fr-FR\"},{\"@type\":\"Organization\",\"@id\":\"https:\\\/\\\/www.fuegos.eu\\\/#organization\",\"name\":\"Fuegos\",\"url\":\"https:\\\/\\\/www.fuegos.eu\\\/\",\"logo\":{\"@type\":\"ImageObject\",\"inLanguage\":\"fr-FR\",\"@id\":\"https:\\\/\\\/www.fuegos.eu\\\/#\\\/schema\\\/logo\\\/image\\\/\",\"url\":\"https:\\\/\\\/fuegos.eu\\\/wp-content\\\/uploads\\\/2020\\\/05\\\/FuegosSignatur000.jpg\",\"contentUrl\":\"https:\\\/\\\/fuegos.eu\\\/wp-content\\\/uploads\\\/2020\\\/05\\\/FuegosSignatur000.jpg\",\"width\":960,\"height\":408,\"caption\":\"Fuegos\"},\"image\":{\"@id\":\"https:\\\/\\\/www.fuegos.eu\\\/#\\\/schema\\\/logo\\\/image\\\/\"},\"sameAs\":[\"https:\\\/\\\/www.facebook.com\\\/FuegosForst\\\/\",\"https:\\\/\\\/www.youtube.com\\\/channel\\\/UC0SFe93Vgi6YZV6tSCOLdkA\"]}]}<\/script>\n<!-- \/ Yoast SEO plugin. -->","yoast_head_json":{"title":"Forstg\u00fcrtel Schweiz &#8226; Fuegos","description":"Forstg\u00fcrtel Schweiz | Langlebige Forstg\u00fcrtel Systeme f\u00fcr die Schweiz mit 4 Jahren Garantie Ergonomie Made in Germany","robots":{"index":"index","follow":"follow","max-snippet":"max-snippet:-1","max-image-preview":"max-image-preview:large","max-video-preview":"max-video-preview:-1"},"canonical":"https:\/\/www.fuegos.eu\/fr\/forstguertel-schweiz\/","og_locale":"fr_FR","og_type":"article","og_title":"Forstg\u00fcrtel Schweiz &#8226; Fuegos","og_description":"Forstg\u00fcrtel Schweiz | Langlebige Forstg\u00fcrtel Systeme f\u00fcr die Schweiz mit 4 Jahren Garantie Ergonomie Made in Germany","og_url":"https:\/\/www.fuegos.eu\/fr\/forstguertel-schweiz\/","og_site_name":"Fuegos","article_publisher":"https:\/\/www.facebook.com\/FuegosForst\/","article_modified_time":"2024-12-17T11:03:24+00:00","og_image":[{"width":500,"height":331,"url":"https:\/\/www.fuegos.eu\/wp-content\/uploads\/2024\/02\/Forstguertel-Werkzeugtaschen-individuell-zusammenstellen_.jpg","type":"image\/jpeg"}],"twitter_card":"summary_large_image","twitter_misc":{"Dur\u00e9e de lecture estim\u00e9e":"33 minutes"},"schema":{"@context":"https:\/\/schema.org","@graph":[{"@type":"WebPage","@id":"https:\/\/www.fuegos.eu\/forstguertel-schweiz\/","url":"https:\/\/www.fuegos.eu\/forstguertel-schweiz\/","name":"Forstg\u00fcrtel Schweiz &#8226; Fuegos","isPartOf":{"@id":"https:\/\/www.fuegos.eu\/#website"},"primaryImageOfPage":{"@id":"https:\/\/www.fuegos.eu\/forstguertel-schweiz\/#primaryimage"},"image":{"@id":"https:\/\/www.fuegos.eu\/forstguertel-schweiz\/#primaryimage"},"thumbnailUrl":"https:\/\/www.fuegos.eu\/wp-content\/uploads\/2024\/02\/Forstguertel-Werkzeugtaschen-individuell-zusammenstellen_.jpg","datePublished":"2024-12-03T12:09:03+00:00","dateModified":"2024-12-17T11:03:24+00:00","description":"Forstg\u00fcrtel Schweiz | Langlebige Forstg\u00fcrtel Systeme f\u00fcr die Schweiz mit 4 Jahren Garantie Ergonomie Made in Germany","breadcrumb":{"@id":"https:\/\/www.fuegos.eu\/forstguertel-schweiz\/#breadcrumb"},"inLanguage":"fr-FR","potentialAction":[{"@type":"ReadAction","target":["https:\/\/www.fuegos.eu\/forstguertel-schweiz\/"]}]},{"@type":"ImageObject","inLanguage":"fr-FR","@id":"https:\/\/www.fuegos.eu\/forstguertel-schweiz\/#primaryimage","url":"https:\/\/www.fuegos.eu\/wp-content\/uploads\/2024\/02\/Forstguertel-Werkzeugtaschen-individuell-zusammenstellen_.jpg","contentUrl":"https:\/\/www.fuegos.eu\/wp-content\/uploads\/2024\/02\/Forstguertel-Werkzeugtaschen-individuell-zusammenstellen_.jpg","width":500,"height":331,"caption":"Forstg\u00fcrtel & Werkzeugtaschen individuell zusammenstellen"},{"@type":"BreadcrumbList","@id":"https:\/\/www.fuegos.eu\/forstguertel-schweiz\/#breadcrumb","itemListElement":[{"@type":"ListItem","position":1,"name":"Home","item":"https:\/\/www.fuegos.eu\/"},{"@type":"ListItem","position":2,"name":"Forstg\u00fcrtel Schweiz"}]},{"@type":"WebSite","@id":"https:\/\/www.fuegos.eu\/#website","url":"https:\/\/www.fuegos.eu\/","name":"Fuegos","description":"Textile des Solutions sur Mesure","publisher":{"@id":"https:\/\/www.fuegos.eu\/#organization"},"potentialAction":[{"@type":"SearchAction","target":{"@type":"EntryPoint","urlTemplate":"https:\/\/www.fuegos.eu\/?s={search_term_string}"},"query-input":{"@type":"PropertyValueSpecification","valueRequired":true,"valueName":"search_term_string"}}],"inLanguage":"fr-FR"},{"@type":"Organization","@id":"https:\/\/www.fuegos.eu\/#organization","name":"Fuegos","url":"https:\/\/www.fuegos.eu\/","logo":{"@type":"ImageObject","inLanguage":"fr-FR","@id":"https:\/\/www.fuegos.eu\/#\/schema\/logo\/image\/","url":"https:\/\/fuegos.eu\/wp-content\/uploads\/2020\/05\/FuegosSignatur000.jpg","contentUrl":"https:\/\/fuegos.eu\/wp-content\/uploads\/2020\/05\/FuegosSignatur000.jpg","width":960,"height":408,"caption":"Fuegos"},"image":{"@id":"https:\/\/www.fuegos.eu\/#\/schema\/logo\/image\/"},"sameAs":["https:\/\/www.facebook.com\/FuegosForst\/","https:\/\/www.youtube.com\/channel\/UC0SFe93Vgi6YZV6tSCOLdkA"]}]}},"_links":{"self":[{"href":"https:\/\/www.fuegos.eu\/fr\/wp-json\/wp\/v2\/pages\/254961","targetHints":{"allow":["GET"]}}],"collection":[{"href":"https:\/\/www.fuegos.eu\/fr\/wp-json\/wp\/v2\/pages"}],"about":[{"href":"https:\/\/www.fuegos.eu\/fr\/wp-json\/wp\/v2\/types\/page"}],"author":[{"embeddable":true,"href":"https:\/\/www.fuegos.eu\/fr\/wp-json\/wp\/v2\/users\/51"}],"replies":[{"embeddable":true,"href":"https:\/\/www.fuegos.eu\/fr\/wp-json\/wp\/v2\/comments?post=254961"}],"version-history":[{"count":16,"href":"https:\/\/www.fuegos.eu\/fr\/wp-json\/wp\/v2\/pages\/254961\/revisions"}],"predecessor-version":[{"id":255166,"href":"https:\/\/www.fuegos.eu\/fr\/wp-json\/wp\/v2\/pages\/254961\/revisions\/255166"}],"wp:featuredmedia":[{"embeddable":true,"href":"https:\/\/www.fuegos.eu\/fr\/wp-json\/wp\/v2\/media\/253751"}],"wp:attachment":[{"href":"https:\/\/www.fuegos.eu\/fr\/wp-json\/wp\/v2\/media?parent=254961"}],"curies":[{"name":"wp","href":"https:\/\/api.w.org\/{rel}","templated":true}]}}