{"id":82,"date":"2020-03-17T15:30:35","date_gmt":"2020-03-17T14:30:35","guid":{"rendered":"https:\/\/www.fuegos.eu\/fuegos\/?page_id=82"},"modified":"2021-06-21T19:58:01","modified_gmt":"2021-06-21T17:58:01","slug":"fuegos-textile-entwicklungen-tragesysteme","status":"publish","type":"page","link":"https:\/\/www.fuegos.eu\/fr\/fuegos-textile-entwicklungen-tragesysteme\/","title":{"rendered":"Fuegos \u2022 Textile Entwicklungen &#038; Tragesysteme"},"content":{"rendered":"","protected":false},"excerpt":{"rendered":"<p>Ihr Partner f\u00fcr Systeml\u00f6sungen aus Hightech-TexTilien. Wir hben uns f\u00fcr unterschiedliche Branchen der Deutsche Wirtschaft und Industrie spezialisiert. Entwickelt und produziert L\u00f6sungen f\u00fcr neue oder bestehende Projekte. Wir sind in den verschiedensten Bereichen der textilen Branche t\u00e4tig. In den Jahren entwickelten und spezialisierten wir uns weiter im Bereich Tragesysteml\u00f6sungen und bieten hier L\u00f6sungen nach Ma\u00df!<\/p>","protected":false},"author":49,"featured_media":0,"parent":0,"menu_order":0,"comment_status":"closed","ping_status":"closed","template":"","meta":{"_et_pb_use_builder":"on","_et_pb_old_content":"","_et_gb_content_width":"","footnotes":""},"class_list":["post-82","page","type-page","status-publish","hentry"],"yoast_head":"<!-- This site is optimized with the Yoast SEO plugin v27.4 - https:\/\/yoast.com\/product\/yoast-seo-wordpress\/ -->\n<title>Fuegos \u2022 Textile Entwicklungen &amp; Tragesysteme &#8226; Fuegos<\/title>\n<meta name=\"description\" content=\"Fuegos \u2022 Textile Entwicklungen &amp; Tragesysteme. L\u00f6sungen f\u00fcr verschiedenen Branchen. Ihr Partner f\u00fcr ergonomische qualitative Entwicklungen.\" \/>\n<meta name=\"robots\" content=\"index, follow, max-snippet:-1, max-image-preview:large, max-video-preview:-1\" \/>\n<link rel=\"canonical\" href=\"https:\/\/www.fuegos.eu\/fr\/fuegos-textile-entwicklungen-tragesysteme\/\" \/>\n<meta property=\"og:locale\" content=\"fr_FR\" \/>\n<meta property=\"og:type\" content=\"article\" \/>\n<meta property=\"og:title\" content=\"Fuegos \u2022 Textile Entwicklungen &amp; Tragesysteme &#8226; Fuegos\" \/>\n<meta property=\"og:description\" content=\"Fuegos \u2022 Textile Entwicklungen &amp; Tragesysteme. L\u00f6sungen f\u00fcr verschiedenen Branchen. Ihr Partner f\u00fcr ergonomische qualitative Entwicklungen.\" \/>\n<meta property=\"og:url\" content=\"https:\/\/www.fuegos.eu\/fr\/fuegos-textile-entwicklungen-tragesysteme\/\" \/>\n<meta property=\"og:site_name\" content=\"Fuegos\" \/>\n<meta property=\"article:publisher\" content=\"https:\/\/www.facebook.com\/FuegosForst\/\" \/>\n<meta property=\"article:modified_time\" content=\"2021-06-21T17:58:01+00:00\" \/>\n<meta name=\"twitter:card\" content=\"summary_large_image\" \/>\n<script type=\"application\/ld+json\" class=\"yoast-schema-graph\">{\"@context\":\"https:\\\/\\\/schema.org\",\"@graph\":[{\"@type\":\"WebPage\",\"@id\":\"https:\\\/\\\/www.fuegos.eu\\\/fuegos-textile-entwicklungen-tragesysteme\\\/\",\"url\":\"https:\\\/\\\/www.fuegos.eu\\\/fuegos-textile-entwicklungen-tragesysteme\\\/\",\"name\":\"Fuegos \u2022 Textile Entwicklungen & Tragesysteme &#8226; Fuegos\",\"isPartOf\":{\"@id\":\"https:\\\/\\\/www.fuegos.eu\\\/#website\"},\"datePublished\":\"2020-03-17T14:30:35+00:00\",\"dateModified\":\"2021-06-21T17:58:01+00:00\",\"description\":\"Fuegos \u2022 Textile Entwicklungen & Tragesysteme. L\u00f6sungen f\u00fcr verschiedenen Branchen. Ihr Partner f\u00fcr ergonomische qualitative Entwicklungen.\",\"breadcrumb\":{\"@id\":\"https:\\\/\\\/www.fuegos.eu\\\/fuegos-textile-entwicklungen-tragesysteme\\\/#breadcrumb\"},\"inLanguage\":\"fr-FR\",\"potentialAction\":[{\"@type\":\"ReadAction\",\"target\":[\"https:\\\/\\\/www.fuegos.eu\\\/fuegos-textile-entwicklungen-tragesysteme\\\/\"]}]},{\"@type\":\"BreadcrumbList\",\"@id\":\"https:\\\/\\\/www.fuegos.eu\\\/fuegos-textile-entwicklungen-tragesysteme\\\/#breadcrumb\",\"itemListElement\":[{\"@type\":\"ListItem\",\"position\":1,\"name\":\"Home\",\"item\":\"https:\\\/\\\/www.fuegos.eu\\\/\"},{\"@type\":\"ListItem\",\"position\":2,\"name\":\"Fuegos \u2022 Textile Entwicklungen &#038; Tragesysteme\"}]},{\"@type\":\"WebSite\",\"@id\":\"https:\\\/\\\/www.fuegos.eu\\\/#website\",\"url\":\"https:\\\/\\\/www.fuegos.eu\\\/\",\"name\":\"Fuegos\",\"description\":\"Textile L\u00f6sungen nach Ma\u00df\",\"publisher\":{\"@id\":\"https:\\\/\\\/www.fuegos.eu\\\/#organization\"},\"potentialAction\":[{\"@type\":\"SearchAction\",\"target\":{\"@type\":\"EntryPoint\",\"urlTemplate\":\"https:\\\/\\\/www.fuegos.eu\\\/?s={search_term_string}\"},\"query-input\":{\"@type\":\"PropertyValueSpecification\",\"valueRequired\":true,\"valueName\":\"search_term_string\"}}],\"inLanguage\":\"fr-FR\"},{\"@type\":\"Organization\",\"@id\":\"https:\\\/\\\/www.fuegos.eu\\\/#organization\",\"name\":\"Fuegos\",\"url\":\"https:\\\/\\\/www.fuegos.eu\\\/\",\"logo\":{\"@type\":\"ImageObject\",\"inLanguage\":\"fr-FR\",\"@id\":\"https:\\\/\\\/www.fuegos.eu\\\/#\\\/schema\\\/logo\\\/image\\\/\",\"url\":\"https:\\\/\\\/fuegos.eu\\\/wp-content\\\/uploads\\\/2020\\\/05\\\/FuegosSignatur000.jpg\",\"contentUrl\":\"https:\\\/\\\/fuegos.eu\\\/wp-content\\\/uploads\\\/2020\\\/05\\\/FuegosSignatur000.jpg\",\"width\":960,\"height\":408,\"caption\":\"Fuegos\"},\"image\":{\"@id\":\"https:\\\/\\\/www.fuegos.eu\\\/#\\\/schema\\\/logo\\\/image\\\/\"},\"sameAs\":[\"https:\\\/\\\/www.facebook.com\\\/FuegosForst\\\/\",\"https:\\\/\\\/www.youtube.com\\\/channel\\\/UC0SFe93Vgi6YZV6tSCOLdkA\"]}]}<\/script>\n<!-- \/ Yoast SEO plugin. -->","yoast_head_json":{"title":"Fuegos \u2022 Textile Entwicklungen & Tragesysteme &#8226; Fuegos","description":"Fuegos \u2022 Textile Entwicklungen & Tragesysteme. L\u00f6sungen f\u00fcr verschiedenen Branchen. Ihr Partner f\u00fcr ergonomische qualitative Entwicklungen.","robots":{"index":"index","follow":"follow","max-snippet":"max-snippet:-1","max-image-preview":"max-image-preview:large","max-video-preview":"max-video-preview:-1"},"canonical":"https:\/\/www.fuegos.eu\/fr\/fuegos-textile-entwicklungen-tragesysteme\/","og_locale":"fr_FR","og_type":"article","og_title":"Fuegos \u2022 Textile Entwicklungen & Tragesysteme &#8226; Fuegos","og_description":"Fuegos \u2022 Textile Entwicklungen & Tragesysteme. L\u00f6sungen f\u00fcr verschiedenen Branchen. Ihr Partner f\u00fcr ergonomische qualitative Entwicklungen.","og_url":"https:\/\/www.fuegos.eu\/fr\/fuegos-textile-entwicklungen-tragesysteme\/","og_site_name":"Fuegos","article_publisher":"https:\/\/www.facebook.com\/FuegosForst\/","article_modified_time":"2021-06-21T17:58:01+00:00","twitter_card":"summary_large_image","schema":{"@context":"https:\/\/schema.org","@graph":[{"@type":"WebPage","@id":"https:\/\/www.fuegos.eu\/fuegos-textile-entwicklungen-tragesysteme\/","url":"https:\/\/www.fuegos.eu\/fuegos-textile-entwicklungen-tragesysteme\/","name":"Fuegos \u2022 Textile Entwicklungen & Tragesysteme &#8226; Fuegos","isPartOf":{"@id":"https:\/\/www.fuegos.eu\/#website"},"datePublished":"2020-03-17T14:30:35+00:00","dateModified":"2021-06-21T17:58:01+00:00","description":"Fuegos \u2022 Textile Entwicklungen & Tragesysteme. L\u00f6sungen f\u00fcr verschiedenen Branchen. Ihr Partner f\u00fcr ergonomische qualitative Entwicklungen.","breadcrumb":{"@id":"https:\/\/www.fuegos.eu\/fuegos-textile-entwicklungen-tragesysteme\/#breadcrumb"},"inLanguage":"fr-FR","potentialAction":[{"@type":"ReadAction","target":["https:\/\/www.fuegos.eu\/fuegos-textile-entwicklungen-tragesysteme\/"]}]},{"@type":"BreadcrumbList","@id":"https:\/\/www.fuegos.eu\/fuegos-textile-entwicklungen-tragesysteme\/#breadcrumb","itemListElement":[{"@type":"ListItem","position":1,"name":"Home","item":"https:\/\/www.fuegos.eu\/"},{"@type":"ListItem","position":2,"name":"Fuegos \u2022 Textile Entwicklungen &#038; Tragesysteme"}]},{"@type":"WebSite","@id":"https:\/\/www.fuegos.eu\/#website","url":"https:\/\/www.fuegos.eu\/","name":"Fuegos","description":"Textile des Solutions sur Mesure","publisher":{"@id":"https:\/\/www.fuegos.eu\/#organization"},"potentialAction":[{"@type":"SearchAction","target":{"@type":"EntryPoint","urlTemplate":"https:\/\/www.fuegos.eu\/?s={search_term_string}"},"query-input":{"@type":"PropertyValueSpecification","valueRequired":true,"valueName":"search_term_string"}}],"inLanguage":"fr-FR"},{"@type":"Organization","@id":"https:\/\/www.fuegos.eu\/#organization","name":"Fuegos","url":"https:\/\/www.fuegos.eu\/","logo":{"@type":"ImageObject","inLanguage":"fr-FR","@id":"https:\/\/www.fuegos.eu\/#\/schema\/logo\/image\/","url":"https:\/\/fuegos.eu\/wp-content\/uploads\/2020\/05\/FuegosSignatur000.jpg","contentUrl":"https:\/\/fuegos.eu\/wp-content\/uploads\/2020\/05\/FuegosSignatur000.jpg","width":960,"height":408,"caption":"Fuegos"},"image":{"@id":"https:\/\/www.fuegos.eu\/#\/schema\/logo\/image\/"},"sameAs":["https:\/\/www.facebook.com\/FuegosForst\/","https:\/\/www.youtube.com\/channel\/UC0SFe93Vgi6YZV6tSCOLdkA"]}]}},"_links":{"self":[{"href":"https:\/\/www.fuegos.eu\/fr\/wp-json\/wp\/v2\/pages\/82","targetHints":{"allow":["GET"]}}],"collection":[{"href":"https:\/\/www.fuegos.eu\/fr\/wp-json\/wp\/v2\/pages"}],"about":[{"href":"https:\/\/www.fuegos.eu\/fr\/wp-json\/wp\/v2\/types\/page"}],"author":[{"embeddable":true,"href":"https:\/\/www.fuegos.eu\/fr\/wp-json\/wp\/v2\/users\/49"}],"replies":[{"embeddable":true,"href":"https:\/\/www.fuegos.eu\/fr\/wp-json\/wp\/v2\/comments?post=82"}],"version-history":[{"count":0,"href":"https:\/\/www.fuegos.eu\/fr\/wp-json\/wp\/v2\/pages\/82\/revisions"}],"wp:attachment":[{"href":"https:\/\/www.fuegos.eu\/fr\/wp-json\/wp\/v2\/media?parent=82"}],"curies":[{"name":"wp","href":"https:\/\/api.w.org\/{rel}","templated":true}]}}