{"id":232494,"date":"2020-05-21T10:04:52","date_gmt":"2020-05-21T08:04:52","guid":{"rendered":"https:\/\/www.fuegos.eu\/?post_type=product&#038;p=232494"},"modified":"2025-05-02T18:40:45","modified_gmt":"2025-05-02T16:40:45","slug":"forstguertel-flexibler-forstgurt-made-in-germany","status":"publish","type":"product","link":"https:\/\/www.fuegos.eu\/fr\/product\/forstguertel-flexibler-forstgurt-made-in-germany\/","title":{"rendered":"Forstg\u00fcrtel \u2022 Flexible de Forstgurt \u2022 Made in Germany"},"content":{"rendered":"<h3><strong>Forstg\u00fcrtel \u2022 Flexible De Forstgurt<\/strong><\/h3>\n<p>&nbsp;<\/p>\n<h3><strong>Description<\/strong><\/h3>\n<p>Forstg\u00fcrtel \u2022 Flexible de Forstgurt pour les forestiers &amp; Forstwirtschaftsmeister. La Forstg\u00fcrtel est ergonomique et explicite pour les Travaux dans le Domaine de la Foresterie d\u00e9velopp\u00e9. C&#039;est pourquoi le syst\u00e8me de Ceinture de s\u00e9curit\u00e9 optimale K\u00f6rperanpassung. Ainsi, le Poids de l&#039;\u00c9quipement de fa\u00e7on homog\u00e8ne. La Coupe du Forstg\u00fcrtels prend en charge les Utilisateurs de plus en plus. L&#039;ensemble de G\u00fcrtelsystem diff\u00e9rentes Forstmodulen cumulable.<\/p>\n<p>&nbsp;<\/p>\n<h3><strong>L&#039;Id\u00e9e de Fuegos Forstg\u00fcrtel FWG100<\/strong><\/h3>\n<p class=\"translation-block\">Fuegos Forst facilite le travail. L'ensemble de l'\u00e9quipement forestier peut rapidement peser lourd. De nombreux syst\u00e8mes de ceintures actuels ne compensent que tr\u00e8s peu ce poids. Ou bien ils \u00e9conomisent sur les mat\u00e9riaux, ce qui devient rapidement inconfortable. La ceinture foresti\u00e8re Fuegos FW-MFG100<strong> facilite le travail<\/strong>. Sa <strong>forme anatomique<\/strong> soutient les muscles. Notre ceinture foresti\u00e8re a \u00e9t\u00e9 d\u00e9velopp\u00e9e en \u00e9troite collaboration avec des forestiers et des ma\u00eetres forestiers locaux. Nous voulions ainsi nous assurer que nos syst\u00e8mes de ceintures s'adaptent parfaitement.<\/p>\n<p>&nbsp;<\/p>\n<h3><strong>Un Forstg\u00fcrtel pour la Sylviculture\u00a0<\/strong><\/h3>\n<h4><strong> Fonction : <\/strong><\/h4>\n<p>La Forstg\u00fcrtel r\u00e9sistante sp\u00e9cialement con\u00e7ue pour les Mat\u00e9riaux choisis. Il permet de fixer diff\u00e9rents Modules et des composants de la Forstausr\u00fcstung. Par la pr\u00e9sente, le G\u00fcrtelsystem avec diff\u00e9rentes Marques Cumulable (avec des Ouvertures \u00e0 partir de 7 cm). La Forstg\u00fcrtel est \u00e9lev\u00e9 transpirationsaktiv. Cela permet de la Ceinture \u00e0 peine de l&#039;Accumulation de chaleur apparaissent. Tr\u00e8s grand Confort d&#039;utilisation. De la circulation sanguine, la Respiration et la Digestion, par le Rembourrage n&#039;est pas si limit\u00e9e. Cela rend le Travail sur le long Terme, plus agr\u00e9able.<\/p>\n<h4><strong>Mat\u00e9riau :<\/strong><\/h4>\n<p>Le Mat\u00e9riel du Forstg\u00fcrtels se compose de diff\u00e9rents Composants. Ainsi, la Ceinture porte-outils robuste et r\u00e9sistant. En m\u00eame temps, le tissu int\u00e9rieur d&#039;un \u00e9quilibre entre le Corps et la Temp\u00e9rature ext\u00e9rieure. Les Boucles et les Ferrures sont en acier tremp\u00e9 Plastique. Ainsi, nous proposons plus de S\u00e9curit\u00e9 au Travail.<\/p>\n<h4><strong>Avantages :<\/strong><\/h4>\n<ul>\n<li class=\"translation-block\">Fuegos est synonyme d'innovation dans chaque couture. C'est pourquoi nous offrons une garantie de quatre ans sur nos produits Made by Fuegos.<\/li>\n<li>Forme anatomique pour le Dos et des Hanches pour une meilleure Ergonomie<\/li>\n<li>Robuste \u2022 Robuste \u2022 R\u00e9sistant \u00c0 La D\u00e9chirure<\/li>\n<li>Rembourrage confortable pour la sant\u00e9 Dauerarbeiten<\/li>\n<li>Avec une forte Poign\u00e9e<\/li>\n<li class=\"translation-block\">Peut \u00eatre combin\u00e9 id\u00e9alement avec le <a href=\"https:\/\/www.fuegos.eu\/fr\/produit\/forstguertel-set-forst-werkzeugguertel-set\/\" target=\"_blank\" rel=\"noopener\">syst\u00e8me de transport \u00e0 bandouli\u00e8re FW-STS100<\/a> pour <em>un travail prolong\u00e9 jusqu'\u00e0 4 heures d'affil\u00e9e<\/em>.<\/li>\n<li>Grande libert\u00e9 de Mouvement et plus de Confort<\/li>\n<li>Absorption d&#039;eau: moins de 3 % du Poids des mati\u00e8res premi\u00e8res<\/li>\n<li class=\"translation-block\">La ceinture foresti\u00e8re est synonyme de qualit\u00e9 \u00ab Made in Germany \u00bb.<\/li>\n<\/ul>\n<p>&nbsp;<\/p>\n<h3><strong>Donn\u00e9es techniques<\/strong><\/h3>\n<h4><strong>S\u00e9rie: <\/strong><\/h4>\n<p>FWG100<\/p>\n<h4><strong> Forme:<\/strong><\/h4>\n<p>Ergonomique adapt\u00e9.<\/p>\n<h4><strong>Mat\u00e9riau<\/strong>:<\/h4>\n<p>R\u00e9sistant \u00e0 l&#039;abrasion high-tech Mat\u00e9riau hydrophobe, Rembourrage de renforcement de la Coque ext\u00e9rieure, renforc\u00e9 Schnallengurt.<\/p>\n<h4><strong>Poids :<\/strong><\/h4>\n<p>L\u00e9ger 400g.<\/p>\n<h4><strong>Pays d'origine :<\/strong><\/h4>\n<p>Allemagne.<\/p>\n<h4><strong>Utilisation :<\/strong><\/h4>\n<p>Pour Forstequipment. Holzaufnahmen. Les travaux forestiers.<\/p>\n<p>&nbsp;<\/p>\n<h3><strong>domaine d'utilisation<\/strong><strong>:<\/strong><\/h3>\n<p class=\"translation-block\">La ceinture foresti\u00e8re fait partie du syst\u00e8me de ceintures et donc de l'\u00e9quipement forestier personnel. Elle aide le porteur \u00e0 ramasser le bois pendant le travail.\n<strong>IMPORTANT :<\/strong><\/p>\n<ul>\n<li>Niveau I: Ext\u00e9rieur r\u00e9sistant Ceinture renforc\u00e9e avec la Schalengurt de 4 cm de Large pour la Prise de trousses \u00e0 Outils (avec des Ouvertures ou des Supports \u00e0 partir de 5,5 cm) et extra renforc\u00e9 au niveau des Hanches<\/li>\n<li>Niveau II: \u00e0 l&#039;int\u00e9rieur, hautement respirant et tr\u00e8s r\u00e9sistantes \u00e0 l&#039;abrasion r\u00e9sistant. Tissu int\u00e9rieur \u2013 r\u00e9sistance \u00e0 la pression = 65 kPa, avec un total de 10 mm hydrophobe Rembourrage (gonfl\u00e9es jusqu&#039;\u00e0 14 mm, ce qui est dur, renforcement de la Coque ext\u00e9rieure et d&#039;Outils n&#039;est pas ressentie ou faible, le Corps se font sentir<\/li>\n<li class=\"translation-block\">Nous recommandons : les sacoches et supports Fuegos pour, par exemple, <a href=\"https:\/\/www.fuegos.eu\/fr\/produit\/messkluppenhalterung_neigungswinkel-verstellbar\/\" target=\"_blank\" rel=\"noopener\">Messkluppe<\/a>, <a href=\"https:\/\/www.fuegos.eu\/fr\/produit\/massbandhalterung-forstmassband-magnet\/\" target=\"_blank\" rel=\"noopener\">m\u00e8tre ruban forestier<\/a>, <a href=\"https:\/\/www.fuegos.eu\/fr\/produit\/keiltasche-fuer-zwei-faellkeile\/\" target=\"_blank\" rel=\"noopener\">coins d'abattage<\/a>, <a href=\"https:\/\/www.fuegos.eu\/fr\/produit\/erste-hilfe\/\" target=\"_blank\" rel=\"noopener\">trousse de premiers secours<\/a> et <a href=\"https:\/\/www.fuegos.eu\/fr\/produit\/motorsaegenwerkzeug-holster-kombiwerkzeuge-feilen\/\" target=\"_blank\" rel=\"noopener\">outils pour tron\u00e7onneuses<\/a><\/li>\n<li class=\"translation-block\">Enti\u00e8rement compatible avec les <a href=\"https:\/\/www.fuegos.eu\/fr\/produit\/tragesystem-forstwirte\/\" target=\"_blank\" rel=\"noopener\">syst\u00e8mes de fixation \u00e0 3 points pour \u00e9paules<\/a> de Fuego.<\/li>\n<li>Mat\u00e9riel: de haute qualit\u00e9, tr\u00e8s r\u00e9sistant \u00e0 l&#039;usure et \u00e0 la d\u00e9chirure. Absorption d&#039;eau: moins de 3 % du Poids des mati\u00e8res premi\u00e8res.<\/li>\n<li class=\"translation-block\"><strong>R\u00e9sistance \u00e0 la rupture<\/strong> du syst\u00e8me jusqu'\u00e0 100 daN.<\/li>\n<\/ul>\n<h3><\/h3>\n<h3><strong>Mode d&#039;emploi:<\/strong><\/h3>\n<ul>\n<li>S&#039;il Vous pla\u00eet prendre le Temps de mettre le Forstgurt adapt\u00e9 \u00e0 Votre Taille et \u00e0 Mesure de r\u00e9gler.<\/li>\n<li>Assurez-Vous que les Sacs \u00e0 l&#039;Endroit fix\u00e9.<\/li>\n<li>Vous devez Schultertragesystem utiliser, ce doit \u00eatre derri\u00e8re les Anneaux en D lat\u00e9raux sont mont\u00e9s. Sinon, la ceinture ext\u00e9rieure aplatis.<\/li>\n<li>La Sangle n&#039;est pas humide wegschlie\u00dfen, mais auparavant les laisser s\u00e9cher.<\/li>\n<li class=\"translation-block\"><strong>Lavable \u00e0 la main ou en cycle d\u00e9licat \u00e0 30 \u00b0C<\/strong>. Ne pas essorer, ne pas mettre au s\u00e8che-linge.pes<\/li>\n<\/ul>\n<h3><\/h3>\n<h3><strong>Recommandation :\u00a0<\/strong><\/h3>\n<p>Le kit ceinture foresti\u00e8re complet fait partie d'un \u00e9quipement forestier complet.<\/p>\n<ul>\n<li class=\"translation-block\"><a href=\"https:\/\/www.fuegos.eu\/fr\/produit\/multifunktionsgurt-fuer-forstwirte-fw-mfg100\/\" target=\"_blank\" rel=\"noopener\">Ceinture foresti\u00e8re pour sylviculteurs et ma\u00eetres sylviculteurs FW-G100<\/a> \u2013 Ceintures foresti\u00e8res ergonomiques<\/li>\n<li class=\"translation-block\"><a href=\"https:\/\/www.fuegos.eu\/fr\/produit\/tragesystem-forstwirte\/\" target=\"_blank\" rel=\"noopener\">Sangle d'\u00e9paule FW-STS100<\/a>  \u2013 Avec support ergonomique. Favorise la r\u00e9partition du poids.<\/li>\n<li class=\"translation-block\"><a href=\"https:\/\/www.fuegos.eu\/fr\/produit\/messkluppenhalterung\/\" target=\"_blank\" rel=\"noopener\">Support pour m\u00e8tre pliant MKH001<\/a> \u2013 Pour droitiers et gauchers. Triple r\u00e9glage de l'angle.<\/li>\n<li class=\"translation-block\"><a href=\"https:\/\/www.fuegos.eu\/fr\/produit\/forst-massband\/\" target=\"_blank\" rel=\"noopener\">Support pour m\u00e8tre ruban<\/a> \u2013 Avec syst\u00e8me d'\u00e9quilibrage et suspension magn\u00e9tique. Compatible avec les mod\u00e8les de 15 et 25 m\u00e8tres de long.<\/li>\n<li class=\"translation-block\"><a href=\"https:\/\/www.fuegos.eu\/fr\/produit\/keiltasche-fuer-zwei-faellkeile-kompatibel-mit-mechanischen-keilen-kopie\/\" target=\"_blank\" rel=\"noopener\">Sacoche pour deux coins d'abattage<\/a> \u2013 Compatible avec les coins m\u00e9caniques et r\u00e9glable<\/li>\n<li class=\"translation-block\"><a href=\"https:\/\/www.fuegos.eu\/fr\/produit\/motorsaegenwerkzeug-holster-kombiwerkzeuge-feilen\/\" target=\"_blank\" rel=\"noopener\">\u00c9tui pour outils de tron\u00e7onneuse TMW001 <\/a>\u2013 Compatible avec les coins m\u00e9caniques et r\u00e9glable<\/li>\n<li class=\"translation-block\"><a href=\"https:\/\/www.fuegos.eu\/fr\/produit\/erste-hilfe\/\" target=\"_blank\" rel=\"noopener\">Trousse de premiers secours pour les travailleurs forestiers<\/a> \u2013 comprenant un sac imperm\u00e9able et un assortiment de produits pour les br\u00fblures conform\u00e9ment \u00e0 la norme DIN 13164<\/li>\n<li class=\"translation-block\"><a href=\"https:\/\/www.fuegos.eu\/fr\/produit\/stift\/\" target=\"_blank\" rel=\"noopener\">Porte-crayons Halterung <\/a><a class=\"row-title\" href=\"https:\/\/www.fuegos.eu\/wp-admin\/post.php?post=1196&amp;action=edit\" target=\"_blank\" rel=\"noopener\">DST001<\/a><a href=\"https:\/\/www.fuegos.eu\/fr\/produit\/stift\/\" target=\"_blank\" rel=\"noopener\"> <\/a><\/li>\n<li class=\"translation-block\"><a href=\"https:\/\/www.fuegos.eu\/fr\/produit\/fuegos-funkgeraetetasche-fuer-kuno-motorola-funkgeraete-mit-notruf-gps-bluetooth-funktion\/\" target=\"_blank\" rel=\"noopener\">Sacoche KuNo<\/a> \u2013 Compatible avec une bandouli\u00e8re<\/li>\n<\/ul>\n<h3><\/h3>\n<h3><strong>Reduction: <\/strong><\/h3>\n<ul>\n<li class=\"translation-block\"><a href=\"https:\/\/www.fuegos.eu\/fr\/produit\/tragesystem-fuer-auszubildende-forstwirte-fw-ts100\/\" target=\"_blank\" rel=\"noopener\">Auszubildende <\/a><a class=\"row-title\" href=\"https:\/\/www.fuegos.eu\/wp-admin\/post.php?post=234972&amp;action=edit\" target=\"_blank\" rel=\"noopener\">FWTS100<\/a> \u2013 Ceinture foresti\u00e8re avec composants et syst\u00e8me de transport \u00e0 l'\u00e9paule<\/li>\n<li class=\"translation-block\"><a href=\"https:\/\/www.fuegos.eu\/fr\/produit\/forstguertel-set-komplett-ausgestattet\/\" target=\"_blank\" rel=\"noopener\">Ensemble de ceintures foresti\u00e8res FWGS001<\/a> \u2013 Ensemble de ceintures foresti\u00e8res \u2013 flexible, ergonomique<\/li>\n<li class=\"translation-block\"><a href=\"https:\/\/www.fuegos.eu\/fr\/produit\/forstwirte-tragesystem\/\" target=\"_blank\" rel=\"noopener\">Forestiers et ma\u00eetres forestiers <\/a><a title=\"Kit ceinture foresti\u00e8re \/ Kit ceinture \u00e0 outils forestiers\" href=\"https:\/\/www.fuegos.eu\/fr\/produit\/forstwirte-tragesystem\/\" target=\"_blank\" rel=\"noopener noreferrer\">FWTS001<\/a> \u2013 Ceinture foresti\u00e8re avec composants et syst\u00e8me de transport \u00e0 bandouli\u00e8re<\/li>\n<li class=\"translation-block\"><a href=\"https:\/\/www.fuegos.eu\/fr\/produit\/foerster-tragesystem\/\" target=\"_self\">F\u00f6rster F\u00d6-TS001<\/a> \u2013 Ceinture foresti\u00e8re avec composant et syst\u00e8me de transport sur les \u00e9paules<\/li>\n<li class=\"translation-block\"><a href=\"https:\/\/www.fuegos.eu\/fr\/produit\/foerster-multifunktionsgurt-mit-groedel-austrialpin-groedel\/\" target=\"_self\">Pack combin\u00e9 Gr\u00f6del<\/a> \u2013 Ceinture foresti\u00e8re pour forestiers avec crampons \u00e0 6 pointes<\/li>\n<\/ul>\n<p>&nbsp;<\/p>\n<h3><strong>Connu pour :<\/strong><\/h3>\n<ul>\n<li><a href=\"https:\/\/www.forstpraxis.de\/fuego-sport-tragesystem-forst\/\">Test : syst\u00e8me de portage Fuego-Sport <\/a>\u2013 La Sylviculture Et De La Technologie<\/li>\n<li><a href=\"https:\/\/www.forstpraxis.de\/fuegos-rapid-klick\/\">Fuegos avec clic rapide<\/a> \u2013 La Sylviculture Et De La Technologie<\/li>\n<li><a href=\"https:\/\/www.forstpraxis.de\/leichte-schulter\/\"> \u00c9paules l\u00e9g\u00e8res<\/a> \u2013 La Sylviculture Et De La Technologie<\/li>\n<li><a href=\"https:\/\/www.profi.de\/aktuell\/neuheiten\/multifunktionales-forst-tragesystem-12379412.html\">Multifonctionnel, De La Foresterie, Transport<\/a> Magazine professionnel<\/li>\n<\/ul>\n<p>&nbsp;<\/p>","protected":false},"excerpt":{"rendered":"<p>Fuegos Forstgurtl\u00f6sung pour les forestiers et Forstwirtschaftsmeister. Notre sp\u00e9cifiquement pour la R\u00e9colte de bois con\u00e7u Multifunktionsg\u00fcrtel FWG100. Notre Forstgurt est partie Int\u00e9grante du Forsttragesystems FWTS100.<\/p>\n<p>En une Phrase: \u00e0 l&#039;ext\u00e9rieur, pratique et dur bouilli, apr\u00e8s moelleux \u00e0 l&#039;int\u00e9rieur. Pour les Arbres \u201carracher\u201d, avec plus de Fonctionnalit\u00e9s, ergonomie, Confort et S\u00e9curit\u00e9. Sur le que nous et les futurs G\u00e9n\u00e9rations, non seulement ces magnifiques For\u00eats et de la Nature plus longtemps et en meilleure sant\u00e9 et conserv\u00e9es, mais aussi les Ma\u00eetres, pour nous entretenir. C&#039;est l&#039;Approche utilis\u00e9e pour l&#039;Entra\u00eenement de nos D\u00e9veloppements pour Vous.<\/p>","protected":false},"featured_media":255417,"comment_status":"open","ping_status":"closed","template":"","meta":{"_et_pb_use_builder":"off","_et_pb_old_content":"<ul>\r\n \t<li>Anatomisch geformt f\u00fcr R\u00fccken- und H\u00fcftbereich f\u00fcr bessere Ergonomie<\/li>\r\n \t<li>Robust<\/li>\r\n \t<li>Strapazierf\u00e4hig<\/li>\r\n \t<li>Hoch transpirationsaktiv, l\u00e4sst kaum W\u00e4rmestau entstehen<\/li>\r\n \t<li>Komfortableste Polsterung f\u00fcr gesundes Dauerarbeiten<\/li>\r\n \t<li>Rei\u00dffest<\/li>\r\n \t<li>Mit starker Kunststoffschnalle<\/li>\r\n \t<li>Ausgestattet mit \"Tasche, Du rutschst nicht von der designierten Stelle\" Mechanismus<\/li>\r\n \t<li>Ideal kombinierbar mit Schultertragesystem FW-STS100 f\u00fcr<em> langanhaltendes Arbeiten bis zu 4 Stunden am St\u00fcck<\/em><\/li>\r\n \t<li>Voll kompatibel mit allen Fuegos Werkzeug- und Ger\u00e4tetaschen, Halterungen und Holster, Schultertragesysteme<\/li>\r\n \t<li>Bedingt nutzbar mit anderen Werkzeugtaschen mit Schlitz\u00f6ffnungen ab 7 cm<\/li>\r\n \t<li>3 Gr\u00f6\u00dfen f\u00fcr K\u00f6rpergr\u00f6\u00dfen von 1,50 bis 2,08 Meter<\/li>\r\n<\/ul>\r\n<h5 align=\"left\"><b><span style=\"font-size: xx-small\"><span style=\"font-size: small\">\u00a0<\/span><\/span><\/b><\/h5>\r\n<div align=\"left\">\r\n\r\n<b>Merkmale:<\/b>\r\n<ol>\r\n \t<li>Stufe \u00a0 I: Au\u00dfen strapazierf\u00e4higem Gurt, verst\u00e4rkt mit hartem Schalengurt in 4 cm Breite f\u00fcr die Aufnahme von Werkzeugtaschen (mit \u00d6ffnungen bzw. Halterungen ab 5,5 cm) und extra verst\u00e4rkter H\u00fcftbereich durch...<\/li>\r\n \t<li>Stufe II: innen hoch atmungsaktiv und extrem scheuer best\u00e4ndig. Innenstoff - Druckwiderstand = 65 kPa, mit insgesamt 10 mm hydrophobe Polsterung (aufgebauscht bis 14 mm), sodass die hart verst\u00e4rkte Au\u00dfenschale und Werkzeugtaschen nicht zu sp\u00fcren oder gering am K\u00f6rper zu sp\u00fcren sind<\/li>\r\n \t<li>Wir empfehlen: Fuegos Werkzeugtaschen f\u00fcr z.B. Kluppe, Ma\u00dfband, Doppelkeile, Verbandszeug und Kleinwerkzeuge, Funkger\u00e4tetasche, Smarthphone Samsung X-Cover, Spr\u00fchdosenhalterung<\/li>\r\n \t<li>Voll kompatibel mit Fuegos 3 Punkt-Fixierungsschultertragesysteme<\/li>\r\n \t<li>Hoher Tragekomfort. Blutzirkulation, Atmung und Verdauung werden durch die Polsterung nicht so stark beeintr\u00e4chtigt, wobei bei lang anhaltende Tagesaufgaben ein ges\u00fcnderes Arbeiten gef\u00f6rdert wird.<\/li>\r\n \t<li>Materialien: Hochqualitativ, sehr strapazierf\u00e4hig und rei\u00dffest. Wasseraufnahme: unter 3 % des Gewichts der Grundstoffe.<\/li>\r\n \t<li>Rei\u00dffestigkeit des Systems bis 100 daN.<\/li>\r\n<\/ol>\r\n\u00a0\r\n<h4><strong>Wichtiger Hinweis:<\/strong><\/h4>\r\n<h4><strong>Fuegos FW-G100 ist NICHT zur Sicherung von Personen bei Arbeiten mit Absturzgefahr geeignet<\/strong><\/h4>\r\n\u00a0\r\n\r\n<\/div>\r\nGr\u00f6\u00dfentabelle:\r\n<ul>\r\n \t<li>\r\n<ul>\r\n \t<li>S \u00a0 \u00a0\u00a0 = H\u00fcftumfang \u00a0 80 bis 100 cm<\/li>\r\n \t<li>M-L\u00a0 = H\u00fcftumfang\u00a0\u00a0 98 bis 120 cm<\/li>\r\n \t<li>XL\u00a0\u00a0\u00a0\u00a0 = H\u00fcftumfang 118 bis 140 cm<\/li>\r\n \t<li>XXL \u00a0 = Sondergr\u00f6\u00dfe, nur auf extra auf Bestellung m\u00f6glich<\/li>\r\n<\/ul>\r\n<\/li>\r\n<\/ul>\r\nAlle anderen eventuell auf Fotos abgebildete Artikel sind nicht im Angebot enthalten.\r\n\r\nDazu empfehlen wir -zwischen anderen unserer Produkte-Unser Schultertragesystem f\u00fcr Forstwirte FW-STS100.\r\n\r\nS<strong>chultertragesystem, Werkzeugg\u00fcrtel und Taschen sind per Hand oder im Schongang, 30\u00b0 waschbar<\/strong>. Nicht schleudern, nicht Trockner geeignet","_et_gb_content_width":""},"product_brand":[],"product_cat":[25,191,35],"product_tag":[77,76,78],"class_list":{"0":"post-232494","1":"product","2":"type-product","3":"status-publish","4":"has-post-thumbnail","6":"product_cat-forst","7":"product_cat-forstguertel","8":"product_cat-forstwirte","9":"product_tag-flexigurt","10":"product_tag-forsrguertel","11":"product_tag-werkzeugguertel","13":"first","14":"instock","15":"taxable","16":"shipping-taxable","17":"purchasable","18":"product-type-simple"},"yoast_head":"<!-- This site is optimized with the Yoast SEO plugin v27.4 - https:\/\/yoast.com\/product\/yoast-seo-wordpress\/ -->\n<title>Forstg\u00fcrtel \u2022 Flexibler Forstgurt \u2022 Made in Germany &#8226; Fuegos %<\/title>\n<meta name=\"description\" content=\"Werkzeugg\u00fcrtel - Forstgurt - Forstg\u00fcrtel \u2022 F\u00fcr Forstwirte und Forstwirtschaftsmeister \u2022 G\u00fcrtelsystem &amp; Werkzeugg\u00fcrtel f\u00fcr Profis. Made in Germany.\" \/>\n<meta name=\"robots\" content=\"index, follow, max-snippet:-1, max-image-preview:large, max-video-preview:-1\" \/>\n<link rel=\"canonical\" href=\"https:\/\/www.fuegos.eu\/fr\/product\/forstguertel-flexibler-forstgurt-made-in-germany\/\" \/>\n<meta property=\"og:locale\" content=\"fr_FR\" \/>\n<meta property=\"og:type\" content=\"article\" \/>\n<meta property=\"og:title\" content=\"Forstg\u00fcrtel \u2022 Flexibler Forstgurt \u2022 Made in Germany &#8226; Fuegos %\" \/>\n<meta property=\"og:description\" content=\"Werkzeugg\u00fcrtel - Forstgurt - Forstg\u00fcrtel \u2022 F\u00fcr Forstwirte und Forstwirtschaftsmeister \u2022 G\u00fcrtelsystem &amp; Werkzeugg\u00fcrtel f\u00fcr Profis. Made in Germany.\" \/>\n<meta property=\"og:url\" content=\"https:\/\/www.fuegos.eu\/fr\/product\/forstguertel-flexibler-forstgurt-made-in-germany\/\" \/>\n<meta property=\"og:site_name\" content=\"Fuegos\" \/>\n<meta property=\"article:publisher\" content=\"https:\/\/www.facebook.com\/FuegosForst\/\" \/>\n<meta property=\"article:modified_time\" content=\"2025-05-02T16:40:45+00:00\" \/>\n<meta property=\"og:image\" content=\"https:\/\/www.fuegos.eu\/wp-content\/uploads\/2020\/05\/Forstwirt_Forstgurt_Fuegos_Mitti_800-min.jpg\" \/>\n\t<meta property=\"og:image:width\" content=\"800\" \/>\n\t<meta property=\"og:image:height\" content=\"800\" \/>\n\t<meta property=\"og:image:type\" content=\"image\/jpeg\" \/>\n<meta name=\"twitter:card\" content=\"summary_large_image\" \/>\n<meta name=\"twitter:label1\" content=\"Dur\u00e9e de lecture estim\u00e9e\" \/>\n\t<meta name=\"twitter:data1\" content=\"3 minutes\" \/>\n<script type=\"application\/ld+json\" class=\"yoast-schema-graph\">{\"@context\":\"https:\\\/\\\/schema.org\",\"@graph\":[{\"@type\":\"WebPage\",\"@id\":\"https:\\\/\\\/www.fuegos.eu\\\/product\\\/forstguertel-flexibler-forstgurt-made-in-germany\\\/\",\"url\":\"https:\\\/\\\/www.fuegos.eu\\\/product\\\/forstguertel-flexibler-forstgurt-made-in-germany\\\/\",\"name\":\"Forstg\u00fcrtel \u2022 Flexibler Forstgurt \u2022 Made in Germany &#8226; Fuegos %\",\"isPartOf\":{\"@id\":\"https:\\\/\\\/www.fuegos.eu\\\/#website\"},\"primaryImageOfPage\":{\"@id\":\"https:\\\/\\\/www.fuegos.eu\\\/product\\\/forstguertel-flexibler-forstgurt-made-in-germany\\\/#primaryimage\"},\"image\":{\"@id\":\"https:\\\/\\\/www.fuegos.eu\\\/product\\\/forstguertel-flexibler-forstgurt-made-in-germany\\\/#primaryimage\"},\"thumbnailUrl\":\"https:\\\/\\\/www.fuegos.eu\\\/wp-content\\\/uploads\\\/2020\\\/05\\\/Forstwirt_Forstgurt_Fuegos_Mitti_800-min.jpg\",\"datePublished\":\"2020-05-21T08:04:52+00:00\",\"dateModified\":\"2025-05-02T16:40:45+00:00\",\"description\":\"Werkzeugg\u00fcrtel - Forstgurt - Forstg\u00fcrtel \u2022 F\u00fcr Forstwirte und Forstwirtschaftsmeister \u2022 G\u00fcrtelsystem & Werkzeugg\u00fcrtel f\u00fcr Profis. Made in Germany.\",\"breadcrumb\":{\"@id\":\"https:\\\/\\\/www.fuegos.eu\\\/product\\\/forstguertel-flexibler-forstgurt-made-in-germany\\\/#breadcrumb\"},\"inLanguage\":\"fr-FR\",\"potentialAction\":[{\"@type\":\"ReadAction\",\"target\":[\"https:\\\/\\\/www.fuegos.eu\\\/product\\\/forstguertel-flexibler-forstgurt-made-in-germany\\\/\"]}]},{\"@type\":\"ImageObject\",\"inLanguage\":\"fr-FR\",\"@id\":\"https:\\\/\\\/www.fuegos.eu\\\/product\\\/forstguertel-flexibler-forstgurt-made-in-germany\\\/#primaryimage\",\"url\":\"https:\\\/\\\/www.fuegos.eu\\\/wp-content\\\/uploads\\\/2020\\\/05\\\/Forstwirt_Forstgurt_Fuegos_Mitti_800-min.jpg\",\"contentUrl\":\"https:\\\/\\\/www.fuegos.eu\\\/wp-content\\\/uploads\\\/2020\\\/05\\\/Forstwirt_Forstgurt_Fuegos_Mitti_800-min.jpg\",\"width\":800,\"height\":800,\"caption\":\"Forstg\u00fcrtel \u2022 Flexibler Forstgurt\"},{\"@type\":\"BreadcrumbList\",\"@id\":\"https:\\\/\\\/www.fuegos.eu\\\/product\\\/forstguertel-flexibler-forstgurt-made-in-germany\\\/#breadcrumb\",\"itemListElement\":[{\"@type\":\"ListItem\",\"position\":1,\"name\":\"Home\",\"item\":\"https:\\\/\\\/www.fuegos.eu\\\/\"},{\"@type\":\"ListItem\",\"position\":2,\"name\":\"Shop\",\"item\":\"https:\\\/\\\/www.fuegos.eu\\\/forstguertel-taschen-online-kaufen\\\/\"},{\"@type\":\"ListItem\",\"position\":3,\"name\":\"Forstg\u00fcrtel \u2022 Flexibler Forstgurt \u2022 Made in Germany\"}]},{\"@type\":\"WebSite\",\"@id\":\"https:\\\/\\\/www.fuegos.eu\\\/#website\",\"url\":\"https:\\\/\\\/www.fuegos.eu\\\/\",\"name\":\"Fuegos\",\"description\":\"Textile L\u00f6sungen nach Ma\u00df\",\"publisher\":{\"@id\":\"https:\\\/\\\/www.fuegos.eu\\\/#organization\"},\"potentialAction\":[{\"@type\":\"SearchAction\",\"target\":{\"@type\":\"EntryPoint\",\"urlTemplate\":\"https:\\\/\\\/www.fuegos.eu\\\/?s={search_term_string}\"},\"query-input\":{\"@type\":\"PropertyValueSpecification\",\"valueRequired\":true,\"valueName\":\"search_term_string\"}}],\"inLanguage\":\"fr-FR\"},{\"@type\":\"Organization\",\"@id\":\"https:\\\/\\\/www.fuegos.eu\\\/#organization\",\"name\":\"Fuegos\",\"url\":\"https:\\\/\\\/www.fuegos.eu\\\/\",\"logo\":{\"@type\":\"ImageObject\",\"inLanguage\":\"fr-FR\",\"@id\":\"https:\\\/\\\/www.fuegos.eu\\\/#\\\/schema\\\/logo\\\/image\\\/\",\"url\":\"https:\\\/\\\/fuegos.eu\\\/wp-content\\\/uploads\\\/2020\\\/05\\\/FuegosSignatur000.jpg\",\"contentUrl\":\"https:\\\/\\\/fuegos.eu\\\/wp-content\\\/uploads\\\/2020\\\/05\\\/FuegosSignatur000.jpg\",\"width\":960,\"height\":408,\"caption\":\"Fuegos\"},\"image\":{\"@id\":\"https:\\\/\\\/www.fuegos.eu\\\/#\\\/schema\\\/logo\\\/image\\\/\"},\"sameAs\":[\"https:\\\/\\\/www.facebook.com\\\/FuegosForst\\\/\",\"https:\\\/\\\/www.youtube.com\\\/channel\\\/UC0SFe93Vgi6YZV6tSCOLdkA\"]}]}<\/script>\n<!-- \/ Yoast SEO plugin. -->","yoast_head_json":{"title":"Forstg\u00fcrtel \u2022 Flexible de Forstgurt \u2022 Made in Germany \u2022 Fuegos %","description":"Ceinture porte-outils - Forstgurt - Forstg\u00fcrtel \u2022 Pour les forestiers et Forstwirtschaftsmeister \u2022 G\u00fcrtelsystem &amp; Ceinture porte-outils pour les Professionnels. Made in Germany.","robots":{"index":"index","follow":"follow","max-snippet":"max-snippet:-1","max-image-preview":"max-image-preview:large","max-video-preview":"max-video-preview:-1"},"canonical":"https:\/\/www.fuegos.eu\/fr\/product\/forstguertel-flexibler-forstgurt-made-in-germany\/","og_locale":"fr_FR","og_type":"article","og_title":"Forstg\u00fcrtel \u2022 Flexibler Forstgurt \u2022 Made in Germany &#8226; Fuegos %","og_description":"Werkzeugg\u00fcrtel - Forstgurt - Forstg\u00fcrtel \u2022 F\u00fcr Forstwirte und Forstwirtschaftsmeister \u2022 G\u00fcrtelsystem & Werkzeugg\u00fcrtel f\u00fcr Profis. Made in Germany.","og_url":"https:\/\/www.fuegos.eu\/fr\/product\/forstguertel-flexibler-forstgurt-made-in-germany\/","og_site_name":"Fuegos","article_publisher":"https:\/\/www.facebook.com\/FuegosForst\/","article_modified_time":"2025-05-02T16:40:45+00:00","og_image":[{"width":800,"height":800,"url":"https:\/\/www.fuegos.eu\/wp-content\/uploads\/2020\/05\/Forstwirt_Forstgurt_Fuegos_Mitti_800-min.jpg","type":"image\/jpeg"}],"twitter_card":"summary_large_image","twitter_misc":{"Dur\u00e9e de lecture estim\u00e9e":"3 minutes"},"schema":{"@context":"https:\/\/schema.org","@graph":[{"@type":"WebPage","@id":"https:\/\/www.fuegos.eu\/product\/forstguertel-flexibler-forstgurt-made-in-germany\/","url":"https:\/\/www.fuegos.eu\/product\/forstguertel-flexibler-forstgurt-made-in-germany\/","name":"Forstg\u00fcrtel \u2022 Flexible de Forstgurt \u2022 Made in Germany \u2022 Fuegos %","isPartOf":{"@id":"https:\/\/www.fuegos.eu\/#website"},"primaryImageOfPage":{"@id":"https:\/\/www.fuegos.eu\/product\/forstguertel-flexibler-forstgurt-made-in-germany\/#primaryimage"},"image":{"@id":"https:\/\/www.fuegos.eu\/product\/forstguertel-flexibler-forstgurt-made-in-germany\/#primaryimage"},"thumbnailUrl":"https:\/\/www.fuegos.eu\/wp-content\/uploads\/2020\/05\/Forstwirt_Forstgurt_Fuegos_Mitti_800-min.jpg","datePublished":"2020-05-21T08:04:52+00:00","dateModified":"2025-05-02T16:40:45+00:00","description":"Ceinture porte-outils - Forstgurt - Forstg\u00fcrtel \u2022 Pour les forestiers et Forstwirtschaftsmeister \u2022 G\u00fcrtelsystem &amp; Ceinture porte-outils pour les Professionnels. Made in Germany.","breadcrumb":{"@id":"https:\/\/www.fuegos.eu\/product\/forstguertel-flexibler-forstgurt-made-in-germany\/#breadcrumb"},"inLanguage":"fr-FR","potentialAction":[{"@type":"ReadAction","target":["https:\/\/www.fuegos.eu\/product\/forstguertel-flexibler-forstgurt-made-in-germany\/"]}]},{"@type":"ImageObject","inLanguage":"fr-FR","@id":"https:\/\/www.fuegos.eu\/product\/forstguertel-flexibler-forstgurt-made-in-germany\/#primaryimage","url":"https:\/\/www.fuegos.eu\/wp-content\/uploads\/2020\/05\/Forstwirt_Forstgurt_Fuegos_Mitti_800-min.jpg","contentUrl":"https:\/\/www.fuegos.eu\/wp-content\/uploads\/2020\/05\/Forstwirt_Forstgurt_Fuegos_Mitti_800-min.jpg","width":800,"height":800,"caption":"Forstg\u00fcrtel \u2022 Flexibler Forstgurt"},{"@type":"BreadcrumbList","@id":"https:\/\/www.fuegos.eu\/product\/forstguertel-flexibler-forstgurt-made-in-germany\/#breadcrumb","itemListElement":[{"@type":"ListItem","position":1,"name":"Home","item":"https:\/\/www.fuegos.eu\/"},{"@type":"ListItem","position":2,"name":"Shop","item":"https:\/\/www.fuegos.eu\/forstguertel-taschen-online-kaufen\/"},{"@type":"ListItem","position":3,"name":"Forstg\u00fcrtel \u2022 Flexibler Forstgurt \u2022 Made in Germany"}]},{"@type":"WebSite","@id":"https:\/\/www.fuegos.eu\/#website","url":"https:\/\/www.fuegos.eu\/","name":"Fuegos","description":"Textile des Solutions sur Mesure","publisher":{"@id":"https:\/\/www.fuegos.eu\/#organization"},"potentialAction":[{"@type":"SearchAction","target":{"@type":"EntryPoint","urlTemplate":"https:\/\/www.fuegos.eu\/?s={search_term_string}"},"query-input":{"@type":"PropertyValueSpecification","valueRequired":true,"valueName":"search_term_string"}}],"inLanguage":"fr-FR"},{"@type":"Organization","@id":"https:\/\/www.fuegos.eu\/#organization","name":"Fuegos","url":"https:\/\/www.fuegos.eu\/","logo":{"@type":"ImageObject","inLanguage":"fr-FR","@id":"https:\/\/www.fuegos.eu\/#\/schema\/logo\/image\/","url":"https:\/\/fuegos.eu\/wp-content\/uploads\/2020\/05\/FuegosSignatur000.jpg","contentUrl":"https:\/\/fuegos.eu\/wp-content\/uploads\/2020\/05\/FuegosSignatur000.jpg","width":960,"height":408,"caption":"Fuegos"},"image":{"@id":"https:\/\/www.fuegos.eu\/#\/schema\/logo\/image\/"},"sameAs":["https:\/\/www.facebook.com\/FuegosForst\/","https:\/\/www.youtube.com\/channel\/UC0SFe93Vgi6YZV6tSCOLdkA"]}]}},"_links":{"self":[{"href":"https:\/\/www.fuegos.eu\/fr\/wp-json\/wp\/v2\/product\/232494","targetHints":{"allow":["GET"]}}],"collection":[{"href":"https:\/\/www.fuegos.eu\/fr\/wp-json\/wp\/v2\/product"}],"about":[{"href":"https:\/\/www.fuegos.eu\/fr\/wp-json\/wp\/v2\/types\/product"}],"replies":[{"embeddable":true,"href":"https:\/\/www.fuegos.eu\/fr\/wp-json\/wp\/v2\/comments?post=232494"}],"wp:featuredmedia":[{"embeddable":true,"href":"https:\/\/www.fuegos.eu\/fr\/wp-json\/wp\/v2\/media\/255417"}],"wp:attachment":[{"href":"https:\/\/www.fuegos.eu\/fr\/wp-json\/wp\/v2\/media?parent=232494"}],"wp:term":[{"taxonomy":"product_brand","embeddable":true,"href":"https:\/\/www.fuegos.eu\/fr\/wp-json\/wp\/v2\/product_brand?post=232494"},{"taxonomy":"product_cat","embeddable":true,"href":"https:\/\/www.fuegos.eu\/fr\/wp-json\/wp\/v2\/product_cat?post=232494"},{"taxonomy":"product_tag","embeddable":true,"href":"https:\/\/www.fuegos.eu\/fr\/wp-json\/wp\/v2\/product_tag?post=232494"}],"curies":[{"name":"wp","href":"https:\/\/api.w.org\/{rel}","templated":true}]}}